{"id":1069,"date":"2015-12-20T12:56:55","date_gmt":"2015-12-20T10:56:55","guid":{"rendered":"http:\/\/www.nokiankylat.fi\/taivalkunta\/?page_id=1069"},"modified":"2016-04-02T12:57:35","modified_gmt":"2016-04-02T09:57:35","slug":"poytakirja-18-11-2015","status":"publish","type":"page","link":"https:\/\/www.nokiankylat.fi\/taivalkunta\/yhdistykset\/taivalkunnan-kylat-ry\/kokoukset-ja-kylaillat\/syyskokous-18-11-2015\/poytakirja-18-11-2015\/","title":{"rendered":"P\u00f6yt\u00e4kirja 18-11-2015"},"content":{"rendered":"<p>Taivalkunnan Kyl\u00e4t ry\u00a0\u00a0\u00a0\u00a0\u00a0\u00a0\u00a0\u00a0\u00a0\u00a0\u00a0\u00a0\u00a0\u00a0\u00a0\u00a0\u00a0\u00a0\u00a0\u00a0\u00a0\u00a0\u00a0\u00a0\u00a0\u00a0\u00a0\u00a0\u00a0\u00a0\u00a0\u00a0\u00a0\u00a0\u00a0\u00a0\u00a0\u00a0\u00a0\u00a0\u00a0\u00a0\u00a0\u00a0\u00a0\u00a0\u00a0\u00a0\u00a0\u00a0\u00a0\u00a0\u00a0\u00a0\u00a0\u00a0\u00a0\u00a0\u00a0\u00a0\u00a0\u00a0\u00a0\u00a0\u00a0\u00a0\u00a0\u00a0\u00a0\u00a0\u00a0\u00a0\u00a0\u00a0\u00a0\u00a0\u00a0\u00a0\u00a0\u00a0\u00a0\u00a0\u00a0\u00a0\u00a0\u00a0\u00a0\u00a0\u00a0\u00a0\u00a0\u00a0\u00a0\u00a0\u00a0\u00a0\u00a0\u00a0\u00a0\u00a0\u00a0 P\u00d6YT\u00c4KIRJA 2\/2015<\/p>\n<p>&nbsp;<\/p>\n<p><strong>S\u00c4\u00c4NT\u00d6M\u00c4\u00c4R\u00c4INEN SYYSKOKOUS<\/strong><\/p>\n<p>Aika: 18.11.2015 klo 18.30<br \/>\nPaikka: Taivalkunnan koulu<\/p>\n<p>Paikalla: Olli Sorva, Minna M\u00e4kinen, Marja Vehn\u00e4maa, Jorma Laitinen, P\u00e4ivi Ilola, Esa Alanne, Leevi Leskinen, Pentti Salonen, Veijo Hynninen, Eeva-Liisa Hynninen, Tomi Teuho-Markkola, Anja Mattila, Sisko Sorva, Risto Mattila, Terhi Leskinen, Reeta Juvonen, Hetti Virta, Olli Virta ja Teemu Lehtim\u00e4ki<\/p>\n<p>&nbsp;<\/p>\n<ol>\n<li><strong>Kokouksen avaus<\/strong><\/li>\n<\/ol>\n<p>Hallituksen puheenjohtaja Olli Sorva avasi kokouksen klo 18.37<\/p>\n<p>&nbsp;<\/p>\n<ol start=\"2\">\n<li><strong>Valitaan kokouksen puheenjohtaja, sihteeri, kaksi p\u00f6yt\u00e4kirjantarkastajaa ja kaksi \u00e4\u00e4ntenlaskijaa<\/strong><\/li>\n<\/ol>\n<p>Valittiin kokouksen puheenjohtajaksi Olli Sorva ja sihteeriksi Minna M\u00e4kinen. P\u00f6yt\u00e4kirjan tarkastajiksi valittiin Reeta Juvonen ja Teemu Lehtim\u00e4ki. Sovittiin, ett\u00e4 kaksi \u00e4\u00e4ntenlaskijaa valitaan tarvittaessa.<\/p>\n<p>&nbsp;<\/p>\n<ol start=\"3\">\n<li><strong>Todetaan kokouksen laillisuus ja p\u00e4\u00e4t\u00f6svaltaisuus<\/strong><\/li>\n<\/ol>\n<p>Kokouksesta on ilmoitettu paikallisessa lehdess\u00e4 viikkoa ennen kokousta s\u00e4\u00e4nt\u00f6jen mukaisesti. Kokouskutsu on jaettu kyl\u00e4l\u00e4isille postilaatikkoihin ja se on l\u00e4hetetty my\u00f6s s\u00e4hk\u00f6postitse. Todettiin kokouksen olevan laillinen ja p\u00e4\u00e4t\u00f6svaltainen.<\/p>\n<p>&nbsp;<\/p>\n<ol start=\"4\">\n<li><strong>Hyv\u00e4ksyt\u00e4\u00e4n kokouksen ty\u00f6j\u00e4rjestys<\/strong><\/li>\n<\/ol>\n<p>Hyv\u00e4ksyttiin kokouksen ty\u00f6j\u00e4rjestys.<\/p>\n<p>&nbsp;<\/p>\n<ol start=\"5\">\n<li><strong>Vahvistetaan seuraavan kalenterivuoden toimintasuunnitelma, tulo- ja menoarvio sek\u00e4 liittymis- ja j\u00e4senmaksun suuruus varsinaisten j\u00e4senten sek\u00e4 kannattajaj\u00e4senten osalta<\/strong><\/li>\n<\/ol>\n<p>Esitettiin toimintasuunnitelma sek\u00e4 tulo- ja menoarvio seuraavalle kalenterivuodelle. Vahvistettiin toimintasuunnitelma yhdell\u00e4 pienell\u00e4 sanamuutoksella sek\u00e4 vahvistettiin my\u00f6s tulo- ja menoarvio. P\u00e4\u00e4tettiin ker\u00e4t\u00e4 j\u00e4senmaksua kaudella 2016 5eur\/j\u00e4sen. Liittymismaksua ei perit\u00e4 kaudella 2016.<\/p>\n<p>&nbsp;<\/p>\n<ol start=\"6\">\n<li><strong>Valitaan hallituksen puheenjohtaja erovuoroisen puheenjohtajan tilalle seuraavaksi kalenterivuodeksi<\/strong><\/li>\n<\/ol>\n<p>Valittiin yhdistyksen puheenjohtajaksi seuraavalle kalenterivuodelle Olli Sorva.<\/p>\n<p>&nbsp;<\/p>\n<ol start=\"7\">\n<li><strong>P\u00e4\u00e4tet\u00e4\u00e4n hallituksen j\u00e4senten lukum\u00e4\u00e4r\u00e4 sek\u00e4 valitaan tarvittavat hallituksen j\u00e4senet erovuoroisten tilalle seuraavaksi kahdeksi kalenterivuodeksi<\/strong><\/li>\n<\/ol>\n<p>Valittiin hallituksen j\u00e4seniksi erovuoroisten tilalle Reeta Juvonen, Teemu Lehtim\u00e4ki ja Anja Mattila. Hallituksen muut j\u00e4senet ovat Minna M\u00e4kinen, Terhi Leskinen, Elin\u00e4 J\u00e4rvinen ja Tomi Teuho-Markkola. Syyskokous toivoi, ett\u00e4 kahdeksas j\u00e4sen hallitukseen l\u00f6ydett\u00e4isiin ja luovutti hallitukselle vallan etsi\u00e4 kahdeksas j\u00e4sen. Mik\u00e4li kahdeksatta j\u00e4sent\u00e4 ei l\u00f6ydy niin hallituksen j\u00e4senten lukum\u00e4\u00e4r\u00e4 tulee olemaan seitsem\u00e4n.<\/p>\n<p>&nbsp;<\/p>\n<ol start=\"8\">\n<li><strong>Valitaan toiminnantarkastaja ja varatoiminnantarkastaja<\/strong><\/li>\n<\/ol>\n<p>Yhdistyksen toiminnantarkastajaksi valittiin Sisko Sorva ja h\u00e4nelle varatoiminnantarkastajaksi Leena Myllyntausta.<\/p>\n<p>&nbsp;<\/p>\n<ol start=\"9\">\n<li><strong>K\u00e4sitell\u00e4\u00e4n muut mahdolliset asiat<\/strong><\/li>\n<\/ol>\n<p>K\u00e4ytiin l\u00e4pi kyl\u00e4ll\u00e4 viime kev\u00e4\u00e4n\u00e4 pidetyn lasten kyl\u00e4kyselyn yhteenvetoa. Pirkanmaan kyl\u00e4asiamies Marja Vehn\u00e4maalta saatiin ideoita lapsille ja nuorille suunnattuihin aktiviteetteihin. N\u00e4ihin palataan hallituksen seuraavissa kokouksissa. Keskusteltiin Pirkanmaan j\u00e4tehuollon ajankohtaisista kyl\u00e4\u00e4 koskevista asioista. Muistutuksena todettiin, ett\u00e4 joululaulu-tilaisuus pidet\u00e4\u00e4n t\u00e4n\u00e4 vuonna Taivalkunnan koululla maanantaina 21.12. klo 19 viime vuoden tapaan.<\/p>\n<p>&nbsp;<\/p>\n<ol start=\"10\">\n<li><strong>Kokouksen p\u00e4\u00e4tt\u00e4minen<\/strong><\/li>\n<\/ol>\n<p>Puheenjohtaja Olli Sorva kiitti aktiivista kokousv\u00e4ke\u00e4 ja p\u00e4\u00e4tti kokouksen klo 20.10<\/p>\n<p>&nbsp;<\/p>\n<p>_______________________________\u00a0\u00a0\u00a0\u00a0\u00a0\u00a0\u00a0\u00a0\u00a0\u00a0\u00a0\u00a0\u00a0\u00a0\u00a0\u00a0 ________________________________<\/p>\n<p>Olli Sorva\u00a0\u00a0 \u00a0\u00a0\u00a0\u00a0\u00a0\u00a0\u00a0\u00a0\u00a0\u00a0\u00a0\u00a0\u00a0\u00a0\u00a0\u00a0\u00a0\u00a0\u00a0\u00a0\u00a0\u00a0\u00a0\u00a0\u00a0\u00a0\u00a0\u00a0\u00a0\u00a0\u00a0\u00a0\u00a0\u00a0\u00a0\u00a0\u00a0\u00a0\u00a0\u00a0\u00a0\u00a0\u00a0\u00a0\u00a0\u00a0\u00a0\u00a0\u00a0\u00a0\u00a0\u00a0\u00a0\u00a0\u00a0\u00a0\u00a0\u00a0\u00a0\u00a0\u00a0\u00a0\u00a0\u00a0\u00a0\u00a0\u00a0\u00a0\u00a0\u00a0\u00a0\u00a0\u00a0\u00a0\u00a0\u00a0\u00a0 Minna M\u00e4kinen<br \/>\npuheenjohtaja \u00a0\u00a0\u00a0\u00a0\u00a0\u00a0\u00a0\u00a0\u00a0\u00a0\u00a0\u00a0\u00a0\u00a0\u00a0\u00a0\u00a0\u00a0\u00a0\u00a0\u00a0\u00a0\u00a0\u00a0\u00a0\u00a0\u00a0\u00a0\u00a0\u00a0\u00a0\u00a0\u00a0\u00a0\u00a0\u00a0\u00a0\u00a0\u00a0\u00a0\u00a0\u00a0\u00a0\u00a0\u00a0\u00a0\u00a0\u00a0\u00a0\u00a0\u00a0\u00a0\u00a0\u00a0\u00a0\u00a0\u00a0\u00a0\u00a0\u00a0\u00a0\u00a0\u00a0\u00a0\u00a0\u00a0\u00a0\u00a0 kokouksen sihteeri<\/p>\n<p>&nbsp;<\/p>\n<p>_______________________________\u00a0\u00a0\u00a0\u00a0\u00a0\u00a0\u00a0\u00a0\u00a0\u00a0\u00a0\u00a0\u00a0\u00a0\u00a0\u00a0 ________________________________<br \/>\nReeta Juvonen\u00a0\u00a0\u00a0\u00a0\u00a0\u00a0\u00a0\u00a0\u00a0\u00a0\u00a0\u00a0\u00a0\u00a0\u00a0\u00a0\u00a0\u00a0\u00a0\u00a0\u00a0\u00a0\u00a0\u00a0\u00a0\u00a0\u00a0\u00a0\u00a0\u00a0\u00a0\u00a0\u00a0\u00a0\u00a0\u00a0\u00a0\u00a0\u00a0\u00a0\u00a0\u00a0\u00a0\u00a0\u00a0\u00a0\u00a0\u00a0\u00a0\u00a0\u00a0\u00a0\u00a0\u00a0\u00a0\u00a0\u00a0\u00a0\u00a0\u00a0\u00a0\u00a0\u00a0\u00a0\u00a0\u00a0\u00a0\u00a0\u00a0 Teemu Lehtim\u00e4ki<br \/>\np\u00f6yt\u00e4kirjan tarkastaja\u00a0\u00a0\u00a0\u00a0\u00a0\u00a0\u00a0\u00a0\u00a0\u00a0\u00a0\u00a0\u00a0\u00a0\u00a0\u00a0\u00a0\u00a0\u00a0\u00a0\u00a0\u00a0\u00a0\u00a0\u00a0\u00a0\u00a0\u00a0\u00a0\u00a0\u00a0\u00a0\u00a0\u00a0\u00a0\u00a0\u00a0\u00a0\u00a0\u00a0\u00a0\u00a0\u00a0\u00a0\u00a0\u00a0\u00a0\u00a0\u00a0\u00a0\u00a0\u00a0\u00a0\u00a0\u00a0 p\u00f6yt\u00e4kirjan tarkastaja<\/p>\n","protected":false},"excerpt":{"rendered":"<p>Taivalkunnan Kyl\u00e4t ry\u00a0\u00a0\u00a0\u00a0\u00a0\u00a0\u00a0\u00a0\u00a0\u00a0\u00a0\u00a0\u00a0\u00a0\u00a0\u00a0\u00a0\u00a0\u00a0\u00a0\u00a0\u00a0\u00a0\u00a0\u00a0\u00a0\u00a0\u00a0\u00a0\u00a0\u00a0\u00a0\u00a0\u00a0\u00a0\u00a0\u00a0\u00a0\u00a0\u00a0\u00a0\u00a0\u00a0\u00a0\u00a0\u00a0\u00a0\u00a0\u00a0\u00a0\u00a0\u00a0\u00a0\u00a0\u00a0\u00a0\u00a0\u00a0\u00a0\u00a0\u00a0\u00a0\u00a0\u00a0\u00a0\u00a0\u00a0\u00a0\u00a0\u00a0\u00a0\u00a0\u00a0\u00a0\u00a0\u00a0\u00a0\u00a0\u00a0\u00a0\u00a0\u00a0\u00a0\u00a0\u00a0\u00a0\u00a0\u00a0\u00a0\u00a0\u00a0\u00a0\u00a0\u00a0\u00a0\u00a0\u00a0\u00a0\u00a0\u00a0\u00a0 P\u00d6YT\u00c4KIRJA 2\/2015 &nbsp; S\u00c4\u00c4NT\u00d6M\u00c4\u00c4R\u00c4INEN SYYSKOKOUS Aika: 18.11.2015 klo 18.30 Paikka: Taivalkunnan koulu Paikalla: Olli Sorva, Minna M\u00e4kinen, Marja Vehn\u00e4maa, Jorma Laitinen, P\u00e4ivi Ilola, Esa Alanne, Leevi Leskinen, Pentti Salonen, Veijo Hynninen, Eeva-Liisa Hynninen, Tomi Teuho-Markkola, Anja Mattila, Sisko Sorva, Risto Mattila, Terhi Leskinen, Reeta Juvonen, Hetti Virta, Olli Virta ja Teemu Lehtim\u00e4ki &hellip; <a href=\"https:\/\/www.nokiankylat.fi\/taivalkunta\/yhdistykset\/taivalkunnan-kylat-ry\/kokoukset-ja-kylaillat\/syyskokous-18-11-2015\/poytakirja-18-11-2015\/\">Jatkuu<\/a><\/p>\n","protected":false},"author":4,"featured_media":0,"parent":1071,"menu_order":0,"comment_status":"closed","ping_status":"closed","template":"","meta":{"_acf_changed":false,"footnotes":""},"class_list":["post-1069","page","type-page","status-publish","hentry"],"acf":[],"_links":{"self":[{"href":"https:\/\/www.nokiankylat.fi\/taivalkunta\/wp-json\/wp\/v2\/pages\/1069","targetHints":{"allow":["GET"]}}],"collection":[{"href":"https:\/\/www.nokiankylat.fi\/taivalkunta\/wp-json\/wp\/v2\/pages"}],"about":[{"href":"https:\/\/www.nokiankylat.fi\/taivalkunta\/wp-json\/wp\/v2\/types\/page"}],"author":[{"embeddable":true,"href":"https:\/\/www.nokiankylat.fi\/taivalkunta\/wp-json\/wp\/v2\/users\/4"}],"replies":[{"embeddable":true,"href":"https:\/\/www.nokiankylat.fi\/taivalkunta\/wp-json\/wp\/v2\/comments?post=1069"}],"version-history":[{"count":1,"href":"https:\/\/www.nokiankylat.fi\/taivalkunta\/wp-json\/wp\/v2\/pages\/1069\/revisions"}],"predecessor-version":[{"id":1070,"href":"https:\/\/www.nokiankylat.fi\/taivalkunta\/wp-json\/wp\/v2\/pages\/1069\/revisions\/1070"}],"up":[{"embeddable":true,"href":"https:\/\/www.nokiankylat.fi\/taivalkunta\/wp-json\/wp\/v2\/pages\/1071"}],"wp:attachment":[{"href":"https:\/\/www.nokiankylat.fi\/taivalkunta\/wp-json\/wp\/v2\/media?parent=1069"}],"curies":[{"name":"wp","href":"https:\/\/api.w.org\/{rel}","templated":true}]}}