{"id":1080,"date":"2015-12-20T13:09:18","date_gmt":"2015-12-20T11:09:18","guid":{"rendered":"http:\/\/www.nokiankylat.fi\/taivalkunta\/?page_id=1080"},"modified":"2016-10-24T19:17:33","modified_gmt":"2016-10-24T16:17:33","slug":"muistio-17-3-2015","status":"publish","type":"page","link":"https:\/\/www.nokiankylat.fi\/taivalkunta\/yhdistykset\/taivalkunnan-kylat-ry\/kokoukset-ja-kylaillat\/kylailta-17-3-2015\/muistio-17-3-2015\/","title":{"rendered":"Muistio 17-3-2015"},"content":{"rendered":"<p>MUISTIO TAIVALKUNNAN KYL\u00c4ILLASTA<\/p>\n<p>Aika: 17.3.2015 kello 18.30<\/p>\n<p>Paikka: Kyl\u00e4n koulu<\/p>\n<p>Illan ryhm\u00e4t\u00f6iden vet\u00e4j\u00e4ksi oli kutsuttu Pirkan Kyl\u00e4t ry:n kyl\u00e4asiamies Marja Vehn\u00e4maa.<\/p>\n<p>Lis\u00e4ksi l\u00e4sn\u00e4:<\/p>\n<p>Esa Alanne, Andrew Fisher, Marja-Leena Fisher, Eeva-Liisa Hynninen, Veijo Hynninen, Laura Hyri\u00e4inen, P\u00e4ivi Ilola, Reeta Juvonen, Mervi J\u00e4rvinen, Jari Kallio, Jorma Laitinen, Tomi Markkola, Teemu Lehtim\u00e4ki, Minna M\u00e4kinen, Aino Nyyss\u00f6nen, Arttu Rantak\u00e4rkk\u00e4 (Nokian Uutiset), Olli Sorva, Sisko Sorva, Jaana Sorvaniemi, Olli Virta, Emilia Vuorinen sek\u00e4 pienokaiset Hetti ja Vuorisen vauva.<\/p>\n<p>Aloitimme illan kahvi- ja mehutarjoilulla.<\/p>\n<p>Olli Sorva toivotti kyl\u00e4yhdistyksen puolesta kyl\u00e4l\u00e4iset sek\u00e4 kyl\u00e4asiamies Marjan tervetulleeksi kyl\u00e4iltaamme.<\/p>\n<p>Yhdistys saavuttaa maaliskuussa 35 vuoden i\u00e4n ja sen kunniaksi jokainen l\u00e4sn\u00e4olija sai ilmaisen arpalipukkeen ravintola Bufferista hankkimamme 40,- euron lahjakortin arvontaan.<\/p>\n<p>Olli Sorva k\u00e4ytti puolituntisen kyl\u00e4kyselyn 2014 vastauksien esittelyyn. Kaikki vastaukset oli koottu 43-diaiseen PowerPoint- esitykseen kysymyskohtaisesti.<\/p>\n<p>Marja Vehn\u00e4maa kertoi Pirkan Kylien terveiset sek\u00e4 esitteli illan ryhm\u00e4t\u00f6iden aiheet. \u00a0Ryhmi\u00e4 oli nelj\u00e4 ja t\u00e4ss\u00e4 ajatuksena oli saada aineistoa, kyl\u00e4kyselyn vastausten lis\u00e4ksi, tulevaan kyl\u00e4suunnitelmaamme. Kaikilla kyl\u00e4l\u00e4isill\u00e4 on ollut ja oli nytkin mahdollisuus osallistua ja kertoa mielipiteens\u00e4. Jokainen mielipide kirjattiin lapulle n\u00e4iss\u00e4 nelj\u00e4ss\u00e4 aihepisteess\u00e4. Kyl\u00e4n yhteisist\u00e4 asioista on saatukin varsin kattava kyl\u00e4l\u00e4isten mielipide.<\/p>\n<p>Kyl\u00e4yhdistyksen hallitus on valinnut talkooryhm\u00e4n, joka tekee kyl\u00e4suunnitelmaesitteen saadun aineiston pohjalta. Ryhm\u00e4\u00e4n kuuluvat Olli Sorva, Minna M\u00e4kinen ja Tomi Markkola. Lis\u00e4ksi t\u00e4m\u00e4n ryhm\u00e4n palavereissa on mukana kyl\u00e4asiamies Marja Vehn\u00e4maa tuoden laajempaa Pirkanmaalaista kyl\u00e4n\u00e4kemyst\u00e4.<\/p>\n<p>Tilaisuuden lopuksi onniteltiin arvonnan voittajaa Eeva-Liisa Hynnist\u00e4.<\/p>\n<p>Marja Vehn\u00e4maalle annettiin kiitos mukanaolosta ja l\u00e4mminhenkisesti ohjatuista ryhm\u00e4t\u00f6ist\u00e4.<\/p>\n<p>Muistion laati Olli Sorva<\/p>\n","protected":false},"excerpt":{"rendered":"<p>MUISTIO TAIVALKUNNAN KYL\u00c4ILLASTA Aika: 17.3.2015 kello 18.30 Paikka: Kyl\u00e4n koulu Illan ryhm\u00e4t\u00f6iden vet\u00e4j\u00e4ksi oli kutsuttu Pirkan Kyl\u00e4t ry:n kyl\u00e4asiamies Marja Vehn\u00e4maa. Lis\u00e4ksi l\u00e4sn\u00e4: Esa Alanne, Andrew Fisher, Marja-Leena Fisher, Eeva-Liisa Hynninen, Veijo Hynninen, Laura Hyri\u00e4inen, P\u00e4ivi Ilola, Reeta Juvonen, Mervi J\u00e4rvinen, Jari Kallio, Jorma Laitinen, Tomi Markkola, Teemu Lehtim\u00e4ki, Minna M\u00e4kinen, Aino Nyyss\u00f6nen, Arttu Rantak\u00e4rkk\u00e4 &hellip; <a href=\"https:\/\/www.nokiankylat.fi\/taivalkunta\/yhdistykset\/taivalkunnan-kylat-ry\/kokoukset-ja-kylaillat\/kylailta-17-3-2015\/muistio-17-3-2015\/\">Jatkuu<\/a><\/p>\n","protected":false},"author":4,"featured_media":0,"parent":1078,"menu_order":0,"comment_status":"closed","ping_status":"closed","template":"","meta":{"_acf_changed":false,"footnotes":""},"class_list":["post-1080","page","type-page","status-publish","hentry"],"acf":[],"_links":{"self":[{"href":"https:\/\/www.nokiankylat.fi\/taivalkunta\/wp-json\/wp\/v2\/pages\/1080","targetHints":{"allow":["GET"]}}],"collection":[{"href":"https:\/\/www.nokiankylat.fi\/taivalkunta\/wp-json\/wp\/v2\/pages"}],"about":[{"href":"https:\/\/www.nokiankylat.fi\/taivalkunta\/wp-json\/wp\/v2\/types\/page"}],"author":[{"embeddable":true,"href":"https:\/\/www.nokiankylat.fi\/taivalkunta\/wp-json\/wp\/v2\/users\/4"}],"replies":[{"embeddable":true,"href":"https:\/\/www.nokiankylat.fi\/taivalkunta\/wp-json\/wp\/v2\/comments?post=1080"}],"version-history":[{"count":2,"href":"https:\/\/www.nokiankylat.fi\/taivalkunta\/wp-json\/wp\/v2\/pages\/1080\/revisions"}],"predecessor-version":[{"id":1082,"href":"https:\/\/www.nokiankylat.fi\/taivalkunta\/wp-json\/wp\/v2\/pages\/1080\/revisions\/1082"}],"up":[{"embeddable":true,"href":"https:\/\/www.nokiankylat.fi\/taivalkunta\/wp-json\/wp\/v2\/pages\/1078"}],"wp:attachment":[{"href":"https:\/\/www.nokiankylat.fi\/taivalkunta\/wp-json\/wp\/v2\/media?parent=1080"}],"curies":[{"name":"wp","href":"https:\/\/api.w.org\/{rel}","templated":true}]}}