{"id":1673,"date":"2016-03-17T18:11:13","date_gmt":"2016-03-17T16:11:13","guid":{"rendered":"http:\/\/www.nokiankylat.fi\/taivalkunta\/?page_id=1673"},"modified":"2016-10-24T19:16:48","modified_gmt":"2016-10-24T16:16:48","slug":"muistio-16-3-2016","status":"publish","type":"page","link":"https:\/\/www.nokiankylat.fi\/taivalkunta\/yhdistykset\/taivalkunnan-kylat-ry\/kokoukset-ja-kylaillat\/kylailta-16-3-2016\/muistio-16-3-2016\/","title":{"rendered":"Muistio 16-3-2016"},"content":{"rendered":"<p>MUISTIO TAIVALKUNNAN KYL\u00c4ILLASTA<\/p>\n<p>Aika: 16.3.2016 kello 18.00<\/p>\n<p>Paikka: Kyl\u00e4n koulu<\/p>\n<p>L\u00e4sn\u00e4:<\/p>\n<p>Olli sorva, Marja Vehn\u00e4maa, Olli Virta, Teemu Lehtim\u00e4ki, Esa Alanne, Risto Mattila, Anja Mattila, Emilia Vuorinen, Juha Vuorinen, Lukas Vuorinen, Topias Vuorinen, Leena Myllyntausta, Sisko Sorva, Mervi J\u00e4rvinen, Elina J\u00e4rvinen, Hetti Virta, Reeta Juvonen ja Marika Pajunen<\/p>\n<p>Aloitimme illan kahvi- ja mehutarjoilulla.<\/p>\n<p>Olli Sorva toivotti kyl\u00e4yhdistyksen puolesta kyl\u00e4l\u00e4iset sek\u00e4 rehtori Marikan ja kyl\u00e4asiamies Marjan tervetulleeksi kyl\u00e4iltaamme. Kiitoksen sai my\u00f6s tarjoilusta vastannut Elina.<\/p>\n<p>Olli Sorvan diaesitys kertoi yhdistyksen tiedottamistavoista, kyl\u00e4l\u00e4isilt\u00e4 tulleesta palautteesta sek\u00e4 hallituksen ja ty\u00f6ryhm\u00e4n kokoonpanosta. My\u00f6s lasten turvallisuuspalaute oli esill\u00e4.<\/p>\n<p>Marika Pajunen kertoi turvallisuudesta koulun n\u00e4k\u00f6kulmasta ja toi ajatuksia kyl\u00e4n yhteisist\u00e4 asioista.<\/p>\n<p>Marja Vehn\u00e4maa kertoi Pirkan Kylien terveiset sek\u00e4 alusti turvallisuuskysymyst\u00e4.<\/p>\n<p>Kyl\u00e4yhdistyksen hallitus on valinnut ty\u00f6ryhm\u00e4n, joka tekee turvallisuussuunnitelmaehdotuksen saadun aineiston pohjalta. Ryhm\u00e4\u00e4n kuuluvat Olli Sorva, Minna M\u00e4kinen ja Tomi Markkola. Lis\u00e4ksi t\u00e4m\u00e4n ryhm\u00e4n palavereissa on mukana kyl\u00e4asiamies Marja Vehn\u00e4maa antaen ty\u00f6panoksensa suunnitelman laadintaan ja kirjoittamiseen.<\/p>\n<p>Marika Pajuselle ja Marja Vehn\u00e4maalle annettiin kiitos mukanaolosta ja l\u00e4mminhenkisesti esityksest\u00e4 ja keskustelusta.<\/p>\n<p>Lopuksi Olli kiitti kaikkia osallistujia kiinnostuksesta ja aktiivisuudesta sek\u00e4 toivotti turvallista kotimatkaa.<\/p>\n<p>&nbsp;<\/p>\n<p>Muistion laati Olli Sorva<\/p>\n","protected":false},"excerpt":{"rendered":"<p>MUISTIO TAIVALKUNNAN KYL\u00c4ILLASTA Aika: 16.3.2016 kello 18.00 Paikka: Kyl\u00e4n koulu L\u00e4sn\u00e4: Olli sorva, Marja Vehn\u00e4maa, Olli Virta, Teemu Lehtim\u00e4ki, Esa Alanne, Risto Mattila, Anja Mattila, Emilia Vuorinen, Juha Vuorinen, Lukas Vuorinen, Topias Vuorinen, Leena Myllyntausta, Sisko Sorva, Mervi J\u00e4rvinen, Elina J\u00e4rvinen, Hetti Virta, Reeta Juvonen ja Marika Pajunen Aloitimme illan kahvi- ja mehutarjoilulla. Olli Sorva &hellip; <a href=\"https:\/\/www.nokiankylat.fi\/taivalkunta\/yhdistykset\/taivalkunnan-kylat-ry\/kokoukset-ja-kylaillat\/kylailta-16-3-2016\/muistio-16-3-2016\/\">Jatkuu<\/a><\/p>\n","protected":false},"author":4,"featured_media":0,"parent":1038,"menu_order":0,"comment_status":"closed","ping_status":"closed","template":"","meta":{"_acf_changed":false,"footnotes":""},"class_list":["post-1673","page","type-page","status-publish","hentry"],"acf":[],"_links":{"self":[{"href":"https:\/\/www.nokiankylat.fi\/taivalkunta\/wp-json\/wp\/v2\/pages\/1673","targetHints":{"allow":["GET"]}}],"collection":[{"href":"https:\/\/www.nokiankylat.fi\/taivalkunta\/wp-json\/wp\/v2\/pages"}],"about":[{"href":"https:\/\/www.nokiankylat.fi\/taivalkunta\/wp-json\/wp\/v2\/types\/page"}],"author":[{"embeddable":true,"href":"https:\/\/www.nokiankylat.fi\/taivalkunta\/wp-json\/wp\/v2\/users\/4"}],"replies":[{"embeddable":true,"href":"https:\/\/www.nokiankylat.fi\/taivalkunta\/wp-json\/wp\/v2\/comments?post=1673"}],"version-history":[{"count":1,"href":"https:\/\/www.nokiankylat.fi\/taivalkunta\/wp-json\/wp\/v2\/pages\/1673\/revisions"}],"predecessor-version":[{"id":1674,"href":"https:\/\/www.nokiankylat.fi\/taivalkunta\/wp-json\/wp\/v2\/pages\/1673\/revisions\/1674"}],"up":[{"embeddable":true,"href":"https:\/\/www.nokiankylat.fi\/taivalkunta\/wp-json\/wp\/v2\/pages\/1038"}],"wp:attachment":[{"href":"https:\/\/www.nokiankylat.fi\/taivalkunta\/wp-json\/wp\/v2\/media?parent=1673"}],"curies":[{"name":"wp","href":"https:\/\/api.w.org\/{rel}","templated":true}]}}