{"id":1681,"date":"2016-11-01T18:20:01","date_gmt":"2016-11-01T16:20:01","guid":{"rendered":"http:\/\/www.nokiankylat.fi\/taivalkunta\/?page_id=1681"},"modified":"2016-11-01T18:20:01","modified_gmt":"2016-11-01T16:20:01","slug":"kylakirje-1-11-2016","status":"publish","type":"page","link":"https:\/\/www.nokiankylat.fi\/taivalkunta\/yhdistykset\/taivalkunnan-kylat-ry\/kylayhdistyksen-arkisto\/kylakirjeet\/kylakirjeet-2016\/kylakirje-1-11-2016\/","title":{"rendered":"Kyl\u00e4kirje 1-11-2016"},"content":{"rendered":"<p><strong>Taivalkunnan kyl\u00e4t ry:n syyskokous<\/strong> pidet\u00e4\u00e4n 16.11 kello 18.30 koululla. Kokouksessa k\u00e4sitell\u00e4\u00e4n lakis\u00e4\u00e4teiset asiat. Aiemmin kerroin, ett\u00e4 pyrimme saamaan kokoukseen puhujan j\u00e4tehuollosta, mutta tuo aika ei t\u00e4ll\u00e4 kertaa sopinut heille. Ajattelen laittaa tilalle jotain mukavaa ja kevyemp\u00e4\u00e4. Koulumme oppilaat ovat taiteilleet 43 turvallisuusty\u00f6t\u00e4 ja nyt teen niist\u00e4 PowerPoint esityksen (diasarjan), jonka esit\u00e4n iltamme ratoksi. Lapsilla on tosi hyvi\u00e4 oivalluksia, miten n\u00e4ky\u00e4 liikenteess\u00e4. Kannattaa tulla ja katsoa sek\u00e4 ottaa parhaat palat itselle opiksi.<\/p>\n<p><strong>Aktiivinen koulumme ja oppilaat<\/strong> pit\u00e4v\u00e4t kyl\u00e4kahvilaa koululla pe 25.11 kello 12.00-13.30 sek\u00e4 pe 2.12 kello 12.00-13.30. Se on vastaavanlainen kahvilatempaus kuin oli viime helmikuussakin, joten eik\u00f6h\u00e4n taas menn\u00e4 nauttimaan edulliset kahvit ja leivonnaiset sek\u00e4 pit\u00e4m\u00e4\u00e4n pient\u00e4 rupatteluhetke\u00e4 tuttujen kyl\u00e4l\u00e4isten kera. Minusta on hienoa, kun saan ennakkotietona v\u00e4litt\u00e4\u00e4 teille viesti\u00e4, ett\u00e4 <strong>koulun henkil\u00f6kunta ja oppilaat<\/strong> antavat panoksensa kyl\u00e4yhteis\u00f6n vuorovaikutukseen ja <strong>kutsuvat<\/strong> kaikkia j\u00e4rjest\u00e4m\u00e4\u00e4ns\u00e4 tapahtumaan.<\/p>\n<p><strong>Kyl\u00e4yhdistyksen j\u00e4rjest\u00e4m\u00e4 joululaulujen ilta <\/strong>pidet\u00e4\u00e4n kyl\u00e4n koululla 21.12 kello 19.00. Laulattajana tuttuun tapaan on Tomi s\u00e4est\u00e4j\u00e4n kera.<\/p>\n<p><strong>Valokuituverkon kustannuslaskenta<\/strong> on Elisalla ty\u00f6n alla ja viel\u00e4 t\u00e4n\u00e4 vuonna saamme kuulla liittym\u00e4hintoja. Alustava kysely antoi kyl\u00e4llemme 28 kiinnostunutta taloutta. S\u00e4hk\u00f6verkon maakaapelointi alkaa alkuvuodesta v\u00e4lille Ristiver\u00e4j\u00e4- Ylistalontie ja niihin kaapeliojiin Elenia antaisi sijoittaa my\u00f6s kuitukaapelitkin.<\/p>\n<p><strong>Tuleva vuosi on Suomi 100<\/strong> juhlavuosi. Samalla my\u00f6s on Nokia 80 vuotta. Vuoden valtakunnallisena teemana on yhdess\u00e4. Kyl\u00e4yhdistyksen yksi painopistealue on kuluvana vuonna ollut turvallisuus ja yhteisty\u00f6. Ensi kev\u00e4\u00e4n\u00e4 on ajateltu j\u00e4rjest\u00e4\u00e4 yhdess\u00e4-teeman ymp\u00e4rille kyl\u00e4ilta ja saada eri ik\u00e4ryhm\u00e4t ja eri sukupolvet tiiviimp\u00e4\u00e4n vuorovaikutukseen. Illan ajankohdan ja tarkemman sis\u00e4ll\u00f6n p\u00e4\u00e4tt\u00e4nee tulevan syyskokouksen ensi vuodeksi valitsema kyl\u00e4yhdistyksen hallitus.<\/p>\n<p>Taivalkunnan kylien nykyinen hallitus puheenjohtajineen toimiin vuodenvaihteeseen asti ja luvassa on viel\u00e4 asiapitoista ja iloista kyl\u00e4postia t\u00e4llekin vuodelle.<\/p>\n<p>Kouluasia on ollut kovasti esill\u00e4 ja kiit\u00e4n teit\u00e4 kaikkia siit\u00e4, ett\u00e4 kyl\u00e4mme on toiminut ja toimii yhten\u00e4isesti.<\/p>\n<p>Taivalkunnan kyl\u00e4t ry:n pj. Olli Sorva<\/p>\n","protected":false},"excerpt":{"rendered":"<p>Taivalkunnan kyl\u00e4t ry:n syyskokous pidet\u00e4\u00e4n 16.11 kello 18.30 koululla. Kokouksessa k\u00e4sitell\u00e4\u00e4n lakis\u00e4\u00e4teiset asiat. Aiemmin kerroin, ett\u00e4 pyrimme saamaan kokoukseen puhujan j\u00e4tehuollosta, mutta tuo aika ei t\u00e4ll\u00e4 kertaa sopinut heille. Ajattelen laittaa tilalle jotain mukavaa ja kevyemp\u00e4\u00e4. Koulumme oppilaat ovat taiteilleet 43 turvallisuusty\u00f6t\u00e4 ja nyt teen niist\u00e4 PowerPoint esityksen (diasarjan), jonka esit\u00e4n iltamme ratoksi. Lapsilla on &hellip; <a href=\"https:\/\/www.nokiankylat.fi\/taivalkunta\/yhdistykset\/taivalkunnan-kylat-ry\/kylayhdistyksen-arkisto\/kylakirjeet\/kylakirjeet-2016\/kylakirje-1-11-2016\/\">Jatkuu<\/a><\/p>\n","protected":false},"author":4,"featured_media":0,"parent":184,"menu_order":0,"comment_status":"closed","ping_status":"closed","template":"","meta":{"_acf_changed":false,"footnotes":""},"class_list":["post-1681","page","type-page","status-publish","hentry"],"acf":[],"_links":{"self":[{"href":"https:\/\/www.nokiankylat.fi\/taivalkunta\/wp-json\/wp\/v2\/pages\/1681","targetHints":{"allow":["GET"]}}],"collection":[{"href":"https:\/\/www.nokiankylat.fi\/taivalkunta\/wp-json\/wp\/v2\/pages"}],"about":[{"href":"https:\/\/www.nokiankylat.fi\/taivalkunta\/wp-json\/wp\/v2\/types\/page"}],"author":[{"embeddable":true,"href":"https:\/\/www.nokiankylat.fi\/taivalkunta\/wp-json\/wp\/v2\/users\/4"}],"replies":[{"embeddable":true,"href":"https:\/\/www.nokiankylat.fi\/taivalkunta\/wp-json\/wp\/v2\/comments?post=1681"}],"version-history":[{"count":1,"href":"https:\/\/www.nokiankylat.fi\/taivalkunta\/wp-json\/wp\/v2\/pages\/1681\/revisions"}],"predecessor-version":[{"id":1682,"href":"https:\/\/www.nokiankylat.fi\/taivalkunta\/wp-json\/wp\/v2\/pages\/1681\/revisions\/1682"}],"up":[{"embeddable":true,"href":"https:\/\/www.nokiankylat.fi\/taivalkunta\/wp-json\/wp\/v2\/pages\/184"}],"wp:attachment":[{"href":"https:\/\/www.nokiankylat.fi\/taivalkunta\/wp-json\/wp\/v2\/media?parent=1681"}],"curies":[{"name":"wp","href":"https:\/\/api.w.org\/{rel}","templated":true}]}}