{"id":1729,"date":"2016-12-08T18:43:40","date_gmt":"2016-12-08T16:43:40","guid":{"rendered":"http:\/\/www.nokiankylat.fi\/taivalkunta\/?page_id=1729"},"modified":"2016-12-08T20:15:10","modified_gmt":"2016-12-08T18:15:10","slug":"kylakirje-8-12-2016","status":"publish","type":"page","link":"https:\/\/www.nokiankylat.fi\/taivalkunta\/yhdistykset\/taivalkunnan-kylat-ry\/kylayhdistyksen-arkisto\/kylakirjeet\/kylakirjeet-2016\/kylakirje-8-12-2016\/","title":{"rendered":"Kyl\u00e4kirje 8-12-2016"},"content":{"rendered":"<p>Taivalkunnan kyl\u00e4kirje 8.12.2016<\/p>\n<p>&nbsp;<\/p>\n<p><strong>Aktiivisen koulumme oppilaat<\/strong> pit\u00e4v\u00e4t kyl\u00e4kahvilaa koululla pe 9.12 kello 12.00-13.30. Kaikilla, joilla on mahdollisuus kannattaa menn\u00e4 nauttimaan edulliset kahvit ja leivonnaiset sek\u00e4 pit\u00e4m\u00e4\u00e4n pient\u00e4 rupatteluhetke\u00e4 tuttujen kyl\u00e4l\u00e4isten kera. Kyl\u00e4n sivujen tapahtumakalenterista l\u00f6ytyy asiasta lis\u00e4\u00e4. On hienoa, ett\u00e4 koulumme rehtori n\u00e4kee koko kyl\u00e4yhteis\u00f6n voimavarana ja aktivoi lapsia vuorovaikutukseen.<\/p>\n<p><strong>Perinne koulun ja kyl\u00e4n yhteisty\u00f6h\u00f6n<\/strong> kumpuaa jo menneilt\u00e4 vuosilta. Edellinen koulumme rehtori siirtyi el\u00e4kep\u00e4iville puolitoista vuotta sitten. Virassa ollessaan h\u00e4n oli merkitt\u00e4v\u00e4 voima koulun yritt\u00e4jyyskasvatuksen alullepanijana. Nyt Kari pit\u00e4\u00e4 yrityst\u00e4 Sastamalassa ja viel\u00e4kin toisinaan antaa panostaan kyl\u00e4lle. H\u00e4nen yritykseens\u00e4 voi tutustua Facebookissa <a href=\"https:\/\/www.facebook.com\/Puu-Karin-paja-972583969460292\/?fref=ts\">https:\/\/www.facebook.com\/Puu-Karin-paja-972583969460292\/?fref=ts<\/a>. Avoimet ovet-p\u00e4iv\u00e4 on lauantaina 10.12 klo 12-16.<\/p>\n<p><strong>Kyl\u00e4yhdistyksen j\u00e4rjest\u00e4m\u00e4 joululaulujen ilta <\/strong>pidet\u00e4\u00e4n kyl\u00e4n koululla 21.12 kello 19.00. Laulattajana tuttuun tapaan on Tomi s\u00e4est\u00e4j\u00e4n kera.<\/p>\n<p><strong>Ensi vuodeksi <\/strong>olen valittu Taivalkunnan kyl\u00e4t ry:n hallituksen puheenjohtajaksi. Muut j\u00e4senet selvi\u00e4v\u00e4t kyl\u00e4n sivuilla olevasta syyskokouksemme p\u00f6yt\u00e4kirjasta.<\/p>\n<p><strong>Tulevana vuonna<\/strong> jatketaan kyl\u00e4n turvallisuussuunnitelmassa sovittuja k\u00e4yt\u00e4nn\u00f6n asioita. T\u00e4lle vuodelle minulle on viel\u00e4 sovittuna tapaaminen aiheena Taivalkunnan kyl\u00e4yhdistyksen ja Nokian kaupungin v\u00e4linen yhteistoiminta h\u00e4iri\u00f6tilanteissa. Tuossa tapaamisessa kaupungintalolla on minun lis\u00e4kseni mukana kaupungilta Eeva ja Lauri, Pirkan kylilt\u00e4 Marja sek\u00e4 Kantrilta Anna. Aika n\u00e4ytt\u00e4\u00e4, mit\u00e4 \u201dhedelm\u00e4\u00e4\u201d t\u00e4m\u00e4 yhteistointatapaaminen kyl\u00e4l\u00e4isille tuottaa.<\/p>\n<p><strong>Paljon<\/strong> on luonnollisesti asioita, joita voisi tehd\u00e4 paremminkin, mutta Taivalkunnan kyl\u00e4n asiat ovat kuitenkin suhteellisesti ottaen todella hyv\u00e4ll\u00e4 mallilla. Sen kommentin saa kuulla usein, kun tapaa muita Pirkanmaalaisia kyl\u00e4toimijoita. Koko kyl\u00e4yhdistyksen hallitus on toiminut aktiivisesti ja kukin sen j\u00e4sen k\u00e4ytt\u00e4nyt omia verkostojaan kyl\u00e4n hy\u00f6dyksi. Yhteisty\u00f6 on ollut helppoa, antoisaa ja tuloksellista niin hallituksen sis\u00e4ll\u00e4 kuin muidenkin kyl\u00e4l\u00e4isten kanssa. Kiitos siit\u00e4.<\/p>\n<p><strong>Kyl\u00e4postin tilaajana saatte<\/strong> tietoa kyl\u00e4n ajankohtaisasioista s\u00e4hk\u00f6postiinne. K\u00e4yk\u00e4\u00e4 silti katsomassa <a href=\"https:\/\/www.nokiankylat.fi\/taivalkunta\">www.nokiankylat.fi\/taivalkunta<\/a> ja <a href=\"http:\/\/www.facebook.com\/taivalkunta\/\">www.facebook.com\/taivalkunta\/<\/a>.<\/p>\n<p>Ollaan yhteydess\u00e4 puolin ja toisin. Toivotan rauhaisaa joulunalusaikaa.<\/p>\n<p>Taivalkunnan kyl\u00e4t ry:n pj. Olli Sorva<\/p>\n","protected":false},"excerpt":{"rendered":"<p>Taivalkunnan kyl\u00e4kirje 8.12.2016 &nbsp; Aktiivisen koulumme oppilaat pit\u00e4v\u00e4t kyl\u00e4kahvilaa koululla pe 9.12 kello 12.00-13.30. Kaikilla, joilla on mahdollisuus kannattaa menn\u00e4 nauttimaan edulliset kahvit ja leivonnaiset sek\u00e4 pit\u00e4m\u00e4\u00e4n pient\u00e4 rupatteluhetke\u00e4 tuttujen kyl\u00e4l\u00e4isten kera. Kyl\u00e4n sivujen tapahtumakalenterista l\u00f6ytyy asiasta lis\u00e4\u00e4. On hienoa, ett\u00e4 koulumme rehtori n\u00e4kee koko kyl\u00e4yhteis\u00f6n voimavarana ja aktivoi lapsia vuorovaikutukseen. Perinne koulun ja kyl\u00e4n &hellip; <a href=\"https:\/\/www.nokiankylat.fi\/taivalkunta\/yhdistykset\/taivalkunnan-kylat-ry\/kylayhdistyksen-arkisto\/kylakirjeet\/kylakirjeet-2016\/kylakirje-8-12-2016\/\">Jatkuu<\/a><\/p>\n","protected":false},"author":4,"featured_media":0,"parent":184,"menu_order":0,"comment_status":"closed","ping_status":"closed","template":"","meta":{"_acf_changed":false,"footnotes":""},"class_list":["post-1729","page","type-page","status-publish","hentry"],"acf":[],"_links":{"self":[{"href":"https:\/\/www.nokiankylat.fi\/taivalkunta\/wp-json\/wp\/v2\/pages\/1729","targetHints":{"allow":["GET"]}}],"collection":[{"href":"https:\/\/www.nokiankylat.fi\/taivalkunta\/wp-json\/wp\/v2\/pages"}],"about":[{"href":"https:\/\/www.nokiankylat.fi\/taivalkunta\/wp-json\/wp\/v2\/types\/page"}],"author":[{"embeddable":true,"href":"https:\/\/www.nokiankylat.fi\/taivalkunta\/wp-json\/wp\/v2\/users\/4"}],"replies":[{"embeddable":true,"href":"https:\/\/www.nokiankylat.fi\/taivalkunta\/wp-json\/wp\/v2\/comments?post=1729"}],"version-history":[{"count":3,"href":"https:\/\/www.nokiankylat.fi\/taivalkunta\/wp-json\/wp\/v2\/pages\/1729\/revisions"}],"predecessor-version":[{"id":1738,"href":"https:\/\/www.nokiankylat.fi\/taivalkunta\/wp-json\/wp\/v2\/pages\/1729\/revisions\/1738"}],"up":[{"embeddable":true,"href":"https:\/\/www.nokiankylat.fi\/taivalkunta\/wp-json\/wp\/v2\/pages\/184"}],"wp:attachment":[{"href":"https:\/\/www.nokiankylat.fi\/taivalkunta\/wp-json\/wp\/v2\/media?parent=1729"}],"curies":[{"name":"wp","href":"https:\/\/api.w.org\/{rel}","templated":true}]}}