{"id":1842,"date":"2017-02-16T14:23:57","date_gmt":"2017-02-16T12:23:57","guid":{"rendered":"http:\/\/www.nokiankylat.fi\/taivalkunta\/?page_id=1842"},"modified":"2017-02-16T14:24:25","modified_gmt":"2017-02-16T12:24:25","slug":"kylakirje-16-2-2017","status":"publish","type":"page","link":"https:\/\/www.nokiankylat.fi\/taivalkunta\/yhdistykset\/taivalkunnan-kylat-ry\/kylayhdistyksen-arkisto\/kylakirjeet\/kylakirjeet-2017\/kylakirje-16-2-2017\/","title":{"rendered":"Kyl\u00e4kirje 16-2-2017"},"content":{"rendered":"<p><strong>Taivalkunnan kyl\u00e4kirje 16.2.2017<\/strong><\/p>\n<p><strong>Koulumme oppilaat<\/strong>\u00a0pit\u00e4v\u00e4t kyl\u00e4kahvilaa koululla pe 17.2.\u00a0kello 12.00-13.30.\u00a0Se on t\u00e4m\u00e4n rupeaman viimeinen kahvilap\u00e4iv\u00e4, mutta viel\u00e4 siis sinulla on mahdollisuus talvip\u00e4iv\u00e4n kahveille. Tarjolla taitaa olla jo laskiaispulliakin.<\/p>\n<p>Nokian kaupungin kuntailta on <strong>23.2.2017 kello 18.00 valtuustosalissa, Harjukatu 23 2.krs<\/strong> teemana \u201dArjen turvallisuus ja yhteistoiminta kyl\u00e4yhdistysten kanssa\u201d. Tilaisuus on avoin kaikille, joten menn\u00e4\u00e4n joukolla kuuntelemaan ja keskustelemaan.<\/p>\n<p>Kyl\u00e4yhdistyksen j\u00e4rjest\u00e4m\u00e4 kyl\u00e4ilta on ke <strong>15.3.2017 Taivalkunnan koululla klo 18.30<\/strong>. T\u00e4m\u00e4 ilta on Nokia 80-teemainen. Esill\u00e4 on kyl\u00e4mme asioita ennen ja j\u00e4lkeen tuon kotikaupunkimme syntym\u00e4n.<\/p>\n<p><strong>Kes\u00e4ll\u00e4 10.6. pid\u00e4mme teemap\u00e4iv\u00e4n<\/strong> Suomi 100-hengess\u00e4. Se on siis yhdess\u00e4 olemisen ja tekemisen teema. Ajatuksena on eri sukupolvien v\u00e4linen vuorovaikutus.<\/p>\n<p>Olen menneiden vuosien ja vuosikymmenien aikana jutellut monen teist\u00e4 kanssa my\u00f6s kyl\u00e4n historiasta, kun on tavattu kyl\u00e4tapahtumissa, harrastuksissa ja ty\u00f6n merkeiss\u00e4. Nyt on ajatus ker\u00e4t\u00e4 vanhaa kuvamateriaalia ja arkistoida se kyl\u00e4mme nettisivuille! Tied\u00e4n, ett\u00e4 tuota materiaalia on kyl\u00e4ll\u00e4 runsaasti yksityisill\u00e4 ihmisill\u00e4.<\/p>\n<p>Tuossa 15.3. olevassa nostalgiaillassa n\u00e4yt\u00e4mme vanhoja kuvia kyl\u00e4lt\u00e4 ja keskustelemme vanhoista asioista. Toivomme saavamme k\u00e4tk\u00f6ist\u00e4nne valokuvia, lehtileikkeit\u00e4 tai muuta materiaalia k\u00e4ytt\u00f6\u00f6mme. Valokuvat voi toimittaa minulle tai yhdistyksemme sihteerille Minna M\u00e4kiselle. Jos tied\u00e4t kuvan tarinan, niin liit\u00e4 se mukaan. Laita my\u00f6s yhteystietosi, jotta osaamme palauttaa kuvat sinulle takaisin.<\/p>\n<p>Tulen mielell\u00e4ni my\u00f6s hakemaan tai kuvaamaan materiaalisi ja kuuntelemaan mahdollisia kyl\u00e4tarinoitasi, jos se tuntuu mielekk\u00e4\u00e4mm\u00e4lt\u00e4 tavalta. Tarinat ovat tervetulleita my\u00f6s kirjallisessa muodossa. Lis\u00e4ksi olisi kiva, jos lupautuisit kertomaan kuviesi tarinan kuukauden p\u00e4\u00e4st\u00e4 olevassa kyl\u00e4illassamme.<\/p>\n<p>Ota arkailematta yhteytt\u00e4 minuun olipa sinulla sitten yksi tai useampi kuva. Kuvien arkistointi jatkuu tuon kyl\u00e4iltamme j\u00e4lkeenkin, mutta kyl\u00e4yhdistys toivoo runsaasti materiaalia ja yhteydenottoja jo l\u00e4hip\u00e4ivin\u00e4.<\/p>\n<p>Kyl\u00e4st\u00e4mme ja kyl\u00e4mme historiasta on netiss\u00e4 runsaasti tietoa, mutta kuva- ja leikekokoelmaa ei sielt\u00e4 helposti ole l\u00f6ydett\u00e4viss\u00e4 ja t\u00e4m\u00e4 aukko oli hyv\u00e4 paikata uusia kyl\u00e4l\u00e4isi\u00e4 ja tulevia sukupolvia ajatellen.<\/p>\n<p>Moni teist\u00e4 on paljon aikaansa jo antanutkin kyl\u00e4n hyv\u00e4ksi, mutta silti toivon, ett\u00e4 tartutte t\u00e4h\u00e4n yhteisty\u00f6pyynt\u00f6\u00f6n.<\/p>\n<p>Taivalkunnan kyl\u00e4t ry pj. Olli Sorva<\/p>\n","protected":false},"excerpt":{"rendered":"<p>Taivalkunnan kyl\u00e4kirje 16.2.2017 Koulumme oppilaat\u00a0pit\u00e4v\u00e4t kyl\u00e4kahvilaa koululla pe 17.2.\u00a0kello 12.00-13.30.\u00a0Se on t\u00e4m\u00e4n rupeaman viimeinen kahvilap\u00e4iv\u00e4, mutta viel\u00e4 siis sinulla on mahdollisuus talvip\u00e4iv\u00e4n kahveille. Tarjolla taitaa olla jo laskiaispulliakin. Nokian kaupungin kuntailta on 23.2.2017 kello 18.00 valtuustosalissa, Harjukatu 23 2.krs teemana \u201dArjen turvallisuus ja yhteistoiminta kyl\u00e4yhdistysten kanssa\u201d. Tilaisuus on avoin kaikille, joten menn\u00e4\u00e4n joukolla kuuntelemaan ja &hellip; <a href=\"https:\/\/www.nokiankylat.fi\/taivalkunta\/yhdistykset\/taivalkunnan-kylat-ry\/kylayhdistyksen-arkisto\/kylakirjeet\/kylakirjeet-2017\/kylakirje-16-2-2017\/\">Jatkuu<\/a><\/p>\n","protected":false},"author":4,"featured_media":0,"parent":1776,"menu_order":0,"comment_status":"closed","ping_status":"closed","template":"","meta":{"_acf_changed":false,"footnotes":""},"class_list":["post-1842","page","type-page","status-publish","hentry"],"acf":[],"_links":{"self":[{"href":"https:\/\/www.nokiankylat.fi\/taivalkunta\/wp-json\/wp\/v2\/pages\/1842","targetHints":{"allow":["GET"]}}],"collection":[{"href":"https:\/\/www.nokiankylat.fi\/taivalkunta\/wp-json\/wp\/v2\/pages"}],"about":[{"href":"https:\/\/www.nokiankylat.fi\/taivalkunta\/wp-json\/wp\/v2\/types\/page"}],"author":[{"embeddable":true,"href":"https:\/\/www.nokiankylat.fi\/taivalkunta\/wp-json\/wp\/v2\/users\/4"}],"replies":[{"embeddable":true,"href":"https:\/\/www.nokiankylat.fi\/taivalkunta\/wp-json\/wp\/v2\/comments?post=1842"}],"version-history":[{"count":1,"href":"https:\/\/www.nokiankylat.fi\/taivalkunta\/wp-json\/wp\/v2\/pages\/1842\/revisions"}],"predecessor-version":[{"id":1843,"href":"https:\/\/www.nokiankylat.fi\/taivalkunta\/wp-json\/wp\/v2\/pages\/1842\/revisions\/1843"}],"up":[{"embeddable":true,"href":"https:\/\/www.nokiankylat.fi\/taivalkunta\/wp-json\/wp\/v2\/pages\/1776"}],"wp:attachment":[{"href":"https:\/\/www.nokiankylat.fi\/taivalkunta\/wp-json\/wp\/v2\/media?parent=1842"}],"curies":[{"name":"wp","href":"https:\/\/api.w.org\/{rel}","templated":true}]}}