{"id":2029,"date":"2017-03-27T17:16:25","date_gmt":"2017-03-27T14:16:25","guid":{"rendered":"http:\/\/www.nokiankylat.fi\/taivalkunta\/?page_id=2029"},"modified":"2017-03-27T17:16:25","modified_gmt":"2017-03-27T14:16:25","slug":"kylakirje-27-3-2017","status":"publish","type":"page","link":"https:\/\/www.nokiankylat.fi\/taivalkunta\/yhdistykset\/taivalkunnan-kylat-ry\/kylayhdistyksen-arkisto\/kylakirjeet\/kylakirjeet-2017\/kylakirje-27-3-2017\/","title":{"rendered":"Kyl\u00e4kirje 27-3-2017"},"content":{"rendered":"<p>Kyl\u00e4yhdistyksen j\u00e4rjest\u00e4m\u00e4 kyl\u00e4ilta oli 15.3.2017 Taivalkunnan koululla. Anna Kulmakorpi Kantri ry:st\u00e4 piti alustuksen kyl\u00e4historian merkityksest\u00e4 kyl\u00e4lle ja miten sit\u00e4 kannattaa hy\u00f6dynt\u00e4\u00e4. Pidin 222 diaisen esityksen, joka koostui paljolti valokuvista kyl\u00e4st\u00e4mme kuvatarinoiden kera ennen ja j\u00e4lkeen kotikaupunkimme syntym\u00e4n (Nokia on 80v).<\/p>\n<p>En muista kyl\u00e4yhdistyksen hallituksessa ollessani koskaan saaneeni j\u00e4lkik\u00e4teen niin paljon positiivista palautetta ja kiitosta kuin tuosta kyl\u00e4illasta tuli, vaikka olen 37 vuotiaan yhdistyksen hallituksessa ollut matkan varrella parikymment\u00e4 vuotta. On toivottu uusintaesityst\u00e4, jatkoesityst\u00e4 ja kyselty tuleeko esitys jonnekin j\u00e4lkik\u00e4teen n\u00e4ht\u00e4v\u00e4ksi.<\/p>\n<p>Minulla on itsell\u00e4ni ja olen saanutkin viel\u00e4 lis\u00e4\u00e4 materiaalia. Olen my\u00f6s sopinut kyl\u00e4n asukkaiden kanssa tapaamisista heill\u00e4 olevan materiaalin tiimoilta. <strong>Jos sinulla on kuvia kyl\u00e4lt\u00e4, jotka saa julkaista, niin ota minuun yhteytt\u00e4<\/strong>. Kuvien ei tarvitse olla 100 vuoden takaa, vaan 10 vuotta vanhoistakin l\u00f6ytyy kyl\u00e4historiaa.<\/p>\n<p>Muokkaan ja laajennan v\u00e4h\u00e4n tuota esityst\u00e4ni lis\u00e4\u00e4m\u00e4ll\u00e4 kuvateksti\u00e4 ja my\u00f6s kokonaisia dioja. Kuvasarja on tarkoitus \u201djulkaista\u201d jotenkin, ehk\u00e4 kyl\u00e4n sivuilla. En viel\u00e4 tied\u00e4 tarkkaa aikataulua, mutta joka tapauksessa \u201dprojekti\u201d valmistuu viimeist\u00e4\u00e4n alkusyksyst\u00e4 ja tulee yleisesti n\u00e4ht\u00e4v\u00e4ksi. Ilmeisesti jatko\/uusintaesitys on ennen sit\u00e4.<\/p>\n<p>Kyl\u00e4yhdistyksen <strong>kev\u00e4tkokous pidet\u00e4\u00e4n ke 26.4.2017 klo 18.30 koululla<\/strong>. Hallituksen esitys viime vuoden toimintakertomukseksi on n\u00e4ht\u00e4vill\u00e4 kotisivuillamme. Pirkanmaan j\u00e4tehuollon terveiset tuo P\u00e4ivi Koro. H\u00e4n kertoo miten mahdollisesti voisimme tehostaa kierr\u00e4tyst\u00e4 ja j\u00e4tteiden lajittelua ja mit\u00e4 tehd\u00e4 bioj\u00e4tteelle. Luvassa on my\u00f6s kahvit.<\/p>\n<p><strong>Kev\u00e4tkarkelot ovat 18.5 koululla<\/strong>. Kyl\u00e4yhdistys on tilaisuuden vastuullinen j\u00e4rjest\u00e4j\u00e4. Kyl\u00e4yhdistys kutsuu <strong>kaikkien muidenkin kyl\u00e4ll\u00e4 toimivien yhdistyksien edustajat suunnittelupalaveriin 5.4 kello 18.30 koululle, joten tervetuloa.<\/strong> Palaveri kest\u00e4nee puoli tuntia. Karkeloiden mahdollinen tuotto menee oppilaiden virkistystoimintaan.<\/p>\n<p><strong>Kyl\u00e4t juhlivat yhdess\u00e4 100-v Suomea 10.6.2017<\/strong> valtakunnallisesti j\u00e4rjestett\u00e4v\u00e4n Avoimet Kyl\u00e4t- p\u00e4iv\u00e4n merkeiss\u00e4, johon Taivalkuntakin on ilmoitettu. Ajatuksena on j\u00e4rjest\u00e4\u00e4n myyj\u00e4iset koulun pihalla ja vanhojen ty\u00f6kalujen n\u00e4yttely voimistelusalissa ja kyl\u00e4yhdistys myy kahvia. Eik\u00f6h\u00e4n kyl\u00e4lt\u00e4 viel\u00e4 esineit\u00e4 l\u00f6ydy tai sitten vaan lis\u00e4ksi kuvia. Voisihan pihassakin olla jokin vanha ty\u00f6kalu. Kellonaika on avoin, mutta ehk\u00e4 pari tuntia alkuillasta, esim. kello 15 \u2013 17. Tulemme siis todenn\u00e4k\u00f6isesti taas pyyt\u00e4m\u00e4\u00e4n apuanne esineiden etsimisess\u00e4 ja pit\u00e4m\u00e4\u00e4n myyntip\u00f6yti\u00e4. Leivonnaisia saatte myyd\u00e4, mutta kahvin myynti j\u00e4\u00e4 meille. Kaikki halukkaat kyl\u00e4ll\u00e4 toimivat yhdistykset voivat tuolloin esitell\u00e4 toimintaansa.<\/p>\n<p>Taivalkunnan kyl\u00e4t ry pj. Olli Sorva, <a href=\"mailto:olli.sorva@nokiansahkotalo.fi\">olli.sorva(at)nokiansahkotalo.fi<\/a> p.050 5603 808 <a href=\"https:\/\/www.nokiankylat.fi\/taivalkunta\">www.nokiankylat.fi\/taivalkunta<\/a>, <a href=\"http:\/\/www.facebook.com\/taivalkunta\/\">www.facebook.com\/taivalkunta\/<\/a>.<\/p>\n","protected":false},"excerpt":{"rendered":"<p>Kyl\u00e4yhdistyksen j\u00e4rjest\u00e4m\u00e4 kyl\u00e4ilta oli 15.3.2017 Taivalkunnan koululla. Anna Kulmakorpi Kantri ry:st\u00e4 piti alustuksen kyl\u00e4historian merkityksest\u00e4 kyl\u00e4lle ja miten sit\u00e4 kannattaa hy\u00f6dynt\u00e4\u00e4. Pidin 222 diaisen esityksen, joka koostui paljolti valokuvista kyl\u00e4st\u00e4mme kuvatarinoiden kera ennen ja j\u00e4lkeen kotikaupunkimme syntym\u00e4n (Nokia on 80v). En muista kyl\u00e4yhdistyksen hallituksessa ollessani koskaan saaneeni j\u00e4lkik\u00e4teen niin paljon positiivista palautetta ja kiitosta kuin &hellip; <a href=\"https:\/\/www.nokiankylat.fi\/taivalkunta\/yhdistykset\/taivalkunnan-kylat-ry\/kylayhdistyksen-arkisto\/kylakirjeet\/kylakirjeet-2017\/kylakirje-27-3-2017\/\">Jatkuu<\/a><\/p>\n","protected":false},"author":4,"featured_media":0,"parent":1776,"menu_order":0,"comment_status":"closed","ping_status":"closed","template":"","meta":{"_acf_changed":false,"footnotes":""},"class_list":["post-2029","page","type-page","status-publish","hentry"],"acf":[],"_links":{"self":[{"href":"https:\/\/www.nokiankylat.fi\/taivalkunta\/wp-json\/wp\/v2\/pages\/2029","targetHints":{"allow":["GET"]}}],"collection":[{"href":"https:\/\/www.nokiankylat.fi\/taivalkunta\/wp-json\/wp\/v2\/pages"}],"about":[{"href":"https:\/\/www.nokiankylat.fi\/taivalkunta\/wp-json\/wp\/v2\/types\/page"}],"author":[{"embeddable":true,"href":"https:\/\/www.nokiankylat.fi\/taivalkunta\/wp-json\/wp\/v2\/users\/4"}],"replies":[{"embeddable":true,"href":"https:\/\/www.nokiankylat.fi\/taivalkunta\/wp-json\/wp\/v2\/comments?post=2029"}],"version-history":[{"count":1,"href":"https:\/\/www.nokiankylat.fi\/taivalkunta\/wp-json\/wp\/v2\/pages\/2029\/revisions"}],"predecessor-version":[{"id":2030,"href":"https:\/\/www.nokiankylat.fi\/taivalkunta\/wp-json\/wp\/v2\/pages\/2029\/revisions\/2030"}],"up":[{"embeddable":true,"href":"https:\/\/www.nokiankylat.fi\/taivalkunta\/wp-json\/wp\/v2\/pages\/1776"}],"wp:attachment":[{"href":"https:\/\/www.nokiankylat.fi\/taivalkunta\/wp-json\/wp\/v2\/media?parent=2029"}],"curies":[{"name":"wp","href":"https:\/\/api.w.org\/{rel}","templated":true}]}}