{"id":2095,"date":"2017-04-18T18:46:48","date_gmt":"2017-04-18T15:46:48","guid":{"rendered":"http:\/\/www.nokiankylat.fi\/taivalkunta\/?page_id=2095"},"modified":"2017-04-24T19:40:42","modified_gmt":"2017-04-24T16:40:42","slug":"esityslista-26-4-2017","status":"publish","type":"page","link":"https:\/\/www.nokiankylat.fi\/taivalkunta\/yhdistykset\/taivalkunnan-kylat-ry\/kokoukset-ja-kylaillat\/kevatkokous-26-4-2017\/esityslista-26-4-2017\/","title":{"rendered":"Esityslista 26-4-2017"},"content":{"rendered":"<p>&nbsp;<\/p>\n<p><b>\u00a0<\/b>Taivalkunnan Kyl\u00e4t ry\u00a0\u00a0\u00a0\u00a0\u00a0\u00a0\u00a0\u00a0\u00a0\u00a0\u00a0\u00a0\u00a0\u00a0\u00a0\u00a0\u00a0\u00a0\u00a0\u00a0\u00a0\u00a0\u00a0\u00a0\u00a0\u00a0\u00a0\u00a0\u00a0\u00a0\u00a0\u00a0\u00a0\u00a0\u00a0\u00a0\u00a0\u00a0\u00a0\u00a0\u00a0\u00a0\u00a0\u00a0\u00a0\u00a0\u00a0\u00a0\u00a0\u00a0\u00a0\u00a0\u00a0\u00a0\u00a0\u00a0\u00a0\u00a0\u00a0\u00a0\u00a0\u00a0\u00a0\u00a0\u00a0\u00a0\u00a0\u00a0\u00a0\u00a0\u00a0\u00a0\u00a0\u00a0\u00a0\u00a0\u00a0\u00a0\u00a0\u00a0\u00a0\u00a0\u00a0\u00a0\u00a0\u00a0\u00a0\u00a0\u00a0\u00a0\u00a0\u00a0\u00a0\u00a0\u00a0\u00a0\u00a0\u00a0\u00a0\u00a0\u00a0 ESITYSLISTA<\/p>\n<p><strong>KEV\u00c4TKOKOUS<\/strong><\/p>\n<p>Aika: 26.4.2017 klo 18.30<br \/>\nPaikka: Taivalkunnan koulu, Taivalkunnantie 575, 37120 Nokia<\/p>\n<ol>\n<li><strong>Kokouksen avaaminen<\/strong><\/li>\n<\/ol>\n<ul>\n<li>yhdistyksen puheenjohtaja avaa kokouksen<\/li>\n<\/ul>\n<ol start=\"2\">\n<li><strong>Kev\u00e4tkokouksen puhujavieraan esitys<\/strong><\/li>\n<\/ol>\n<ul>\n<li>Pirkanmaan J\u00e4tehuolto P\u00e4ivi Koro kertoo ajankohtaisasioista<\/li>\n<\/ul>\n<ol start=\"3\">\n<li><strong>Kokouksen j\u00e4rjest\u00e4ytyminen<\/strong><\/li>\n<\/ol>\n<ul>\n<li>valitaan kokouksen puheenjohtaja, sihteeri, kaksi p\u00f6yt\u00e4kirjan tarkastajaa ja tarvittaessa kaksi \u00e4\u00e4nten laskijaa<\/li>\n<\/ul>\n<ol start=\"4\">\n<li><strong>Laillisuuden ja p\u00e4\u00e4t\u00f6svaltaisuuden toteaminen<\/strong><\/li>\n<\/ol>\n<ul>\n<li>kokous on yhdistyksen s\u00e4\u00e4nt\u00f6jen mukaan kutsuttu<\/li>\n<\/ul>\n<ol start=\"5\">\n<li><strong>Esityslistan hyv\u00e4ksyminen<\/strong><\/li>\n<\/ol>\n<ul>\n<li>p\u00e4\u00e4tet\u00e4\u00e4n kokouksen ty\u00f6j\u00e4rjestyksest\u00e4 (esityslista on ollut kotisivuilla n\u00e4ht\u00e4viss\u00e4 ja k\u00e4yd\u00e4\u00e4n l\u00e4pi tarvittaessa)<\/li>\n<\/ul>\n<ol start=\"6\">\n<li><strong>Toimintakertomuksen 2016 k\u00e4sittely<\/strong><\/li>\n<\/ol>\n<ul>\n<li>k\u00e4sitell\u00e4\u00e4n hallituksen esitt\u00e4m\u00e4 toimintakertomus<\/li>\n<\/ul>\n<ol start=\"7\">\n<li><strong>Tilinp\u00e4\u00e4t\u00f6ksen k\u00e4sittely<\/strong><\/li>\n<\/ol>\n<ul>\n<li>esitet\u00e4\u00e4n tilinp\u00e4\u00e4t\u00f6s ja kuullaan toiminnantarkastajan lausunto<\/li>\n<\/ul>\n<ol start=\"8\">\n<li><strong>Tili- ja vastuuvapauden my\u00f6nt\u00e4minen tilivelvollisille<\/strong><\/li>\n<\/ol>\n<ul>\n<li>p\u00e4\u00e4tet\u00e4\u00e4n tilinp\u00e4\u00e4t\u00f6ksen vahvistamisesta ja vastuuvapauden my\u00f6nt\u00e4misest\u00e4 hallitukselle ja muille tilivelvollisille.<\/li>\n<\/ul>\n<ol start=\"9\">\n<li><strong>Muut esille tulevat asiat<\/strong><\/li>\n<\/ol>\n<ul>\n<li>kokousasiat ja ilmoitusasiat\n<ul>\n<li>kev\u00e4tkarkelot ovat 18.5 kello 18-20 koululla\n<ul>\n<li>perinteinen kyl\u00e4juhla seurustelun, ulkoilun ja tarjottavien parissa<\/li>\n<\/ul>\n<\/li>\n<li>Avoimet- kyl\u00e4t tapahtuma on 10.6 kello 15-17 koululla (Suomi 100)\n<ul>\n<li>myyj\u00e4iset ja kahvila sek\u00e4 vanhojen ty\u00f6kalujen ja k\u00e4ytt\u00f6esineiden n\u00e4yttely kello 15.00-17.00<\/li>\n<\/ul>\n<\/li>\n<\/ul>\n<\/li>\n<\/ul>\n<ol start=\"10\">\n<li><strong>Kokouksen p\u00e4\u00e4tt\u00e4minen<\/strong><\/li>\n<\/ol>\n<ul>\n<li>kokouksen puheenjohtaja p\u00e4\u00e4tt\u00e4\u00e4 kokouksen<\/li>\n<\/ul>\n","protected":false},"excerpt":{"rendered":"<p>&nbsp; \u00a0Taivalkunnan Kyl\u00e4t ry\u00a0\u00a0\u00a0\u00a0\u00a0\u00a0\u00a0\u00a0\u00a0\u00a0\u00a0\u00a0\u00a0\u00a0\u00a0\u00a0\u00a0\u00a0\u00a0\u00a0\u00a0\u00a0\u00a0\u00a0\u00a0\u00a0\u00a0\u00a0\u00a0\u00a0\u00a0\u00a0\u00a0\u00a0\u00a0\u00a0\u00a0\u00a0\u00a0\u00a0\u00a0\u00a0\u00a0\u00a0\u00a0\u00a0\u00a0\u00a0\u00a0\u00a0\u00a0\u00a0\u00a0\u00a0\u00a0\u00a0\u00a0\u00a0\u00a0\u00a0\u00a0\u00a0\u00a0\u00a0\u00a0\u00a0\u00a0\u00a0\u00a0\u00a0\u00a0\u00a0\u00a0\u00a0\u00a0\u00a0\u00a0\u00a0\u00a0\u00a0\u00a0\u00a0\u00a0\u00a0\u00a0\u00a0\u00a0\u00a0\u00a0\u00a0\u00a0\u00a0\u00a0\u00a0\u00a0\u00a0\u00a0\u00a0\u00a0\u00a0\u00a0 ESITYSLISTA KEV\u00c4TKOKOUS Aika: 26.4.2017 klo 18.30 Paikka: Taivalkunnan koulu, Taivalkunnantie 575, 37120 Nokia Kokouksen avaaminen yhdistyksen puheenjohtaja avaa kokouksen Kev\u00e4tkokouksen puhujavieraan esitys Pirkanmaan J\u00e4tehuolto P\u00e4ivi Koro kertoo ajankohtaisasioista Kokouksen j\u00e4rjest\u00e4ytyminen valitaan kokouksen puheenjohtaja, sihteeri, kaksi p\u00f6yt\u00e4kirjan tarkastajaa ja tarvittaessa kaksi \u00e4\u00e4nten laskijaa Laillisuuden ja p\u00e4\u00e4t\u00f6svaltaisuuden toteaminen kokous on yhdistyksen s\u00e4\u00e4nt\u00f6jen mukaan &hellip; <a href=\"https:\/\/www.nokiankylat.fi\/taivalkunta\/yhdistykset\/taivalkunnan-kylat-ry\/kokoukset-ja-kylaillat\/kevatkokous-26-4-2017\/esityslista-26-4-2017\/\">Jatkuu<\/a><\/p>\n","protected":false},"author":4,"featured_media":0,"parent":2088,"menu_order":0,"comment_status":"closed","ping_status":"closed","template":"","meta":{"_acf_changed":false,"footnotes":""},"class_list":["post-2095","page","type-page","status-publish","hentry"],"acf":[],"_links":{"self":[{"href":"https:\/\/www.nokiankylat.fi\/taivalkunta\/wp-json\/wp\/v2\/pages\/2095","targetHints":{"allow":["GET"]}}],"collection":[{"href":"https:\/\/www.nokiankylat.fi\/taivalkunta\/wp-json\/wp\/v2\/pages"}],"about":[{"href":"https:\/\/www.nokiankylat.fi\/taivalkunta\/wp-json\/wp\/v2\/types\/page"}],"author":[{"embeddable":true,"href":"https:\/\/www.nokiankylat.fi\/taivalkunta\/wp-json\/wp\/v2\/users\/4"}],"replies":[{"embeddable":true,"href":"https:\/\/www.nokiankylat.fi\/taivalkunta\/wp-json\/wp\/v2\/comments?post=2095"}],"version-history":[{"count":3,"href":"https:\/\/www.nokiankylat.fi\/taivalkunta\/wp-json\/wp\/v2\/pages\/2095\/revisions"}],"predecessor-version":[{"id":2102,"href":"https:\/\/www.nokiankylat.fi\/taivalkunta\/wp-json\/wp\/v2\/pages\/2095\/revisions\/2102"}],"up":[{"embeddable":true,"href":"https:\/\/www.nokiankylat.fi\/taivalkunta\/wp-json\/wp\/v2\/pages\/2088"}],"wp:attachment":[{"href":"https:\/\/www.nokiankylat.fi\/taivalkunta\/wp-json\/wp\/v2\/media?parent=2095"}],"curies":[{"name":"wp","href":"https:\/\/api.w.org\/{rel}","templated":true}]}}