{"id":2262,"date":"2017-09-21T14:33:03","date_gmt":"2017-09-21T11:33:03","guid":{"rendered":"https:\/\/www.nokiankylat.fi\/taivalkunta\/?page_id=2262"},"modified":"2017-09-21T15:13:12","modified_gmt":"2017-09-21T12:13:12","slug":"kylakirje-21-9-2017","status":"publish","type":"page","link":"https:\/\/www.nokiankylat.fi\/taivalkunta\/yhdistykset\/taivalkunnan-kylat-ry\/kylayhdistyksen-arkisto\/kylakirjeet\/kylakirjeet-2017\/kylakirje-21-9-2017\/","title":{"rendered":"Kyl\u00e4kirje 21-9-2017"},"content":{"rendered":"<p><strong>Taivalkunnan kyl\u00e4kirje 21.9.2017<\/strong><\/p>\n<p><strong>Kiitos <\/strong>kyl\u00e4n j\u00e4tepisteen kunnostuksesta kuuluu Pekka Tapolalle ja Erkko Maalammelle. Pekka suoristi katoksen ja laittoi kulmaraudat. Erkko raivasi katoksen ymp\u00e4rist\u00f6n ja maalasi katoksen. Kummankin miehen panokseen sis\u00e4ltyi my\u00f6s tarvittavat materiaalit.<\/p>\n<p>Olen kysellyt kaupungilta, Jouni Saranp\u00e4\u00e4lt\u00e4, j\u00e4tepisteeseen kattomateriaalia, jonka olen luvannut kyl\u00e4yhdistyksen talkoilla asentavan. Ainakaan toistaiseksi emme ole pelti\u00e4 ja tarvittavia puita saaneet. My\u00f6s kyl\u00e4n ilmoitustauluihin olen pyyt\u00e4nyt uusia vanereita.<\/p>\n<p><strong>5.10 kello 18.30 <\/strong>on koululla kyl\u00e4yhdistyksen j\u00e4rjest\u00e4m\u00e4 <strong>kyl\u00e4ilta<\/strong>. Ajatuksena on \u201djatkaa\u201d kev\u00e4\u00e4ll\u00e4 aloitettua kyl\u00e4historian muisteloa. Kuvia on mm. kyl\u00e4ll\u00e4 olleesta \u201dmaatalousn\u00e4yttelyst\u00e4\u201d ja kyl\u00e4ll\u00e4 toimivien yhdistysten toiminnasta ja koulusta.<\/p>\n<p><strong>Taivalkunnan kyl\u00e4t ry:n syyskokous pidet\u00e4\u00e4n 16.11 kello 18.30 alkaen. <\/strong>Lakis\u00e4\u00e4teiset asiat k\u00e4sitell\u00e4\u00e4n ja mahdollisesti muusta ohjelmasta tietoa tulee my\u00f6hemmin.<\/p>\n<p><strong>Tietoliikenneyhti\u00f6<\/strong> <strong>Elisalla<\/strong> on kupariverkon saneerauksen toteutus kyl\u00e4ll\u00e4mme menossa ja odotettavissa on siirtonopeuksien kasvaminen lankaverkossa. Pieni\u00e4 kaivuut\u00f6it\u00e4 tehd\u00e4\u00e4n taas pian samoissa paikoissa, miss\u00e4 kes\u00e4ll\u00e4 kaivettiin s\u00e4hk\u00f6verkkoa maahan niill\u00e4 osin, miss\u00e4 s\u00e4hk\u00f6laitos on poistamassa pylv\u00e4\u00e4ns\u00e4.<\/p>\n<p>Erikseen varmaan sitten kaivetaan viem\u00e4ri\u00e4 ja my\u00f6hemmin py\u00f6r\u00e4tien pohjia, mutta niinh\u00e4n niill\u00e4 tapana on tehd\u00e4.<\/p>\n<p>Kantri ry:n kyl\u00e4blogissa on elokuun alun j\u00e4lkeen 6 kpl minun kirjoittamia kyl\u00e4\u00e4mme ja sen toimintaan liittyvi\u00e4 blogeja. K\u00e4yk\u00e4\u00e4p\u00e4 selailemassa osoitteessa <a href=\"http:\/\/kantrinkylablogi.blogspot.fi\/\">http:\/\/kantrinkylablogi.blogspot.fi\/<\/a>. \u201dVanhoille\u201d kyl\u00e4l\u00e4isille ne ovat osin menneen muisteloa, mutta monille varmaan ihan uuttakin ja ajankohtaista asiaa.<\/p>\n<p>Ajatus on juhlavuoden kunniaksi julkaista my\u00f6s kyl\u00e4historiasta \u201dkuvateos\u201d. Siit\u00e4 voi tulla l\u00e4hes 200 sivuinen A4- kokoinen ja osin neliv\u00e4rinen kirja. Kiitos teille, joilta olen saanut materiaalia kyl\u00e4yhdistyksen k\u00e4ytt\u00f6\u00f6n. Teoksen taittoty\u00f6 on aloitettu, mutta kirjan sis\u00e4lt\u00f6 el\u00e4\u00e4 viel\u00e4 v\u00e4h\u00e4n. Kirjasta ilmeisesti tulee omakustanteinen ja otetaan melko pieni painos. Aika n\u00e4ytt\u00e4\u00e4 miten aikaansaannos ihmisi\u00e4 kiinnostaa ja mink\u00e4 osan kuluista saan katettua. On kyl\u00e4lt\u00e4 onneksi tullut jo terveisi\u00e4 kiinnostuksesta.<\/p>\n<p>Taivalkunnan kyl\u00e4t ry pj. Olli Sorva, <a href=\"mailto:olli.sorva@nokiansahkotalo.fi\">olli.sorva(at)nokiansahkotalo.fi<\/a> <a href=\"http:\/\/www.nokiankylat.fi\/taivalkunta\">www.nokiankylat.fi\/taivalkunta<\/a>, <a href=\"http:\/\/www.facebook.com\/taivalkunta\/\">www.facebook.com\/taivalkunta\/<\/a>.<\/p>\n","protected":false},"excerpt":{"rendered":"<p>Taivalkunnan kyl\u00e4kirje 21.9.2017 Kiitos kyl\u00e4n j\u00e4tepisteen kunnostuksesta kuuluu Pekka Tapolalle ja Erkko Maalammelle. Pekka suoristi katoksen ja laittoi kulmaraudat. Erkko raivasi katoksen ymp\u00e4rist\u00f6n ja maalasi katoksen. Kummankin miehen panokseen sis\u00e4ltyi my\u00f6s tarvittavat materiaalit. Olen kysellyt kaupungilta, Jouni Saranp\u00e4\u00e4lt\u00e4, j\u00e4tepisteeseen kattomateriaalia, jonka olen luvannut kyl\u00e4yhdistyksen talkoilla asentavan. Ainakaan toistaiseksi emme ole pelti\u00e4 ja tarvittavia puita saaneet. &hellip; <a href=\"https:\/\/www.nokiankylat.fi\/taivalkunta\/yhdistykset\/taivalkunnan-kylat-ry\/kylayhdistyksen-arkisto\/kylakirjeet\/kylakirjeet-2017\/kylakirje-21-9-2017\/\">Jatkuu<\/a><\/p>\n","protected":false},"author":4,"featured_media":0,"parent":1776,"menu_order":0,"comment_status":"closed","ping_status":"closed","template":"","meta":{"_acf_changed":false,"footnotes":""},"class_list":["post-2262","page","type-page","status-publish","hentry"],"acf":[],"_links":{"self":[{"href":"https:\/\/www.nokiankylat.fi\/taivalkunta\/wp-json\/wp\/v2\/pages\/2262","targetHints":{"allow":["GET"]}}],"collection":[{"href":"https:\/\/www.nokiankylat.fi\/taivalkunta\/wp-json\/wp\/v2\/pages"}],"about":[{"href":"https:\/\/www.nokiankylat.fi\/taivalkunta\/wp-json\/wp\/v2\/types\/page"}],"author":[{"embeddable":true,"href":"https:\/\/www.nokiankylat.fi\/taivalkunta\/wp-json\/wp\/v2\/users\/4"}],"replies":[{"embeddable":true,"href":"https:\/\/www.nokiankylat.fi\/taivalkunta\/wp-json\/wp\/v2\/comments?post=2262"}],"version-history":[{"count":2,"href":"https:\/\/www.nokiankylat.fi\/taivalkunta\/wp-json\/wp\/v2\/pages\/2262\/revisions"}],"predecessor-version":[{"id":2265,"href":"https:\/\/www.nokiankylat.fi\/taivalkunta\/wp-json\/wp\/v2\/pages\/2262\/revisions\/2265"}],"up":[{"embeddable":true,"href":"https:\/\/www.nokiankylat.fi\/taivalkunta\/wp-json\/wp\/v2\/pages\/1776"}],"wp:attachment":[{"href":"https:\/\/www.nokiankylat.fi\/taivalkunta\/wp-json\/wp\/v2\/media?parent=2262"}],"curies":[{"name":"wp","href":"https:\/\/api.w.org\/{rel}","templated":true}]}}