{"id":2329,"date":"2017-12-01T16:54:12","date_gmt":"2017-12-01T14:54:12","guid":{"rendered":"https:\/\/www.nokiankylat.fi\/taivalkunta\/?page_id=2329"},"modified":"2017-12-21T17:36:58","modified_gmt":"2017-12-21T15:36:58","slug":"poytakirja-16-11-2017","status":"publish","type":"page","link":"https:\/\/www.nokiankylat.fi\/taivalkunta\/yhdistykset\/taivalkunnan-kylat-ry\/kokoukset-ja-kylaillat\/syyskokous-16-11-2017\/poytakirja-16-11-2017\/","title":{"rendered":"P\u00f6yt\u00e4kirja 16-11-2017"},"content":{"rendered":"<p><strong>Taivalkunnan Kyl\u00e4t ry<\/strong>\u00a0\u00a0\u00a0\u00a0\u00a0\u00a0\u00a0\u00a0\u00a0\u00a0\u00a0\u00a0\u00a0\u00a0\u00a0\u00a0\u00a0\u00a0\u00a0\u00a0\u00a0\u00a0\u00a0\u00a0\u00a0\u00a0\u00a0\u00a0\u00a0\u00a0\u00a0\u00a0\u00a0\u00a0\u00a0\u00a0\u00a0\u00a0\u00a0\u00a0\u00a0\u00a0\u00a0\u00a0\u00a0\u00a0\u00a0\u00a0\u00a0\u00a0\u00a0\u00a0\u00a0\u00a0\u00a0\u00a0\u00a0\u00a0\u00a0\u00a0\u00a0\u00a0\u00a0\u00a0\u00a0\u00a0\u00a0\u00a0\u00a0\u00a0\u00a0\u00a0\u00a0\u00a0\u00a0\u00a0\u00a0\u00a0\u00a0\u00a0\u00a0\u00a0\u00a0\u00a0\u00a0\u00a0\u00a0\u00a0\u00a0\u00a0\u00a0\u00a0\u00a0\u00a0\u00a0\u00a0\u00a0\u00a0\u00a0\u00a0 <strong>P\u00d6YT\u00c4KIRJA<\/strong><\/p>\n<p><strong>SYYSKOKOUS<\/strong><\/p>\n<p>Aika: <strong>16.11.2017 klo 18.30<\/strong><br \/>\nPaikka: Taivalkunnan koulu 2.krs luokkahuone, Taivalkunnantie 575, 37120 Nokia<\/p>\n<p>L\u00e4sn\u00e4: Olli Sorva, Tomi Teuho-Markkola, Veijo Hynninen, Eeva-Liisa Hynninen, Terhi Leskinen, Leevi Leskinen, Elina J\u00e4rvinen, Sisko Sorva, Sami Savukoski ja Taina Suominen<\/p>\n<ol>\n<li><strong>Kokouksen avaaminen<\/strong><\/li>\n<\/ol>\n<ul>\n<li>Yhdistyksen puheenjohtaja Olli Sorva avasi kokouksen ja toivotti kokousv\u00e4en tervetulleeksi.<\/li>\n<\/ul>\n<ol start=\"2\">\n<li><strong>Kokouksen j\u00e4rjest\u00e4ytyminen<\/strong><\/li>\n<\/ol>\n<ul>\n<li>Valittiin yksimielisesti kokouksen puheenjohtajaksi Olli Sorva, sihteeriksi Sisko Sorva sek\u00e4 p\u00f6yt\u00e4kirjan tarkastajiksi Tomi Teuho-Markkola ja Veijo Hynninen. \u00c4\u00e4ntenlaskijat p\u00e4\u00e4tettiin valita, jos kokouksen kulku sit\u00e4 edellytt\u00e4\u00e4.<\/li>\n<\/ul>\n<ol start=\"3\">\n<li><strong>Laillisuuden ja p\u00e4\u00e4t\u00f6svaltaisuuden toteaminen<\/strong><\/li>\n<\/ol>\n<ul>\n<li>Todettiin, ett\u00e4 kokous on kutsuttu koolle yhdistyksen s\u00e4\u00e4nt\u00f6jen mukaisesti ja on laillinen ja p\u00e4\u00e4t\u00f6svaltainen.<\/li>\n<\/ul>\n<ol start=\"4\">\n<li><strong>Esityslistan hyv\u00e4ksyminen<\/strong><\/li>\n<\/ol>\n<ul>\n<li>Esityslista hyv\u00e4ksyttiin kokouksen ty\u00f6j\u00e4rjestykseksi.<\/li>\n<\/ul>\n<ol start=\"5\">\n<li><strong>Toimintasuunnitelman ja talousarvion vahvistaminen vuodelle 2018<\/strong><\/li>\n<\/ol>\n<ul>\n<li>Olli Sorva esitteli hallituksen laatiman toimintasuunnitelmaehdotuksen. Kokous hyv\u00e4ksyi sen muuttamattomana ja yksimielisesti vuoden 2018 toimintasuunnitelmaksi.<\/li>\n<li>Olli Sorva esitteli hallituksen laatiman talousarvioesityksen vuodelle 2018 ja kokous hyv\u00e4ksyi esityksen yksimielisesti.<\/li>\n<\/ul>\n<ol start=\"6\">\n<li><strong>Hallituksen puheenjohtajan valinta<\/strong><\/li>\n<\/ol>\n<ul>\n<li>Olli Sorva valittiin yksimielisesti puheenjohtajaksi vuodelle 2018.<\/li>\n<\/ul>\n<ol start=\"7\">\n<li><strong>Hallituksen j\u00e4senten valinta <\/strong><\/li>\n<\/ol>\n<ul>\n<li>Hallituksen j\u00e4seniksi 2-vuotiskaudelle 2018 ja 2019 valittiin Anja Mattila ja Teemu Lehtim\u00e4ki (Teemu ei ollut kokouksessa l\u00e4sn\u00e4, mutta Terhi on kysynyt h\u00e4nelt\u00e4 suostumuksen).<\/li>\n<li>Vanhoina j\u00e4seni\u00e4 vuoden 2018 jatkavat Minna M\u00e4kinen, Terhi Leskinen, Elina J\u00e4rvinen ja Tomi Teuho-Markkola.<\/li>\n<\/ul>\n<ol start=\"8\">\n<li><strong>Toiminnantarkastajan ja varatoiminnantarkastajan valinta<\/strong><\/li>\n<\/ol>\n<ul>\n<li>Toiminnantarkastajaksi valittiin Veijo Hynninen<\/li>\n<li>Varatoiminnantarkastajaksi valittiin Leena Myllyntausta (Leena ei ollut kokouksessa l\u00e4sn\u00e4, mutta Olli on kysynyt h\u00e4nelt\u00e4 suostumuksen).<\/li>\n<\/ul>\n<ol start=\"9\">\n<li><strong>Muut esille tulevat asiat<\/strong><\/li>\n<\/ol>\n<ul>\n<li>Kokousv\u00e4elle kerrottiin kyl\u00e4n ilmoitusasioina\n<ul>\n<li>Kaamosmarkkinat ovat 19.11. kello 13-15, j\u00e4rj. koulun vanhempainyhdistys<\/li>\n<li>Koululaisten pit\u00e4m\u00e4 kyl\u00e4kahvila on 4.12. kello 12-13.30<\/li>\n<li>Joululauluilta 20.12. kello 18, j\u00e4rj. kyl\u00e4yhdistys ja koulu<\/li>\n<\/ul>\n<\/li>\n<\/ul>\n<ol start=\"10\">\n<li><strong>Kokouksen p\u00e4\u00e4tt\u00e4minen<\/strong><\/li>\n<\/ol>\n<ul>\n<li>Kokouksen puheenjohtaja Olli Sorva kiitti osanottajia ja p\u00e4\u00e4tti kokouksen kello 19.15.<\/li>\n<\/ul>\n<p>&nbsp;<\/p>\n<p><strong>Illan muu ohjelma<\/strong><\/p>\n<p>Kokouksen aluksi oli kahvitarjoilu. Kiitos kuuluu Elinalle hyvist\u00e4 kahveista ja kastettavista.<\/p>\n<p>Nokian Palvelukoiraharrastajat Taina Suominen ja pj. Sami Savukoski esitteliv\u00e4t kutsuttuina toimintaansa heti syyskokouksen p\u00e4\u00e4tytty\u00e4. Kokouksen puheenjohtaja antoi heille kiitoksen mielenkiintoisesta ja antoisasta esityksest\u00e4.<\/p>\n<p>Sen j\u00e4lkeen oli Kyl\u00e4historiateoksen julkaisu esittelij\u00e4n\u00e4 teoksen tekij\u00e4 Olli Sorva. Kirjaa voi ostaa Ollilta hintaan 30,- euroa\/kpl.<\/p>\n<p>Pianomusiikkia esitti Suvi Sorva<\/p>\n<p>Ennen kokousta<\/p>\n<ul>\n<li>Taivas on sininen ja valkoinen<\/li>\n<li>H\u00e4m\u00e4l\u00e4isten laulu<\/li>\n<li>Kes\u00e4p\u00e4iv\u00e4 Kangasalla<\/li>\n<\/ul>\n<p>Iltamme p\u00e4\u00e4tteeksi<\/p>\n<ul>\n<li>Isois\u00e4n olkihattu<\/li>\n<li>Lokki<\/li>\n<li>Satumaa<\/li>\n<\/ul>\n<p>&nbsp;<\/p>\n<p>Olli Sorva, puheenjohtaja<\/p>\n<p>&nbsp;<\/p>\n<p>Sisko Sorva, sihteeri<\/p>\n<p>&nbsp;<\/p>\n<p>Veijo Hynninen, p\u00f6yt\u00e4kirjantarkastaja<\/p>\n<p>&nbsp;<\/p>\n<p>Tomi Teuho-Markkola, p\u00f6yt\u00e4kirjantarkastaja<\/p>\n","protected":false},"excerpt":{"rendered":"<p>Taivalkunnan Kyl\u00e4t ry\u00a0\u00a0\u00a0\u00a0\u00a0\u00a0\u00a0\u00a0\u00a0\u00a0\u00a0\u00a0\u00a0\u00a0\u00a0\u00a0\u00a0\u00a0\u00a0\u00a0\u00a0\u00a0\u00a0\u00a0\u00a0\u00a0\u00a0\u00a0\u00a0\u00a0\u00a0\u00a0\u00a0\u00a0\u00a0\u00a0\u00a0\u00a0\u00a0\u00a0\u00a0\u00a0\u00a0\u00a0\u00a0\u00a0\u00a0\u00a0\u00a0\u00a0\u00a0\u00a0\u00a0\u00a0\u00a0\u00a0\u00a0\u00a0\u00a0\u00a0\u00a0\u00a0\u00a0\u00a0\u00a0\u00a0\u00a0\u00a0\u00a0\u00a0\u00a0\u00a0\u00a0\u00a0\u00a0\u00a0\u00a0\u00a0\u00a0\u00a0\u00a0\u00a0\u00a0\u00a0\u00a0\u00a0\u00a0\u00a0\u00a0\u00a0\u00a0\u00a0\u00a0\u00a0\u00a0\u00a0\u00a0\u00a0\u00a0\u00a0 P\u00d6YT\u00c4KIRJA SYYSKOKOUS Aika: 16.11.2017 klo 18.30 Paikka: Taivalkunnan koulu 2.krs luokkahuone, Taivalkunnantie 575, 37120 Nokia L\u00e4sn\u00e4: Olli Sorva, Tomi Teuho-Markkola, Veijo Hynninen, Eeva-Liisa Hynninen, Terhi Leskinen, Leevi Leskinen, Elina J\u00e4rvinen, Sisko Sorva, Sami Savukoski ja Taina Suominen Kokouksen avaaminen Yhdistyksen puheenjohtaja Olli Sorva avasi kokouksen ja toivotti kokousv\u00e4en tervetulleeksi. Kokouksen j\u00e4rjest\u00e4ytyminen Valittiin &hellip; <a href=\"https:\/\/www.nokiankylat.fi\/taivalkunta\/yhdistykset\/taivalkunnan-kylat-ry\/kokoukset-ja-kylaillat\/syyskokous-16-11-2017\/poytakirja-16-11-2017\/\">Jatkuu<\/a><\/p>\n","protected":false},"author":4,"featured_media":0,"parent":2336,"menu_order":0,"comment_status":"closed","ping_status":"closed","template":"","meta":{"_acf_changed":false,"footnotes":""},"class_list":["post-2329","page","type-page","status-publish","hentry"],"acf":[],"_links":{"self":[{"href":"https:\/\/www.nokiankylat.fi\/taivalkunta\/wp-json\/wp\/v2\/pages\/2329","targetHints":{"allow":["GET"]}}],"collection":[{"href":"https:\/\/www.nokiankylat.fi\/taivalkunta\/wp-json\/wp\/v2\/pages"}],"about":[{"href":"https:\/\/www.nokiankylat.fi\/taivalkunta\/wp-json\/wp\/v2\/types\/page"}],"author":[{"embeddable":true,"href":"https:\/\/www.nokiankylat.fi\/taivalkunta\/wp-json\/wp\/v2\/users\/4"}],"replies":[{"embeddable":true,"href":"https:\/\/www.nokiankylat.fi\/taivalkunta\/wp-json\/wp\/v2\/comments?post=2329"}],"version-history":[{"count":1,"href":"https:\/\/www.nokiankylat.fi\/taivalkunta\/wp-json\/wp\/v2\/pages\/2329\/revisions"}],"predecessor-version":[{"id":2330,"href":"https:\/\/www.nokiankylat.fi\/taivalkunta\/wp-json\/wp\/v2\/pages\/2329\/revisions\/2330"}],"up":[{"embeddable":true,"href":"https:\/\/www.nokiankylat.fi\/taivalkunta\/wp-json\/wp\/v2\/pages\/2336"}],"wp:attachment":[{"href":"https:\/\/www.nokiankylat.fi\/taivalkunta\/wp-json\/wp\/v2\/media?parent=2329"}],"curies":[{"name":"wp","href":"https:\/\/api.w.org\/{rel}","templated":true}]}}