{"id":2368,"date":"2018-01-30T19:25:03","date_gmt":"2018-01-30T17:25:03","guid":{"rendered":"https:\/\/www.nokiankylat.fi\/taivalkunta\/?page_id=2368"},"modified":"2018-02-10T13:49:04","modified_gmt":"2018-02-10T11:49:04","slug":"kylakirje-30-1-2018","status":"publish","type":"page","link":"https:\/\/www.nokiankylat.fi\/taivalkunta\/yhdistykset\/taivalkunnan-kylat-ry\/kylayhdistyksen-arkisto\/kylakirjeet\/kylakirjeet-2018\/kylakirje-30-1-2018\/","title":{"rendered":"Kyl\u00e4kirje 30-1-2018"},"content":{"rendered":"<p><strong>Taivalkunnan kyl\u00e4kirje 30.1.2018<\/strong><\/p>\n<p>Talvitapahtuma j\u00e4rjestet\u00e4\u00e4n Jutkulan m\u00e4ess\u00e4 (golf- kent\u00e4ll\u00e4, koululta v\u00e4h\u00e4n Nokialle p\u00e4in) su <strong>18.2.2018 klo 14 alkaen<\/strong>. Luvassa on makkaranpaistoa nuotiolla, kahvia ja mehua sek\u00e4 pulkkam\u00e4ki. Muilta osin mahdollinen ohjelma on viel\u00e4 avoin.<\/p>\n<p>Taivalkunnan kyl\u00e4t ry:n <strong>kev\u00e4tkokous pidet\u00e4\u00e4n 26.4 kello 18.30<\/strong>. K\u00e4sitell\u00e4\u00e4n lakis\u00e4\u00e4teiset asiat ja juodaan kahvit. Kutsuttuna paikalla on Nokian kaupungin <strong>elinkeinop\u00e4\u00e4llikk\u00f6 Tiina Laakkonen<\/strong> esitt\u00e4ytym\u00e4ss\u00e4 ja kertomassa kyli\u00e4 koskevasta asiasta. Tarkempaa tietoa tulee l\u00e4hemp\u00e4n\u00e4 ajankohtaa.<\/p>\n<p>Kyl\u00e4n perinteiset <strong>Kev\u00e4tkarkelot pidet\u00e4\u00e4n to 17.5.2018 klo 18.00<\/strong> Taivalkunnan koululla. J\u00e4rjestelyvastuu on Taivalkunnan kyl\u00e4t ry:ll\u00e4, mutta kutsumme kaikki muutkin <strong>Taivalkuntalaiset yhdistykset<\/strong> osallistumaan ja ideoimaan <strong>4.4 kello 18.30<\/strong> pidett\u00e4v\u00e4\u00e4n suunnittelupalaveriin. Karkeloiden tuotto kanavoidaan koulumme oppilaiden virkistystoimintaan. Tapahtumaa vietet\u00e4\u00e4n koulun pihassa seurustellen ja kisaillen sek\u00e4 tavaten tuttavia ja uusia kyl\u00e4l\u00e4isi\u00e4. Tarjolla lettuja, makkaraa jne.<\/p>\n<p>Kevyenliikenteen v\u00e4yl\u00e4\u00e4 aletaan rakentamaan ja ellei \u201dyll\u00e4tyksi\u00e4\u201d tule, niin se valmistunee joko syksyll\u00e4 tai ensi vuonna. Alkukokous asiasta on huomenna ja siell\u00e4 p\u00e4\u00e4tet\u00e4\u00e4n mm. hanketta varten tarvittavien alueiden ottamisesta tienpit\u00e4j\u00e4n haltuun. Pihtikorventien risteyst\u00e4 ollaan siirt\u00e4m\u00e4ss\u00e4 Nokialle p\u00e4in ja kyseisen tieyhdistyksen puheenjohtajana olen kutsuttu ja menossa kokoukseen.<\/p>\n<p>Nokia osallistuu valtakunnalliseen lapsi- ja perhepalveluiden muutosohjelmaan. Siihen liittyen on LAPE kick off -tilaisuus 1.2. Menen siihen kyl\u00e4yhdistyksen edustajana kuuntelemaan mist\u00e4 on kyse ja ehk\u00e4 antamaan oman n\u00e4k\u00f6kulmamme.<\/p>\n<p>Taivalkunta historiasta nykyp\u00e4iv\u00e4\u00e4n- kuvateosta voi ostaa minulta ja Nokian S\u00e4hk\u00f6talosta. Hinta on 30,- euroa\/kpl. Kirjassa on yli 380 valokuvaa Taivalkunnasta. Kirjan sis\u00e4lt\u00f6\u00f6n voi tutustua esim. ottamalla yhteytt\u00e4 minuun.<\/p>\n<p>Messut Nokialla (26.5-27.5) tapahtumassa on Nokian kylill\u00e4 yhteinen osasto ja Taivalkunnan mukanaolosta on tehty p\u00e4\u00e4t\u00f6s. Asasta lis\u00e4\u00e4 hy\u00f6hemmin.<\/p>\n<p>Talven selk\u00e4 on taittumassa ja kyl\u00e4n asiatkin n\u00e4ytt\u00e4ytyv\u00e4t valoisissa merkeiss\u00e4. Ollaan yhteydess\u00e4 puolin ja toisin. Taivalkunnan kyl\u00e4t ry pj. Olli Sorva, <a href=\"mailto:olli.sorva@nokiansahkotalo.fi\">olli.sorva(at)nokiansahkotalo.fi<\/a>, <a href=\"http:\/\/www.nokiankylat.fi\/taivalkunta\">www.nokiankylat.fi\/taivalkunta<\/a>, <a href=\"http:\/\/www.facebook.com\/taivalkunta\/\">www.facebook.com\/taivalkunta\/<\/a>.<\/p>\n","protected":false},"excerpt":{"rendered":"<p>Taivalkunnan kyl\u00e4kirje 30.1.2018 Talvitapahtuma j\u00e4rjestet\u00e4\u00e4n Jutkulan m\u00e4ess\u00e4 (golf- kent\u00e4ll\u00e4, koululta v\u00e4h\u00e4n Nokialle p\u00e4in) su 18.2.2018 klo 14 alkaen. Luvassa on makkaranpaistoa nuotiolla, kahvia ja mehua sek\u00e4 pulkkam\u00e4ki. Muilta osin mahdollinen ohjelma on viel\u00e4 avoin. Taivalkunnan kyl\u00e4t ry:n kev\u00e4tkokous pidet\u00e4\u00e4n 26.4 kello 18.30. K\u00e4sitell\u00e4\u00e4n lakis\u00e4\u00e4teiset asiat ja juodaan kahvit. Kutsuttuna paikalla on Nokian kaupungin elinkeinop\u00e4\u00e4llikk\u00f6 Tiina &hellip; <a href=\"https:\/\/www.nokiankylat.fi\/taivalkunta\/yhdistykset\/taivalkunnan-kylat-ry\/kylayhdistyksen-arkisto\/kylakirjeet\/kylakirjeet-2018\/kylakirje-30-1-2018\/\">Jatkuu<\/a><\/p>\n","protected":false},"author":4,"featured_media":0,"parent":2356,"menu_order":0,"comment_status":"closed","ping_status":"closed","template":"","meta":{"_acf_changed":false,"footnotes":""},"class_list":["post-2368","page","type-page","status-publish","hentry"],"acf":[],"_links":{"self":[{"href":"https:\/\/www.nokiankylat.fi\/taivalkunta\/wp-json\/wp\/v2\/pages\/2368","targetHints":{"allow":["GET"]}}],"collection":[{"href":"https:\/\/www.nokiankylat.fi\/taivalkunta\/wp-json\/wp\/v2\/pages"}],"about":[{"href":"https:\/\/www.nokiankylat.fi\/taivalkunta\/wp-json\/wp\/v2\/types\/page"}],"author":[{"embeddable":true,"href":"https:\/\/www.nokiankylat.fi\/taivalkunta\/wp-json\/wp\/v2\/users\/4"}],"replies":[{"embeddable":true,"href":"https:\/\/www.nokiankylat.fi\/taivalkunta\/wp-json\/wp\/v2\/comments?post=2368"}],"version-history":[{"count":1,"href":"https:\/\/www.nokiankylat.fi\/taivalkunta\/wp-json\/wp\/v2\/pages\/2368\/revisions"}],"predecessor-version":[{"id":2369,"href":"https:\/\/www.nokiankylat.fi\/taivalkunta\/wp-json\/wp\/v2\/pages\/2368\/revisions\/2369"}],"up":[{"embeddable":true,"href":"https:\/\/www.nokiankylat.fi\/taivalkunta\/wp-json\/wp\/v2\/pages\/2356"}],"wp:attachment":[{"href":"https:\/\/www.nokiankylat.fi\/taivalkunta\/wp-json\/wp\/v2\/media?parent=2368"}],"curies":[{"name":"wp","href":"https:\/\/api.w.org\/{rel}","templated":true}]}}