{"id":2517,"date":"2017-08-17T11:53:34","date_gmt":"2017-08-17T08:53:34","guid":{"rendered":"https:\/\/www.nokiankylat.fi\/taivalkunta\/?page_id=2517"},"modified":"2018-04-21T12:20:27","modified_gmt":"2018-04-21T09:20:27","slug":"kantrin-kylablogi-16-8-2017","status":"publish","type":"page","link":"https:\/\/www.nokiankylat.fi\/taivalkunta\/kuvat\/lehtileikkeita\/lehtileikkeita-2017\/kantrin-kylablogi-16-8-2017\/","title":{"rendered":"Kantrin kyl\u00e4blogi 16-8-2017"},"content":{"rendered":"<p><strong>KESKIVIIKKO 16. ELOKUUTA 2017<\/strong><\/p>\n<p><strong><a href=\"http:\/\/kantrinkylablogi.blogspot.fi\/2017\/08\/miten-yhteishenkea-kehitetaan.html\">Miten yhteishenke\u00e4 kehitet\u00e4\u00e4n<\/a><\/strong><\/p>\n<p><a href=\"https:\/\/www.nokiankylat.fi\/taivalkunta\/wp-content\/uploads\/sites\/11\/2018\/04\/2018-04-21-4-e1524298955160.png\"><img loading=\"lazy\" decoding=\"async\" class=\"alignnone wp-image-2510\" src=\"https:\/\/www.nokiankylat.fi\/taivalkunta\/wp-content\/uploads\/sites\/11\/2018\/04\/2018-04-21-4-e1524298955160-202x300.png\" alt=\"\" width=\"132\" height=\"196\" srcset=\"https:\/\/www.nokiankylat.fi\/taivalkunta\/wp-content\/uploads\/sites\/11\/2018\/04\/2018-04-21-4-e1524298955160-202x300.png 202w, https:\/\/www.nokiankylat.fi\/taivalkunta\/wp-content\/uploads\/sites\/11\/2018\/04\/2018-04-21-4-e1524298955160.png 252w\" sizes=\"auto, (max-width: 132px) 100vw, 132px\" \/><\/a><\/p>\n<p><strong>\u00a0<\/strong><\/p>\n<p><strong>TAPA EL\u00c4\u00c4 JA OLLA VUOROVAIKUTUKSESSA<\/strong><\/p>\n<p>Olen pienen tauon j\u00e4lkeen ollut yht\u00e4jaksoisesti muutaman vuoden Taivalkunnan kyl\u00e4yhdistyksen hallituksessa ja puheenjohtajaksikin valittuna kohta 3 viimeist\u00e4 vuotta. N\u00e4in\u00e4 vuosina olen vahvasti tuonut esiin kyl\u00e4suunnittelua, kyl\u00e4turvallisuutta ja tiedottamista sek\u00e4 yhdess\u00e4olon merkityst\u00e4. Olen itse ollut my\u00f6s k\u00e4yt\u00e4nn\u00f6n toimijana ja asioiden eteenp\u00e4in viej\u00e4n\u00e4 k\u00e4ytt\u00e4en hyv\u00e4ksi my\u00f6s verkostoitumista. Leip\u00e4ty\u00f6ni on tuonut minulle paljon ihmistuntemusta ja valmiita kontakteja, joista osaa voi luontevasti k\u00e4ytt\u00e4\u00e4 my\u00f6s kyl\u00e4toimintaharrastuksessani eduksi. Ei meit\u00e4 kyl\u00e4ll\u00e4 montaa varsinaista kyl\u00e4aktivistia ole, mutta tilaisuuksiin ja tapahtumiin saadaan tarpeeksi talkoov\u00e4ke\u00e4 ja ihan hyvin osanottajia. Se tehd\u00e4\u00e4n, mit\u00e4 koetaan t\u00e4rke\u00e4ksi ja luontevaksi kyl\u00e4lle sek\u00e4 mille on \u201dtilausta\u201d. Lapsia aktivoidaan tietoisesti.<\/p>\n<p><strong>ASUKKAILLE VAIKUTUSMAHDOLLISUUTTA<\/strong><\/p>\n<p>Laitan t\u00e4h\u00e4n tarinaa 2-3 viimeksi kuluneelta vuodelta kyl\u00e4lt\u00e4mme yhteishengen kehitt\u00e4misest\u00e4. Taivalkunnan kyl\u00e4t ry teki kyl\u00e4kyselyn kev\u00e4\u00e4ll\u00e4 2014. L\u00e4hes puolelta kyl\u00e4l\u00e4isilt\u00e4 saimme vastauksia kyselyyn ja muutenkin kyl\u00e4suunnitelman teko yhdisti ja aktivoi kyl\u00e4l\u00e4isi\u00e4. Vastauksista tein\u00a0<a href=\"https:\/\/www.nokiankylat.fi\/taivalkunta\/wp-content\/uploads\/sites\/11\/2016\/03\/KYL%C3%84KYSELY-2014.pdf\">yhteenvedon<\/a>\u00a0diasarjaksi, jonka esitin kyl\u00e4illassa. Teimme opettajien my\u00f6t\u00e4vaikutuksella my\u00f6s kaikille koulun oppilaille kyl\u00e4kyselyn lasten n\u00e4k\u00f6kulmasta ja -kannasta, josta my\u00f6s tein yhteenvedon. My\u00f6s t\u00e4m\u00e4 yhteenveto julkaistiin. Olimme saaneet hyv\u00e4\u00e4 pohja-aineistoa tulevaan kyl\u00e4suunnitelmaan.<\/p>\n<p>Kev\u00e4\u00e4ll\u00e4 2015 pidettiin kyl\u00e4ilta, jossa ryhm\u00e4ty\u00f6n\u00e4 pohdittiin yhteisi\u00e4 asioita suunnitteilla olevan kyl\u00e4suunnitelman pohjaksi. Ryhm\u00e4ty\u00f6n tulokset laitettiin kirjalliseen muotoon. Kaveriksi kyl\u00e4suunnitelmaamme tekem\u00e4\u00e4n olin kutsunut Pirkan Kylist\u00e4 Marja Vehn\u00e4maan. Kyl\u00e4yhdistyksen puolesta suunnitelmaa laati ty\u00f6ryhm\u00e4, johon kuului yhdistyksemme sihteeri, varapuheenjohtaja ja min\u00e4 puheenjohtajana. Palavereissamme oli mukana my\u00f6s Marja.<\/p>\n<p><strong>TIEDOTETAAN, MIT\u00c4 ON TEHTY<\/strong><\/p>\n<p>Toiminnan l\u00e4pin\u00e4kyvyys, avoimuus ja rehellisyys ovat ensi-arvoisen t\u00e4rkeit\u00e4, jotta saadaan jatkuvuutta ja uusia nuoria mukaan toimintaan. T\u00e4n\u00e4 p\u00e4iv\u00e4n\u00e4 tiedotukselta vaaditaan hieman enemm\u00e4n kuin ennen, koska tiedontulva on lis\u00e4\u00e4ntynyt, eik\u00e4 kaikkea havaita ja lueta niin tarkkaavaisesti. Toisaalta tiedottaminen on tullut hyvin helpoksi verrattuna menneeseen aikaan. Yhteenvetona voisi sanoa, ett\u00e4 nyky\u00e4\u00e4n taitaa p\u00e4\u00e4st\u00e4 tiedottamisessa v\u00e4hemm\u00e4ll\u00e4 kuin ennen. On kuitenkin muistettava pit\u00e4\u00e4 huoli siit\u00e4, ett\u00e4 tapa toimia on ajantasaista ja monipuolista, eik\u00e4 kaikkia tavoita vain yhdell\u00e4 medialla.<\/p>\n<p><a href=\"https:\/\/www.nokiankylat.fi\/taivalkunta\/wp-content\/uploads\/sites\/11\/2016\/01\/KYL%C3%84SUUNNITELMA-2015.pdf\">Kyl\u00e4suunnitelmamme<\/a>\u00a0julkaistiin ja painettiin loppukev\u00e4\u00e4st\u00e4 2015 ja se jaettiin kaikkiin kyl\u00e4n talouksiin sek\u00e4 oli messujakeluna kylien osastolla Nokian messuilla. Edell\u00e4 mainitsemani yhteenvedot ja diasarjat laitoin kyl\u00e4mme kotisivuille, jonne aina ohjaamme v\u00e4ke\u00e4 k\u00e4ym\u00e4\u00e4n.<\/p>\n<table>\n<tbody>\n<tr>\n<td>\u00a0<a href=\"https:\/\/www.nokiankylat.fi\/taivalkunta\/wp-content\/uploads\/sites\/11\/2018\/04\/2018-04-21-6-e1524300994255.png\"><img loading=\"lazy\" decoding=\"async\" class=\"alignnone size-medium wp-image-2518\" src=\"https:\/\/www.nokiankylat.fi\/taivalkunta\/wp-content\/uploads\/sites\/11\/2018\/04\/2018-04-21-6-e1524300994255-220x300.png\" alt=\"\" width=\"220\" height=\"300\" srcset=\"https:\/\/www.nokiankylat.fi\/taivalkunta\/wp-content\/uploads\/sites\/11\/2018\/04\/2018-04-21-6-e1524300994255-220x300.png 220w, https:\/\/www.nokiankylat.fi\/taivalkunta\/wp-content\/uploads\/sites\/11\/2018\/04\/2018-04-21-6-e1524300994255.png 364w\" sizes=\"auto, (max-width: 220px) 100vw, 220px\" \/><\/a><\/td>\n<\/tr>\n<tr>\n<td>Kyl\u00e4suunnitelmaa oli jaossa my\u00f6s Nokian messuilla<\/td>\n<\/tr>\n<\/tbody>\n<\/table>\n<p>Tarinaa viime vuoden toimintatavoistamme voit lukea seuraavassa kirjoituksessani.<\/p>\n<p>Olli Sorva, pj Taivalkunnan kyl\u00e4t ry<\/p>\n","protected":false},"excerpt":{"rendered":"<p>KESKIVIIKKO 16. ELOKUUTA 2017 Miten yhteishenke\u00e4 kehitet\u00e4\u00e4n \u00a0 TAPA EL\u00c4\u00c4 JA OLLA VUOROVAIKUTUKSESSA Olen pienen tauon j\u00e4lkeen ollut yht\u00e4jaksoisesti muutaman vuoden Taivalkunnan kyl\u00e4yhdistyksen hallituksessa ja puheenjohtajaksikin valittuna kohta 3 viimeist\u00e4 vuotta. N\u00e4in\u00e4 vuosina olen vahvasti tuonut esiin kyl\u00e4suunnittelua, kyl\u00e4turvallisuutta ja tiedottamista sek\u00e4 yhdess\u00e4olon merkityst\u00e4. Olen itse ollut my\u00f6s k\u00e4yt\u00e4nn\u00f6n toimijana ja asioiden eteenp\u00e4in viej\u00e4n\u00e4 k\u00e4ytt\u00e4en &hellip; <a href=\"https:\/\/www.nokiankylat.fi\/taivalkunta\/kuvat\/lehtileikkeita\/lehtileikkeita-2017\/kantrin-kylablogi-16-8-2017\/\">Jatkuu<\/a><\/p>\n","protected":false},"author":4,"featured_media":0,"parent":1960,"menu_order":0,"comment_status":"closed","ping_status":"closed","template":"","meta":{"_acf_changed":false,"footnotes":""},"class_list":["post-2517","page","type-page","status-publish","hentry"],"acf":[],"_links":{"self":[{"href":"https:\/\/www.nokiankylat.fi\/taivalkunta\/wp-json\/wp\/v2\/pages\/2517","targetHints":{"allow":["GET"]}}],"collection":[{"href":"https:\/\/www.nokiankylat.fi\/taivalkunta\/wp-json\/wp\/v2\/pages"}],"about":[{"href":"https:\/\/www.nokiankylat.fi\/taivalkunta\/wp-json\/wp\/v2\/types\/page"}],"author":[{"embeddable":true,"href":"https:\/\/www.nokiankylat.fi\/taivalkunta\/wp-json\/wp\/v2\/users\/4"}],"replies":[{"embeddable":true,"href":"https:\/\/www.nokiankylat.fi\/taivalkunta\/wp-json\/wp\/v2\/comments?post=2517"}],"version-history":[{"count":2,"href":"https:\/\/www.nokiankylat.fi\/taivalkunta\/wp-json\/wp\/v2\/pages\/2517\/revisions"}],"predecessor-version":[{"id":2529,"href":"https:\/\/www.nokiankylat.fi\/taivalkunta\/wp-json\/wp\/v2\/pages\/2517\/revisions\/2529"}],"up":[{"embeddable":true,"href":"https:\/\/www.nokiankylat.fi\/taivalkunta\/wp-json\/wp\/v2\/pages\/1960"}],"wp:attachment":[{"href":"https:\/\/www.nokiankylat.fi\/taivalkunta\/wp-json\/wp\/v2\/media?parent=2517"}],"curies":[{"name":"wp","href":"https:\/\/api.w.org\/{rel}","templated":true}]}}