{"id":2659,"date":"2018-09-22T15:15:20","date_gmt":"2018-09-22T12:15:20","guid":{"rendered":"https:\/\/www.nokiankylat.fi\/taivalkunta\/?page_id=2659"},"modified":"2018-09-22T15:15:20","modified_gmt":"2018-09-22T12:15:20","slug":"kylakirje-22-9-2018","status":"publish","type":"page","link":"https:\/\/www.nokiankylat.fi\/taivalkunta\/yhdistykset\/taivalkunnan-kylat-ry\/kylayhdistyksen-arkisto\/kylakirjeet\/kylakirjeet-2018\/kylakirje-22-9-2018\/","title":{"rendered":"Kyl\u00e4kirje 22-9-2018"},"content":{"rendered":"<p>Taivalkunnan kyl\u00e4kirje 22.9.2018<\/p>\n<p>&nbsp;<\/p>\n<p><strong>Tarinakahvila on Alastalossa 25.9 kello 18<\/strong>. Se on Nokian kaupungin kulttuuritoimen, Pirkan Opiston, Nokian Uutisten, Pirkanmaan maakuntamuseon ja Nokia-Seuran yhdess\u00e4 j\u00e4rjest\u00e4m\u00e4 tarinoidenkeruu tapahtuma. Nyt on vuorossa Taivalkunnan tarinat. Varsinainen kutsu l\u00f6ytyy my\u00f6s kyl\u00e4n sivuilta <a href=\"http:\/\/www.nokiankylat.fi\/taivalkunta\/tapahtumat\/\">www.nokiankylat.fi\/taivalkunta\/tapahtumat\/<\/a> . Tule osallistumaan jutteluun tai kuuntelemaan muiden juttuja. Mit\u00e4 muistat n\u00e4ist\u00e4 paikoista ja siell\u00e4 asuneista ihmisist\u00e4? Mit\u00e4 olet kuullut kerrottavan?<\/p>\n<p><strong>Taulaj\u00e4rven leirint\u00e4aluekyltti<\/strong> ilmestyi kes\u00e4n aikana kyseisen tien alkup\u00e4\u00e4h\u00e4n. N\u00e4ytt\u00e4\u00e4 silt\u00e4, ett\u00e4 kyltist\u00e4 ei kaupungilla tied\u00e4 ainakaan puutarha-, liikunta- tai ymp\u00e4rist\u00f6puoli. Infrapuolelta en saanut vastausta, mutta Jouni Saranp\u00e4\u00e4ll\u00e4 ei kai \u201dole aikaa\u201d antaa vastausta. Mit\u00e4\u00e4n leirej\u00e4 ei tiet\u00e4\u00e4kseni alueelle ole suunniteltu, joten jokamiesoikeuteen nojautuen voimme siell\u00e4 jatkossakin kulkea ja satunnaisesti uimassa k\u00e4yd\u00e4, kuten t\u00e4h\u00e4nkin asti.<\/p>\n<p><strong>Kevyenliikenteen v\u00e4yl\u00e4\u00e4<\/strong> ei saada viel\u00e4 t\u00e4n\u00e4 vuonna, mutta kyll\u00e4 se sielt\u00e4 tulee. Kysyin asiasta viikko sitten, ett\u00e4 joko rahoitusp\u00e4\u00e4t\u00f6s on olemassa ja tietoa aikataulusta. Jarkko Peuralan (projektip\u00e4\u00e4llikk\u00f6 ELY-keskus) vastaus oli: \u201dHankkeen rahoitukseen ei valitettavasti ole tullut selvennyst\u00e4. V\u00e4yl\u00e4n toteutuksesta ei tietoa.\u201d<\/p>\n<p><strong>Olisiko kyl\u00e4ll\u00e4 kiinnostusta nyt syksyll\u00e4 ensiapukurssiin<\/strong>, jonka aiheina olisi peruselvytys ns. maallikkoelvytyksen l\u00e4pik\u00e4yminen, defibrillaattoriin eli syd\u00e4niskuriin tutustuminen sek\u00e4 aivoinfarktin oireiden tunnistaminen ja hoitoon hakeutuminen? Defibrillaattoreita alkaa olla jo monissa yleisiss\u00e4 paikoissa, kuten markettien aulatiloissa ja laite itse neuvoo, mit\u00e4 tehd\u00e4\u00e4n, joten sen k\u00e4ytt\u00f6 onnistuu hyvin my\u00f6s maallikoltakin. Taivalkunnassa kyseinen laite on ainakin River Golfissa. Kurssin vet\u00e4j\u00e4 l\u00f6ytyy kyl\u00e4lt\u00e4 ja kurssi olisi Taivalkuntalaisille ilmainen. Toteutumisen edellytys on noin 15 ilmoittautunutta. Jos l\u00f6ytyy kiinnostuneita, niin laittakaapa tietoa tulemaan.<\/p>\n<p>Ollaan yhteydess\u00e4 puolin ja toisin. Taivalkunnan kyl\u00e4t ry pj. Olli Sorva, <u><a href=\"http:\/\/olli.sorva(at)nokiansahkotalo.fi\/\">olli.sorva(at)nokiansahkotalo.fi<\/a>,<\/u> <a href=\"http:\/\/www.nokiankylat.fi\/taivalkunta\">www.nokiankylat.fi\/taivalkunta<\/a>, <a href=\"http:\/\/www.facebook.com\/taivalkunta\/\">www.facebook.com\/taivalkunta\/<\/a>.<\/p>\n","protected":false},"excerpt":{"rendered":"<p>Taivalkunnan kyl\u00e4kirje 22.9.2018 &nbsp; Tarinakahvila on Alastalossa 25.9 kello 18. Se on Nokian kaupungin kulttuuritoimen, Pirkan Opiston, Nokian Uutisten, Pirkanmaan maakuntamuseon ja Nokia-Seuran yhdess\u00e4 j\u00e4rjest\u00e4m\u00e4 tarinoidenkeruu tapahtuma. Nyt on vuorossa Taivalkunnan tarinat. Varsinainen kutsu l\u00f6ytyy my\u00f6s kyl\u00e4n sivuilta www.nokiankylat.fi\/taivalkunta\/tapahtumat\/ . Tule osallistumaan jutteluun tai kuuntelemaan muiden juttuja. Mit\u00e4 muistat n\u00e4ist\u00e4 paikoista ja siell\u00e4 asuneista ihmisist\u00e4? &hellip; <a href=\"https:\/\/www.nokiankylat.fi\/taivalkunta\/yhdistykset\/taivalkunnan-kylat-ry\/kylayhdistyksen-arkisto\/kylakirjeet\/kylakirjeet-2018\/kylakirje-22-9-2018\/\">Jatkuu<\/a><\/p>\n","protected":false},"author":4,"featured_media":0,"parent":2356,"menu_order":0,"comment_status":"closed","ping_status":"closed","template":"","meta":{"_acf_changed":false,"footnotes":""},"class_list":["post-2659","page","type-page","status-publish","hentry"],"acf":[],"_links":{"self":[{"href":"https:\/\/www.nokiankylat.fi\/taivalkunta\/wp-json\/wp\/v2\/pages\/2659","targetHints":{"allow":["GET"]}}],"collection":[{"href":"https:\/\/www.nokiankylat.fi\/taivalkunta\/wp-json\/wp\/v2\/pages"}],"about":[{"href":"https:\/\/www.nokiankylat.fi\/taivalkunta\/wp-json\/wp\/v2\/types\/page"}],"author":[{"embeddable":true,"href":"https:\/\/www.nokiankylat.fi\/taivalkunta\/wp-json\/wp\/v2\/users\/4"}],"replies":[{"embeddable":true,"href":"https:\/\/www.nokiankylat.fi\/taivalkunta\/wp-json\/wp\/v2\/comments?post=2659"}],"version-history":[{"count":1,"href":"https:\/\/www.nokiankylat.fi\/taivalkunta\/wp-json\/wp\/v2\/pages\/2659\/revisions"}],"predecessor-version":[{"id":2660,"href":"https:\/\/www.nokiankylat.fi\/taivalkunta\/wp-json\/wp\/v2\/pages\/2659\/revisions\/2660"}],"up":[{"embeddable":true,"href":"https:\/\/www.nokiankylat.fi\/taivalkunta\/wp-json\/wp\/v2\/pages\/2356"}],"wp:attachment":[{"href":"https:\/\/www.nokiankylat.fi\/taivalkunta\/wp-json\/wp\/v2\/media?parent=2659"}],"curies":[{"name":"wp","href":"https:\/\/api.w.org\/{rel}","templated":true}]}}