{"id":3429,"date":"2019-11-10T10:44:11","date_gmt":"2019-11-10T08:44:11","guid":{"rendered":"https:\/\/www.nokiankylat.fi\/taivalkunta\/?page_id=3429"},"modified":"2020-02-23T10:48:07","modified_gmt":"2020-02-23T08:48:07","slug":"poytakirja-31-10-2019","status":"publish","type":"page","link":"https:\/\/www.nokiankylat.fi\/taivalkunta\/yhdistykset\/taivalkunnan-kylat-ry\/kokoukset-ja-kylaillat\/syyskokous-31-10-2019\/poytakirja-31-10-2019\/","title":{"rendered":"P\u00f6yt\u00e4kirja 31-10-2019"},"content":{"rendered":"<p>Taivalkunnan Kyl\u00e4t ry\u00a0\u00a0\u00a0\u00a0\u00a0\u00a0\u00a0\u00a0\u00a0\u00a0\u00a0\u00a0\u00a0\u00a0\u00a0\u00a0\u00a0\u00a0\u00a0\u00a0\u00a0\u00a0\u00a0\u00a0\u00a0\u00a0\u00a0\u00a0\u00a0\u00a0\u00a0\u00a0\u00a0\u00a0\u00a0\u00a0\u00a0\u00a0\u00a0\u00a0\u00a0\u00a0\u00a0\u00a0\u00a0\u00a0\u00a0\u00a0\u00a0\u00a0\u00a0\u00a0\u00a0\u00a0\u00a0\u00a0\u00a0\u00a0\u00a0\u00a0\u00a0\u00a0\u00a0\u00a0\u00a0\u00a0\u00a0\u00a0\u00a0\u00a0\u00a0\u00a0\u00a0\u00a0\u00a0\u00a0\u00a0\u00a0\u00a0\u00a0\u00a0\u00a0\u00a0\u00a0\u00a0\u00a0\u00a0\u00a0\u00a0\u00a0\u00a0\u00a0\u00a0\u00a0\u00a0 P\u00d6YT\u00c4KIRJA 2\/2019<\/p>\n<p><strong>\u00a0<\/strong><\/p>\n<p><strong>S\u00c4\u00c4NT\u00d6M\u00c4\u00c4R\u00c4INEN SYYSKOKOUS<\/strong><\/p>\n<p>Aika: to 31.10.2019 klo 18.00<br \/>\nPaikka: Taivalkunnan koulu<\/p>\n<p>Paikalla: Olli Sorva, Elina Helenius, Risto Mattila, Minna M\u00e4kinen, Esa Alanne, Veijo Hynninen, Eeva-Liisa Hynninen, Lauri Salonen, Kaisa Salonen, Ritva Teuho-Markkola, Tapio Teuho-Markkola, Erkko M\u00e4enp\u00e4\u00e4, Pirjo Saaristo, Pekka Saaristo, Jaana Sorvaniemi, Terhi Leskinen, Sisko Sorva ja Aino Nyyss\u00f6nen.<\/p>\n<p>&nbsp;<\/p>\n<ol>\n<li><strong>Kahvitarjoilu ja kokouksen avaaminen<\/strong><\/li>\n<\/ol>\n<p>&nbsp;<\/p>\n<p>Olli Sorva avasi kokouksen klo 18.02.<\/p>\n<p>&nbsp;<\/p>\n<ol start=\"2\">\n<li><strong>Kokouksen j\u00e4rjest\u00e4ytyminen<\/strong><\/li>\n<\/ol>\n<p>&nbsp;<\/p>\n<p>Valittiin kokouksen puheenjohtajaksi Olli Sorva ja sihteeriksi Minna M\u00e4kinen. P\u00f6yt\u00e4kirjan tarkastajiksi ja \u00e4\u00e4nten laskijoiksi valittiin Ritva Teuho-Markkola ja Tapio Teuho-Markkola.<\/p>\n<p><strong>\u00a0<\/strong><\/p>\n<ol start=\"3\">\n<li><strong>Laillisuuden ja p\u00e4\u00e4t\u00f6svaltaisuuden toteaminen<\/strong><\/li>\n<\/ol>\n<p>&nbsp;<\/p>\n<p>Kokouksesta on l\u00e4hetetty kutsut s\u00e4hk\u00f6postilla viikkoa ennen kokousta ja kokouksesta on ollut my\u00f6s ilmoitus paikallislehdess\u00e4. Kokouskutsu on jaettu my\u00f6s kyl\u00e4l\u00e4isten postilaatikoihin. My\u00f6s facebookissa kutsu on ollut esill\u00e4. Todettiin kokouksen olevan laillinen ja p\u00e4\u00e4t\u00f6svaltainen.<\/p>\n<p>&nbsp;<\/p>\n<ol start=\"4\">\n<li><strong>Ty\u00f6j\u00e4rjestyksest\u00e4 p\u00e4\u00e4tt\u00e4minen<\/strong><\/li>\n<\/ol>\n<p>&nbsp;<\/p>\n<p>Hyv\u00e4ksyttiin kokouksen esityslista ty\u00f6j\u00e4rjestykseksi.<\/p>\n<p>&nbsp;<\/p>\n<p>&nbsp;<\/p>\n<ul>\n<li><b><strong>Toimintasuunnitelman ja talousarvion vahvistaminen seuraavalle vuodelle sek\u00e4 j\u00e4senmaksun suuruus<\/strong><\/b><\/li>\n<\/ul>\n<p>&nbsp;<\/p>\n<p>Esiteltiin tulo- ja menoarvio vuodelle 2020 sek\u00e4 toimintasuunnitelma kaudelle 2020. Hyv\u00e4ksyttiin tulo- ja menoarvio sek\u00e4 toimintasuunnitelma 2020. P\u00e4\u00e4tettiin ker\u00e4t\u00e4 j\u00e4senmaksua kaudella 2020 5eur\/talous.<\/p>\n<p>&nbsp;<\/p>\n<p>&nbsp;<\/p>\n<ol start=\"6\">\n<li><strong>Hallituksen puheenjohtajan valinta<br \/>\n<\/strong>Hallituksen puheenjohtajiksi ehdotettiin Olli Sorvaa ja Erkko M\u00e4enp\u00e4\u00e4t\u00e4. \u00c4\u00e4nestyksess\u00e4 Olli sai 9 \u00e4\u00e4nt\u00e4 ja Erkko 8 \u00e4\u00e4nt\u00e4. Valittiin hallituksen puheenjohtajaksi siis \u00e4\u00e4nestyksell\u00e4 Olli Sorva.<\/li>\n<\/ol>\n<p>&nbsp;<\/p>\n<p>&nbsp;<\/p>\n<p>&nbsp;<\/p>\n<ol start=\"7\">\n<li><strong>Hallituksen j\u00e4senten valinta<br \/>\n<\/strong>Valittiin hallituksen uusiksi j\u00e4seniksi Kaisa Salonen ja Erkko M\u00e4enp\u00e4\u00e4. Teemu Lehtim\u00e4ki ja Anja Mattila jatkavat uudelle 2 vuotiskaudelle. Vanhoina j\u00e4senin\u00e4 jatkavat Minna M\u00e4kinen, Terhi Leskinen, Elina Helenius ja Tomi Teuho-Markkola.<\/li>\n<\/ol>\n<p>&nbsp;<\/p>\n<ol start=\"8\">\n<li><strong>Toiminnantarkastajan ja varatoiminnantarkastajan valinta<br \/>\n<\/strong>Yhdistyksen toiminnantarkastajaksi valittiin Veijo Hynninen ja h\u00e4nelle varatoiminnantarkastajaksi Leena Myllyntausta.<\/li>\n<\/ol>\n<p><strong>\u00a0<\/strong><\/p>\n<p>&nbsp;<\/p>\n<ol start=\"9\">\n<li><strong>Muut esille tulevat asiat<br \/>\n<\/strong>Keskusteltiin Taivalkunnan alakoulun tulevaisuuden n\u00e4kymist\u00e4.<\/li>\n<\/ol>\n<p>&nbsp;<\/p>\n<p>&nbsp;<\/p>\n<ol start=\"10\">\n<li><strong>Kokouksen p\u00e4\u00e4tt\u00e4minen<br \/>\n<\/strong>Olli Sorva kiitti aktiivista kokousv\u00e4ke\u00e4 ja p\u00e4\u00e4tti kokouksen klo 19.17.<\/li>\n<\/ol>\n<p>&nbsp;<\/p>\n<p>&nbsp;<\/p>\n<p>&nbsp;<\/p>\n<p>&nbsp;<\/p>\n<p>&nbsp;<\/p>\n<p>Olli Sorva \u00a0\u00a0\u00a0\u00a0\u00a0\u00a0\u00a0\u00a0\u00a0\u00a0\u00a0\u00a0\u00a0\u00a0\u00a0\u00a0\u00a0\u00a0\u00a0\u00a0\u00a0\u00a0\u00a0\u00a0\u00a0\u00a0\u00a0\u00a0\u00a0\u00a0\u00a0\u00a0\u00a0\u00a0\u00a0\u00a0\u00a0\u00a0\u00a0\u00a0\u00a0\u00a0\u00a0\u00a0\u00a0\u00a0\u00a0 \u00a0\u00a0\u00a0\u00a0\u00a0\u00a0\u00a0\u00a0\u00a0\u00a0\u00a0\u00a0\u00a0\u00a0\u00a0\u00a0\u00a0\u00a0\u00a0\u00a0\u00a0\u00a0\u00a0\u00a0\u00a0\u00a0\u00a0\u00a0\u00a0\u00a0\u00a0\u00a0\u00a0\u00a0\u00a0\u00a0\u00a0\u00a0\u00a0\u00a0\u00a0\u00a0\u00a0\u00a0\u00a0\u00a0\u00a0\u00a0\u00a0\u00a0\u00a0\u00a0\u00a0 Minna M\u00e4kinen<\/p>\n<p>puheenjohtaja\u00a0\u00a0\u00a0\u00a0\u00a0\u00a0\u00a0\u00a0\u00a0\u00a0\u00a0\u00a0\u00a0\u00a0\u00a0\u00a0\u00a0\u00a0\u00a0\u00a0\u00a0\u00a0\u00a0\u00a0\u00a0\u00a0\u00a0\u00a0\u00a0\u00a0\u00a0\u00a0\u00a0\u00a0\u00a0\u00a0\u00a0\u00a0\u00a0 \u00a0\u00a0\u00a0\u00a0\u00a0\u00a0\u00a0\u00a0\u00a0\u00a0\u00a0\u00a0\u00a0\u00a0\u00a0\u00a0\u00a0\u00a0\u00a0\u00a0\u00a0\u00a0\u00a0\u00a0\u00a0\u00a0\u00a0\u00a0\u00a0\u00a0\u00a0\u00a0\u00a0\u00a0\u00a0\u00a0\u00a0\u00a0\u00a0\u00a0\u00a0\u00a0\u00a0\u00a0\u00a0\u00a0\u00a0\u00a0\u00a0\u00a0\u00a0\u00a0\u00a0 sihteeri<\/p>\n<p>&nbsp;<\/p>\n<p>&nbsp;<\/p>\n<p>&nbsp;<\/p>\n<p>Ritva Teuho-Markkola\u00a0\u00a0\u00a0\u00a0\u00a0\u00a0\u00a0\u00a0\u00a0\u00a0\u00a0\u00a0\u00a0\u00a0\u00a0\u00a0\u00a0\u00a0\u00a0\u00a0\u00a0\u00a0\u00a0\u00a0\u00a0\u00a0\u00a0\u00a0\u00a0\u00a0\u00a0\u00a0\u00a0\u00a0\u00a0\u00a0\u00a0\u00a0\u00a0\u00a0\u00a0\u00a0\u00a0\u00a0\u00a0\u00a0\u00a0\u00a0\u00a0\u00a0\u00a0\u00a0\u00a0\u00a0\u00a0\u00a0\u00a0\u00a0\u00a0\u00a0\u00a0\u00a0\u00a0\u00a0\u00a0\u00a0\u00a0\u00a0\u00a0\u00a0\u00a0\u00a0\u00a0\u00a0\u00a0\u00a0\u00a0\u00a0\u00a0 Tapio Teuho-Markkola<\/p>\n<p>p\u00f6yt\u00e4kirjan tarkastaja\u00a0\u00a0\u00a0\u00a0\u00a0\u00a0\u00a0\u00a0\u00a0\u00a0\u00a0\u00a0\u00a0\u00a0\u00a0\u00a0\u00a0\u00a0\u00a0\u00a0\u00a0\u00a0\u00a0\u00a0\u00a0\u00a0\u00a0\u00a0\u00a0\u00a0\u00a0\u00a0\u00a0\u00a0\u00a0\u00a0\u00a0\u00a0\u00a0\u00a0\u00a0\u00a0\u00a0\u00a0\u00a0\u00a0\u00a0\u00a0\u00a0\u00a0\u00a0\u00a0\u00a0\u00a0\u00a0\u00a0\u00a0\u00a0\u00a0\u00a0\u00a0\u00a0\u00a0\u00a0\u00a0\u00a0\u00a0\u00a0\u00a0\u00a0\u00a0\u00a0\u00a0\u00a0\u00a0\u00a0\u00a0\u00a0\u00a0 p\u00f6yt\u00e4kirjan tarkastaja<\/p>\n","protected":false},"excerpt":{"rendered":"<p>Taivalkunnan Kyl\u00e4t ry\u00a0\u00a0\u00a0\u00a0\u00a0\u00a0\u00a0\u00a0\u00a0\u00a0\u00a0\u00a0\u00a0\u00a0\u00a0\u00a0\u00a0\u00a0\u00a0\u00a0\u00a0\u00a0\u00a0\u00a0\u00a0\u00a0\u00a0\u00a0\u00a0\u00a0\u00a0\u00a0\u00a0\u00a0\u00a0\u00a0\u00a0\u00a0\u00a0\u00a0\u00a0\u00a0\u00a0\u00a0\u00a0\u00a0\u00a0\u00a0\u00a0\u00a0\u00a0\u00a0\u00a0\u00a0\u00a0\u00a0\u00a0\u00a0\u00a0\u00a0\u00a0\u00a0\u00a0\u00a0\u00a0\u00a0\u00a0\u00a0\u00a0\u00a0\u00a0\u00a0\u00a0\u00a0\u00a0\u00a0\u00a0\u00a0\u00a0\u00a0\u00a0\u00a0\u00a0\u00a0\u00a0\u00a0\u00a0\u00a0\u00a0\u00a0\u00a0\u00a0\u00a0\u00a0\u00a0 P\u00d6YT\u00c4KIRJA 2\/2019 \u00a0 S\u00c4\u00c4NT\u00d6M\u00c4\u00c4R\u00c4INEN SYYSKOKOUS Aika: to 31.10.2019 klo 18.00 Paikka: Taivalkunnan koulu Paikalla: Olli Sorva, Elina Helenius, Risto Mattila, Minna M\u00e4kinen, Esa Alanne, Veijo Hynninen, Eeva-Liisa Hynninen, Lauri Salonen, Kaisa Salonen, Ritva Teuho-Markkola, Tapio Teuho-Markkola, Erkko M\u00e4enp\u00e4\u00e4, Pirjo Saaristo, Pekka Saaristo, Jaana Sorvaniemi, Terhi Leskinen, Sisko Sorva ja Aino Nyyss\u00f6nen. &nbsp; &hellip; <a href=\"https:\/\/www.nokiankylat.fi\/taivalkunta\/yhdistykset\/taivalkunnan-kylat-ry\/kokoukset-ja-kylaillat\/syyskokous-31-10-2019\/poytakirja-31-10-2019\/\">Jatkuu<\/a><\/p>\n","protected":false},"author":4,"featured_media":0,"parent":2981,"menu_order":0,"comment_status":"closed","ping_status":"closed","template":"","meta":{"_acf_changed":false,"footnotes":""},"class_list":["post-3429","page","type-page","status-publish","hentry"],"acf":[],"_links":{"self":[{"href":"https:\/\/www.nokiankylat.fi\/taivalkunta\/wp-json\/wp\/v2\/pages\/3429","targetHints":{"allow":["GET"]}}],"collection":[{"href":"https:\/\/www.nokiankylat.fi\/taivalkunta\/wp-json\/wp\/v2\/pages"}],"about":[{"href":"https:\/\/www.nokiankylat.fi\/taivalkunta\/wp-json\/wp\/v2\/types\/page"}],"author":[{"embeddable":true,"href":"https:\/\/www.nokiankylat.fi\/taivalkunta\/wp-json\/wp\/v2\/users\/4"}],"replies":[{"embeddable":true,"href":"https:\/\/www.nokiankylat.fi\/taivalkunta\/wp-json\/wp\/v2\/comments?post=3429"}],"version-history":[{"count":1,"href":"https:\/\/www.nokiankylat.fi\/taivalkunta\/wp-json\/wp\/v2\/pages\/3429\/revisions"}],"predecessor-version":[{"id":3430,"href":"https:\/\/www.nokiankylat.fi\/taivalkunta\/wp-json\/wp\/v2\/pages\/3429\/revisions\/3430"}],"up":[{"embeddable":true,"href":"https:\/\/www.nokiankylat.fi\/taivalkunta\/wp-json\/wp\/v2\/pages\/2981"}],"wp:attachment":[{"href":"https:\/\/www.nokiankylat.fi\/taivalkunta\/wp-json\/wp\/v2\/media?parent=3429"}],"curies":[{"name":"wp","href":"https:\/\/api.w.org\/{rel}","templated":true}]}}