{"id":3498,"date":"2020-03-28T13:56:00","date_gmt":"2020-03-28T11:56:00","guid":{"rendered":"https:\/\/www.nokiankylat.fi\/taivalkunta\/?page_id=3498"},"modified":"2020-03-28T13:56:00","modified_gmt":"2020-03-28T11:56:00","slug":"kylakirje-28-3-2020","status":"publish","type":"page","link":"https:\/\/www.nokiankylat.fi\/taivalkunta\/yhdistykset\/taivalkunnan-kylat-ry\/kylayhdistyksen-arkisto\/kylakirjeet\/kylakirjeet-2020\/kylakirje-28-3-2020\/","title":{"rendered":"Kyl\u00e4kirje 28-3-2020"},"content":{"rendered":"<p><strong>Taivalkunnan kyl\u00e4kirje 28.3.2020<\/strong><\/p>\n<p><strong>Taivalkunnan kyl\u00e4t ry:n kev\u00e4tkokousta siirret\u00e4\u00e4n <\/strong>my\u00f6h\u00e4isemm\u00e4ksi aikaisemmin ilmoitetusta. Uusi p\u00e4iv\u00e4m\u00e4\u00e4r\u00e4 p\u00e4\u00e4tet\u00e4\u00e4n my\u00f6hemmin.<\/p>\n<p><strong>Kev\u00e4tkarkelot siirret\u00e4\u00e4n <\/strong>my\u00f6h\u00e4isemm\u00e4ksi. Niiden suunnitteluaikatauluun, sis\u00e4lt\u00f6\u00f6n ja pitop\u00e4iv\u00e4\u00e4n palataan my\u00f6hemmin.<\/p>\n<p><strong>Kyl\u00e4yhdistys t\u00e4ytti 40-vuotta. <\/strong>Vuosijuhlaa vietet\u00e4\u00e4n sovitusti ja arvokkaasti to 13.8 kello 17.00 koululla. Silloin on menneiden muistelon ja kakkukahvien aika.<\/p>\n<p>Tarkoitukseni on koota <strong>yhdistykseen liittyv\u00e4\u00e4 aineistoa sen toiminnan ajalta<\/strong>. Itselt\u00e4nikin tuota aineistoa l\u00f6ytyy. On lehtileikkeit\u00e4, valokuvia, videoita ja dokumentteja puheenjohtajavuosiltani. Aineistoni on osin yksipuolista ja painottuu tietyille vuosille sek\u00e4 on taltioitu omaa k\u00e4ytt\u00f6\u00e4ni ajatellen. <strong>Tarvitsisin lis\u00e4\u00e4 aineistoa.<\/strong><\/p>\n<p>Olisi todella hienoa, jos saisin joitain tarinoita liittyen kyl\u00e4yhdistykseen tai sen toimintaan. Niit\u00e4 varmasti muistissanne on. Ensisijaisesti koostan pient\u00e4 historiaesityst\u00e4 40-vuotisjuhlaamme, mutta mielell\u00e4ni tekisin v\u00e4h\u00e4n laajemmankin taltioinnin.<\/p>\n<p>40-vuotiaaseen yhdistykseen liittyv\u00e4\u00e4 aineistoa ja tarinoita voi toimittaa suoraan minulle. Teen mielell\u00e4ni my\u00f6s puhelinhaastatteluja ja tulen k\u00e4ym\u00e4\u00e4nkin, kun epidemiatilanne my\u00f6ten antaa. <strong>Ottakaa yhteytt\u00e4 <\/strong>ja tehd\u00e4\u00e4n yhdess\u00e4 taas kyl\u00e4lle yksi kulttuuriteko lis\u00e4\u00e4.<\/p>\n<p><strong>Kaikki me olemme eri el\u00e4m\u00e4ntilanteissa ja l\u00e4ht\u00f6kohdissa<\/strong>. Epidemia koskee ja rajoittaa meit\u00e4 kaikkia jollakin tavalla. Tietysti eri tavalla eri ihmisi\u00e4. Taloudellisesti tilanne koettelee sek\u00e4 useita yksityishenkil\u00f6it\u00e4 ett\u00e4 yritt\u00e4ji\u00e4. Meill\u00e4 Suomessa on suhteellisesti katsottuna asiat todella hyvin, mutta joillakin henkil\u00f6ill\u00e4 tilanne on todella hankala. Jos sinulla tai jollain l\u00e4hipiiriss\u00e4si on avun tarvetta tai haluat\/haluaa keskustella, niin olen aina k\u00e4ytett\u00e4viss\u00e4 naapuriapuun ja halutessasi my\u00f6s luottamukselliseen keskusteluun. Kaikki me tarvitsemme joskus apua ja autamme mielell\u00e4mme toisiamme. Pit\u00e4k\u00e4\u00e4 huoli naapureistanne ja jos itse haluatte\/tarvitsette apua, niin rohkeasti vaan yhteydenottoja.<\/p>\n<p>Vaikka viel\u00e4 ehk\u00e4 hetki menn\u00e4\u00e4nkin epidemian suhteen huonompaan suuntaan, niin kyll\u00e4 t\u00e4st\u00e4 varmasti pienin vaurion selvi\u00e4mme ja parempi huominen koittaa. Niin se on aina ollut ja tulee olemaan. Olkaamme luottavaisin ja turvallisin mielin.<\/p>\n<p>Vaikka yhteisi\u00e4 tilaisuuksia ei kyl\u00e4ll\u00e4 j\u00e4rjestet\u00e4, niin muistakaa ulkoilla, sill\u00e4 meid\u00e4n kyl\u00e4ll\u00e4 liikkuessaan on helppo pit\u00e4\u00e4 turvaet\u00e4isyyksist\u00e4 kiinni. Ollaan yhteydess\u00e4 puolin ja toisin. Taivalkunnan kyl\u00e4t ry pj. Olli Sorva, olli.sorva(at)nokiansahkotalo.fi, <a href=\"http:\/\/www.nokiankylat.fi\/taivalkunta\">www.nokiankylat.fi\/taivalkunta<\/a>, <a href=\"http:\/\/www.facebook.com\/taivalkunta\/\">www.facebook.com\/taivalkunta\/<\/a>.<\/p>\n","protected":false},"excerpt":{"rendered":"<p>Taivalkunnan kyl\u00e4kirje 28.3.2020 Taivalkunnan kyl\u00e4t ry:n kev\u00e4tkokousta siirret\u00e4\u00e4n my\u00f6h\u00e4isemm\u00e4ksi aikaisemmin ilmoitetusta. Uusi p\u00e4iv\u00e4m\u00e4\u00e4r\u00e4 p\u00e4\u00e4tet\u00e4\u00e4n my\u00f6hemmin. Kev\u00e4tkarkelot siirret\u00e4\u00e4n my\u00f6h\u00e4isemm\u00e4ksi. Niiden suunnitteluaikatauluun, sis\u00e4lt\u00f6\u00f6n ja pitop\u00e4iv\u00e4\u00e4n palataan my\u00f6hemmin. Kyl\u00e4yhdistys t\u00e4ytti 40-vuotta. Vuosijuhlaa vietet\u00e4\u00e4n sovitusti ja arvokkaasti to 13.8 kello 17.00 koululla. Silloin on menneiden muistelon ja kakkukahvien aika. Tarkoitukseni on koota yhdistykseen liittyv\u00e4\u00e4 aineistoa sen toiminnan ajalta. Itselt\u00e4nikin &hellip; <a href=\"https:\/\/www.nokiankylat.fi\/taivalkunta\/yhdistykset\/taivalkunnan-kylat-ry\/kylayhdistyksen-arkisto\/kylakirjeet\/kylakirjeet-2020\/kylakirje-28-3-2020\/\">Jatkuu<\/a><\/p>\n","protected":false},"author":4,"featured_media":0,"parent":3284,"menu_order":0,"comment_status":"closed","ping_status":"closed","template":"","meta":{"_acf_changed":false,"footnotes":""},"class_list":["post-3498","page","type-page","status-publish","hentry"],"acf":[],"_links":{"self":[{"href":"https:\/\/www.nokiankylat.fi\/taivalkunta\/wp-json\/wp\/v2\/pages\/3498","targetHints":{"allow":["GET"]}}],"collection":[{"href":"https:\/\/www.nokiankylat.fi\/taivalkunta\/wp-json\/wp\/v2\/pages"}],"about":[{"href":"https:\/\/www.nokiankylat.fi\/taivalkunta\/wp-json\/wp\/v2\/types\/page"}],"author":[{"embeddable":true,"href":"https:\/\/www.nokiankylat.fi\/taivalkunta\/wp-json\/wp\/v2\/users\/4"}],"replies":[{"embeddable":true,"href":"https:\/\/www.nokiankylat.fi\/taivalkunta\/wp-json\/wp\/v2\/comments?post=3498"}],"version-history":[{"count":1,"href":"https:\/\/www.nokiankylat.fi\/taivalkunta\/wp-json\/wp\/v2\/pages\/3498\/revisions"}],"predecessor-version":[{"id":3499,"href":"https:\/\/www.nokiankylat.fi\/taivalkunta\/wp-json\/wp\/v2\/pages\/3498\/revisions\/3499"}],"up":[{"embeddable":true,"href":"https:\/\/www.nokiankylat.fi\/taivalkunta\/wp-json\/wp\/v2\/pages\/3284"}],"wp:attachment":[{"href":"https:\/\/www.nokiankylat.fi\/taivalkunta\/wp-json\/wp\/v2\/media?parent=3498"}],"curies":[{"name":"wp","href":"https:\/\/api.w.org\/{rel}","templated":true}]}}