{"id":3564,"date":"2020-06-03T08:04:45","date_gmt":"2020-06-03T05:04:45","guid":{"rendered":"https:\/\/www.nokiankylat.fi\/taivalkunta\/?page_id=3564"},"modified":"2020-06-11T10:07:30","modified_gmt":"2020-06-11T07:07:30","slug":"esityslista-2020-kevatkokous","status":"publish","type":"page","link":"https:\/\/www.nokiankylat.fi\/taivalkunta\/yhdistykset\/taivalkunnan-kylat-ry\/kokoukset-ja-kylaillat\/kevatkokous-10-6-2020\/esityslista-2020-kevatkokous\/","title":{"rendered":"Esityslista 2020 kev\u00e4tkokous"},"content":{"rendered":"<p><strong>Taivalkunnan kyl\u00e4t ry<\/strong>\u00a0\u00a0\u00a0\u00a0\u00a0\u00a0\u00a0\u00a0\u00a0\u00a0\u00a0\u00a0\u00a0\u00a0\u00a0\u00a0\u00a0\u00a0\u00a0\u00a0\u00a0\u00a0\u00a0\u00a0\u00a0\u00a0\u00a0\u00a0\u00a0\u00a0\u00a0\u00a0\u00a0\u00a0\u00a0\u00a0\u00a0\u00a0\u00a0\u00a0\u00a0\u00a0\u00a0\u00a0\u00a0\u00a0\u00a0\u00a0\u00a0\u00a0\u00a0\u00a0\u00a0\u00a0\u00a0\u00a0\u00a0\u00a0\u00a0\u00a0\u00a0\u00a0\u00a0\u00a0\u00a0\u00a0\u00a0\u00a0\u00a0\u00a0\u00a0\u00a0\u00a0\u00a0\u00a0\u00a0\u00a0\u00a0\u00a0\u00a0\u00a0\u00a0\u00a0\u00a0\u00a0\u00a0\u00a0\u00a0\u00a0\u00a0\u00a0\u00a0\u00a0\u00a0\u00a0\u00a0\u00a0\u00a0\u00a0\u00a0\u00a0 <strong>ESITYSLISTA<\/strong><\/p>\n<p><strong>\u00a0<\/strong><\/p>\n<p><strong>KEV\u00c4TKOKOUS<\/strong><\/p>\n<p>Aika: 10.6.2020 klo 18.30<br \/>\nPaikka: Taivalkunnan koulu, Taivalkunnantie 575, 37120 Nokia<\/p>\n<p>&nbsp;<\/p>\n<ol>\n<li><strong>Kokouksen avaaminen<\/strong><\/li>\n<\/ol>\n<ul>\n<li>yhdistyksen puheenjohtaja avaa kokouksen<\/li>\n<\/ul>\n<ol start=\"2\">\n<li><strong>Kokouksen j\u00e4rjest\u00e4ytyminen<\/strong><\/li>\n<\/ol>\n<ul>\n<li>valitaan kokouksen puheenjohtaja, sihteeri, kaksi p\u00f6yt\u00e4kirjantarkastajaa ja tarvittaessa kaksi \u00e4\u00e4ntenlaskijaa<\/li>\n<\/ul>\n<ol start=\"3\">\n<li><strong>Laillisuuden ja p\u00e4\u00e4t\u00f6svaltaisuuden toteaminen<\/strong><\/li>\n<\/ol>\n<ul>\n<li>todetaan, ett\u00e4 kokous on yhdistyksen s\u00e4\u00e4nt\u00f6jen mukaan koollekutsuttu<strong>\u00a0<\/strong><\/li>\n<\/ul>\n<ol start=\"4\">\n<li><strong>Esityslistan hyv\u00e4ksyminen<\/strong><\/li>\n<\/ol>\n<ul>\n<li>p\u00e4\u00e4tet\u00e4\u00e4n kokouksen ty\u00f6j\u00e4rjestyksest\u00e4 (esityslista on ollut kotisivuilla n\u00e4ht\u00e4viss\u00e4 ja k\u00e4yd\u00e4\u00e4n lista l\u00e4pi)<\/li>\n<\/ul>\n<ol start=\"5\">\n<li><strong>Toimintakertomuksen 2019 k\u00e4sittely<\/strong><\/li>\n<\/ol>\n<ul>\n<li>k\u00e4sitell\u00e4\u00e4n hallituksen esitt\u00e4m\u00e4 toimintakertomus<\/li>\n<\/ul>\n<ol start=\"6\">\n<li><strong>Tilinp\u00e4\u00e4t\u00f6ksen k\u00e4sittely<\/strong><\/li>\n<\/ol>\n<ul>\n<li>esitet\u00e4\u00e4n tilinp\u00e4\u00e4t\u00f6s 2019 ja kuullaan toiminnantarkastajan lausunto<\/li>\n<\/ul>\n<ol start=\"7\">\n<li><strong>Tili- ja vastuuvapauden my\u00f6nt\u00e4minen tilivelvollisille<\/strong><\/li>\n<\/ol>\n<ul>\n<li>p\u00e4\u00e4tet\u00e4\u00e4n tilinp\u00e4\u00e4t\u00f6ksen vahvistamisesta ja vastuuvapauden my\u00f6nt\u00e4misest\u00e4 hallitukselle ja muille tilivelvollisille.<\/li>\n<\/ul>\n<ol start=\"8\">\n<li><strong>Muut asiat<\/strong><\/li>\n<\/ol>\n<ul>\n<li>ilmoitusasiat\n<ul>\n<li><strong>40-vuotisjuhla<\/strong> pidet\u00e4\u00e4n 11.9 kello 17 alkaen koululla<\/li>\n<\/ul>\n<\/li>\n<li>Mahdolliset muut kokousasiat<\/li>\n<\/ul>\n<ol start=\"9\">\n<li><strong>Kokouksen p\u00e4\u00e4tt\u00e4minen<\/strong><\/li>\n<\/ol>\n<ul>\n<li>kokouksen puheenjohtaja p\u00e4\u00e4tt\u00e4\u00e4 kokouksen<\/li>\n<\/ul>\n","protected":false},"excerpt":{"rendered":"<p>Taivalkunnan kyl\u00e4t ry\u00a0\u00a0\u00a0\u00a0\u00a0\u00a0\u00a0\u00a0\u00a0\u00a0\u00a0\u00a0\u00a0\u00a0\u00a0\u00a0\u00a0\u00a0\u00a0\u00a0\u00a0\u00a0\u00a0\u00a0\u00a0\u00a0\u00a0\u00a0\u00a0\u00a0\u00a0\u00a0\u00a0\u00a0\u00a0\u00a0\u00a0\u00a0\u00a0\u00a0\u00a0\u00a0\u00a0\u00a0\u00a0\u00a0\u00a0\u00a0\u00a0\u00a0\u00a0\u00a0\u00a0\u00a0\u00a0\u00a0\u00a0\u00a0\u00a0\u00a0\u00a0\u00a0\u00a0\u00a0\u00a0\u00a0\u00a0\u00a0\u00a0\u00a0\u00a0\u00a0\u00a0\u00a0\u00a0\u00a0\u00a0\u00a0\u00a0\u00a0\u00a0\u00a0\u00a0\u00a0\u00a0\u00a0\u00a0\u00a0\u00a0\u00a0\u00a0\u00a0\u00a0\u00a0\u00a0\u00a0\u00a0\u00a0\u00a0\u00a0\u00a0 ESITYSLISTA \u00a0 KEV\u00c4TKOKOUS Aika: 10.6.2020 klo 18.30 Paikka: Taivalkunnan koulu, Taivalkunnantie 575, 37120 Nokia &nbsp; Kokouksen avaaminen yhdistyksen puheenjohtaja avaa kokouksen Kokouksen j\u00e4rjest\u00e4ytyminen valitaan kokouksen puheenjohtaja, sihteeri, kaksi p\u00f6yt\u00e4kirjantarkastajaa ja tarvittaessa kaksi \u00e4\u00e4ntenlaskijaa Laillisuuden ja p\u00e4\u00e4t\u00f6svaltaisuuden toteaminen todetaan, ett\u00e4 kokous on yhdistyksen s\u00e4\u00e4nt\u00f6jen mukaan koollekutsuttu\u00a0 Esityslistan hyv\u00e4ksyminen p\u00e4\u00e4tet\u00e4\u00e4n kokouksen ty\u00f6j\u00e4rjestyksest\u00e4 (esityslista on &hellip; <a href=\"https:\/\/www.nokiankylat.fi\/taivalkunta\/yhdistykset\/taivalkunnan-kylat-ry\/kokoukset-ja-kylaillat\/kevatkokous-10-6-2020\/esityslista-2020-kevatkokous\/\">Jatkuu<\/a><\/p>\n","protected":false},"author":4,"featured_media":0,"parent":3566,"menu_order":0,"comment_status":"closed","ping_status":"closed","template":"","meta":{"_acf_changed":false,"footnotes":""},"class_list":["post-3564","page","type-page","status-publish","hentry"],"acf":[],"_links":{"self":[{"href":"https:\/\/www.nokiankylat.fi\/taivalkunta\/wp-json\/wp\/v2\/pages\/3564","targetHints":{"allow":["GET"]}}],"collection":[{"href":"https:\/\/www.nokiankylat.fi\/taivalkunta\/wp-json\/wp\/v2\/pages"}],"about":[{"href":"https:\/\/www.nokiankylat.fi\/taivalkunta\/wp-json\/wp\/v2\/types\/page"}],"author":[{"embeddable":true,"href":"https:\/\/www.nokiankylat.fi\/taivalkunta\/wp-json\/wp\/v2\/users\/4"}],"replies":[{"embeddable":true,"href":"https:\/\/www.nokiankylat.fi\/taivalkunta\/wp-json\/wp\/v2\/comments?post=3564"}],"version-history":[{"count":2,"href":"https:\/\/www.nokiankylat.fi\/taivalkunta\/wp-json\/wp\/v2\/pages\/3564\/revisions"}],"predecessor-version":[{"id":3589,"href":"https:\/\/www.nokiankylat.fi\/taivalkunta\/wp-json\/wp\/v2\/pages\/3564\/revisions\/3589"}],"up":[{"embeddable":true,"href":"https:\/\/www.nokiankylat.fi\/taivalkunta\/wp-json\/wp\/v2\/pages\/3566"}],"wp:attachment":[{"href":"https:\/\/www.nokiankylat.fi\/taivalkunta\/wp-json\/wp\/v2\/media?parent=3564"}],"curies":[{"name":"wp","href":"https:\/\/api.w.org\/{rel}","templated":true}]}}