{"id":3732,"date":"2020-10-09T19:13:34","date_gmt":"2020-10-09T16:13:34","guid":{"rendered":"https:\/\/www.nokiankylat.fi\/taivalkunta\/?page_id=3732"},"modified":"2020-10-09T19:13:34","modified_gmt":"2020-10-09T16:13:34","slug":"kylakirje-9-10-2020","status":"publish","type":"page","link":"https:\/\/www.nokiankylat.fi\/taivalkunta\/yhdistykset\/taivalkunnan-kylat-ry\/kylayhdistyksen-arkisto\/kylakirjeet\/kylakirjeet-2020\/kylakirje-9-10-2020\/","title":{"rendered":"Kyl\u00e4kirje 9-10-2020"},"content":{"rendered":"<p>&nbsp;<\/p>\n<p><strong>Taivalkunnan kyl\u00e4kirje 9.10.2020<\/strong><\/p>\n<p><strong>Taivalkunnan koululla j\u00e4rjestet\u00e4\u00e4n to 15.10.2020 klo 17.30<\/strong> strategisen yleiskaavan <strong>alueellinen keskustelutilaisuus<\/strong> \/ ty\u00f6paja, jossa esitell\u00e4\u00e4n kaavaty\u00f6n tavoitteita ja ker\u00e4t\u00e4\u00e4n n\u00e4kemyksi\u00e4 kaavan valmistelun pohjaksi alueelta.<\/p>\n<p>Mukana kaupungilta ovat kaupunkikehitysjohtaja Mikko Nieminen, maank\u00e4ytt\u00f6johtaja Kari Stenlund ja kaavoitusarkkitehti Johanna Fingerroos. My\u00f6s strategisen yleiskaavan ohjausryhm\u00e4 on saanut kutsun tilaisuuteen.<\/p>\n<p>Tarkoitus on, ett\u00e4 kyl\u00e4l\u00e4iset osallistuvat keskusteluun ja esitt\u00e4v\u00e4t n\u00e4kemyksi\u00e4ns\u00e4 kaava-asiassa. Mieti jo valmiiksi, mik\u00e4 olisi kyl\u00e4n etu ja mit\u00e4 haluamme esitt\u00e4\u00e4 kaavasuunnittelun pohjaksi.<\/p>\n<p>Huomioi, ett\u00e4 jos tilaisuutta ei muuttuvan koronatilanteen vuoksi voida j\u00e4rjest\u00e4\u00e4, niin peruuntumisesta tiedotetaan vain s\u00e4hk\u00f6postituslistalla oleville sek\u00e4 lis\u00e4ksi kyl\u00e4n sivuilla.<\/p>\n<p>Kyl\u00e4yhdistys tarjoilee kahvia ja kastettavaa ennen tilaisuuden alkua. Kaikki kyl\u00e4l\u00e4iset toivotetaan tervetulleiksi, mutta pidet\u00e4\u00e4n huoli tarvittavista koronavarotoimista. Jos v\u00e4ke\u00e4 tulee runsaasti emmek\u00e4 pysty et\u00e4isyyksi\u00e4 pit\u00e4m\u00e4\u00e4n, niin Nokian S\u00e4hk\u00f6talo on lupautunut sponsoroimaan ja jakamaan paikan p\u00e4\u00e4ll\u00e4 osallistujille heid\u00e4n halutessaan kasvomaskit.<\/p>\n<p><strong>Syyskokous<\/strong> pidet\u00e4\u00e4n 25.11.2020 kello 18:00. Siit\u00e4 tarkempaa tietoa my\u00f6hemmin.<\/p>\n<p>Taivalkunnan kyl\u00e4t ry pj. Olli Sorva, <a href=\"mailto:olli.sorva@nokiansahkotalo.fi\">olli.sorva(at)nokiansahkotalo.fi<\/a>, <a href=\"http:\/\/www.nokiankylat.fi\/taivalkunta\">www.nokiankylat.fi\/taivalkunta<\/a>, <a href=\"http:\/\/www.facebook.com\/taivalkunta\/\">www.facebook.com\/taivalkunta\/<\/a>.<\/p>\n","protected":false},"excerpt":{"rendered":"<p>&nbsp; Taivalkunnan kyl\u00e4kirje 9.10.2020 Taivalkunnan koululla j\u00e4rjestet\u00e4\u00e4n to 15.10.2020 klo 17.30 strategisen yleiskaavan alueellinen keskustelutilaisuus \/ ty\u00f6paja, jossa esitell\u00e4\u00e4n kaavaty\u00f6n tavoitteita ja ker\u00e4t\u00e4\u00e4n n\u00e4kemyksi\u00e4 kaavan valmistelun pohjaksi alueelta. Mukana kaupungilta ovat kaupunkikehitysjohtaja Mikko Nieminen, maank\u00e4ytt\u00f6johtaja Kari Stenlund ja kaavoitusarkkitehti Johanna Fingerroos. My\u00f6s strategisen yleiskaavan ohjausryhm\u00e4 on saanut kutsun tilaisuuteen. Tarkoitus on, ett\u00e4 kyl\u00e4l\u00e4iset osallistuvat keskusteluun &hellip; <a href=\"https:\/\/www.nokiankylat.fi\/taivalkunta\/yhdistykset\/taivalkunnan-kylat-ry\/kylayhdistyksen-arkisto\/kylakirjeet\/kylakirjeet-2020\/kylakirje-9-10-2020\/\">Jatkuu<\/a><\/p>\n","protected":false},"author":4,"featured_media":0,"parent":3284,"menu_order":0,"comment_status":"closed","ping_status":"closed","template":"","meta":{"_acf_changed":false,"footnotes":""},"class_list":["post-3732","page","type-page","status-publish","hentry"],"acf":[],"_links":{"self":[{"href":"https:\/\/www.nokiankylat.fi\/taivalkunta\/wp-json\/wp\/v2\/pages\/3732","targetHints":{"allow":["GET"]}}],"collection":[{"href":"https:\/\/www.nokiankylat.fi\/taivalkunta\/wp-json\/wp\/v2\/pages"}],"about":[{"href":"https:\/\/www.nokiankylat.fi\/taivalkunta\/wp-json\/wp\/v2\/types\/page"}],"author":[{"embeddable":true,"href":"https:\/\/www.nokiankylat.fi\/taivalkunta\/wp-json\/wp\/v2\/users\/4"}],"replies":[{"embeddable":true,"href":"https:\/\/www.nokiankylat.fi\/taivalkunta\/wp-json\/wp\/v2\/comments?post=3732"}],"version-history":[{"count":4,"href":"https:\/\/www.nokiankylat.fi\/taivalkunta\/wp-json\/wp\/v2\/pages\/3732\/revisions"}],"predecessor-version":[{"id":3743,"href":"https:\/\/www.nokiankylat.fi\/taivalkunta\/wp-json\/wp\/v2\/pages\/3732\/revisions\/3743"}],"up":[{"embeddable":true,"href":"https:\/\/www.nokiankylat.fi\/taivalkunta\/wp-json\/wp\/v2\/pages\/3284"}],"wp:attachment":[{"href":"https:\/\/www.nokiankylat.fi\/taivalkunta\/wp-json\/wp\/v2\/media?parent=3732"}],"curies":[{"name":"wp","href":"https:\/\/api.w.org\/{rel}","templated":true}]}}