{"id":3793,"date":"2020-12-06T18:27:40","date_gmt":"2020-12-06T16:27:40","guid":{"rendered":"https:\/\/www.nokiankylat.fi\/taivalkunta\/?page_id=3793"},"modified":"2021-12-23T08:26:31","modified_gmt":"2021-12-23T06:26:31","slug":"poytakirja-25-11-2020","status":"publish","type":"page","link":"https:\/\/www.nokiankylat.fi\/taivalkunta\/yhdistykset\/taivalkunnan-kylat-ry\/kokoukset-ja-kylaillat\/syyskokous\/poytakirja-25-11-2020\/","title":{"rendered":"P\u00f6yt\u00e4kirja 25-11-2020"},"content":{"rendered":"<p><strong>S\u00c4\u00c4NT\u00d6M\u00c4\u00c4R\u00c4INEN SYYSKOKOUS<\/strong><\/p>\n<p>Aika: \u00a0\u00a0\u00a0\u00a0\u00a0\u00a0\u00a0\u00a0\u00a0\u00a0\u00a0\u00a0\u00a0\u00a0\u00a0\u00a0 ke 25.11.2020 klo 18.00<br \/>\nPaikka: \u00a0\u00a0\u00a0\u00a0\u00a0\u00a0\u00a0\u00a0\u00a0\u00a0\u00a0\u00a0 Taivalkunnan koulu<\/p>\n<p>Paikalla: \u00a0\u00a0\u00a0\u00a0\u00a0\u00a0\u00a0\u00a0\u00a0\u00a0 Olli Sorva, Minna M\u00e4kinen, Elina Helenius, Sisko Sorva, Erkko M\u00e4enp\u00e4\u00e4, Outi M\u00e4enp\u00e4\u00e4, Risto Mattila, Anja Mattila, Kaisa Salonen, Lauri Salonen ja Teemu Lehtim\u00e4ki<\/p>\n<ol>\n<li style=\"text-align: left\">Kokouksen avaaminen<br \/>\nTaivalkunnan kyl\u00e4yhdistyksen puheenjohtaja Olli Sorva avasi kokouksen klo 18.02.<\/li>\n<li>Kokouksen j\u00e4rjest\u00e4ytyminen<br \/>\nValittiin kokouksen puheenjohtajaksi Olli Sorva ja sihteeriksi Minna M\u00e4kinen. P\u00f6yt\u00e4kirjan tarkastajiksi valittiin Outi M\u00e4enp\u00e4\u00e4 ja Risto Mattila.<\/li>\n<li>Laillisuuden ja p\u00e4\u00e4t\u00f6svaltaisuuden toteaminen<br \/>\nTodettiin kokous lailliseksi ja p\u00e4\u00e4t\u00f6svaltaiseksi.<\/li>\n<li>Ty\u00f6j\u00e4rjestyksest\u00e4 p\u00e4\u00e4tt\u00e4minen<br \/>\nHyv\u00e4ksyttiin esityslista kokouksen ty\u00f6j\u00e4rjestykseksi.<\/li>\n<li>Toimintasuunnitelman ja talousarvion vahvistaminen seuraavalle vuodelle sek\u00e4 j\u00e4senmaksun suuruus<br \/>\nEsiteltiin tulo- ja menoarvio vuodelle 2021 sek\u00e4 toimintasuunnitelma kaudelle 2021. Hyv\u00e4ksyttiin tulo- ja menoarvio sek\u00e4 toimintasuunnitelma 2021. P\u00e4\u00e4tettiin ker\u00e4t\u00e4 j\u00e4senmaksua kaudella 2021 5eur\/henkil\u00f6.<\/li>\n<li>Hallituksen puheenjohtajan valinta vuodelle 2021<br \/>\nValittiin hallituksen puheenjohtajaksi yksimielisesti Erkko M\u00e4enp\u00e4\u00e4. Valittu puheenjohtaja toivoo hallitukselta aktiivista tukea ja avustusta teht\u00e4v\u00e4\u00e4ns\u00e4.<\/li>\n<li>Hallituksen j\u00e4senten valinta, toimikausi on kaksi vuotta<br \/>\nValittiin hallituksen j\u00e4seniksi Minna M\u00e4kinen, Terhi Leskinen, Elina Helenius ja Tomi Teuho-Markkola. Anja Mattila, Kaisa Salonen ja Teemu Lehtim\u00e4ki jatkavat hallituksessa 2021 vanhoina j\u00e4senin\u00e4.<\/li>\n<li>Toiminnantarkastajan ja varatoiminnantarkastajan valinta<br \/>\nYhdistyksen toiminnantarkastajaksi valittiin Veijo Hynninen ja h\u00e4nelle varatoiminnantarkastajaksi Leena Myllyntausta.<\/li>\n<li>Muut esille tulevat asiat<br \/>\nPuhuttiin kyl\u00e4n kehitt\u00e4misasioista ja annettiin uudelle hallitukselle ev\u00e4styksi\u00e4 tulevaan uuteen hallituskauteen.<\/li>\n<li>Kokouksen p\u00e4\u00e4tt\u00e4minen<br \/>\nOlli Sorva kiitti aktiivista kokousv\u00e4ke\u00e4 ja p\u00e4\u00e4tti kokouksen klo 18.45.<\/li>\n<\/ol>\n<p>Olli Sorva \u00a0\u00a0\u00a0\u00a0\u00a0\u00a0\u00a0\u00a0\u00a0\u00a0\u00a0\u00a0\u00a0\u00a0\u00a0\u00a0\u00a0\u00a0\u00a0\u00a0\u00a0\u00a0\u00a0\u00a0\u00a0\u00a0\u00a0\u00a0\u00a0\u00a0\u00a0\u00a0\u00a0\u00a0\u00a0\u00a0\u00a0\u00a0\u00a0\u00a0\u00a0\u00a0\u00a0\u00a0\u00a0\u00a0\u00a0\u00a0\u00a0\u00a0\u00a0\u00a0\u00a0\u00a0\u00a0\u00a0\u00a0\u00a0\u00a0\u00a0\u00a0\u00a0\u00a0\u00a0\u00a0\u00a0\u00a0\u00a0\u00a0\u00a0\u00a0\u00a0\u00a0\u00a0\u00a0\u00a0\u00a0\u00a0\u00a0\u00a0\u00a0\u00a0\u00a0\u00a0\u00a0\u00a0\u00a0\u00a0\u00a0\u00a0\u00a0\u00a0\u00a0\u00a0\u00a0\u00a0\u00a0\u00a0\u00a0\u00a0\u00a0 Minna M\u00e4kinen<\/p>\n<p>puheenjohtaja\u00a0\u00a0\u00a0\u00a0\u00a0\u00a0\u00a0\u00a0\u00a0\u00a0\u00a0\u00a0 \u00a0\u00a0\u00a0\u00a0\u00a0\u00a0\u00a0\u00a0\u00a0\u00a0\u00a0\u00a0\u00a0\u00a0\u00a0\u00a0\u00a0\u00a0\u00a0\u00a0\u00a0\u00a0\u00a0\u00a0\u00a0\u00a0\u00a0\u00a0\u00a0\u00a0\u00a0\u00a0\u00a0\u00a0\u00a0\u00a0\u00a0\u00a0\u00a0\u00a0\u00a0\u00a0\u00a0\u00a0\u00a0\u00a0\u00a0\u00a0\u00a0\u00a0\u00a0\u00a0\u00a0\u00a0\u00a0\u00a0\u00a0\u00a0\u00a0\u00a0\u00a0\u00a0\u00a0\u00a0\u00a0\u00a0\u00a0\u00a0\u00a0\u00a0\u00a0\u00a0\u00a0\u00a0\u00a0\u00a0\u00a0\u00a0\u00a0\u00a0\u00a0 sihteeri<\/p>\n<p>&nbsp;<\/p>\n<p>Outi M\u00e4enp\u00e4\u00e4\u00a0\u00a0\u00a0\u00a0\u00a0\u00a0\u00a0\u00a0\u00a0\u00a0\u00a0\u00a0\u00a0\u00a0\u00a0\u00a0\u00a0\u00a0\u00a0\u00a0\u00a0\u00a0\u00a0\u00a0\u00a0\u00a0\u00a0\u00a0\u00a0\u00a0\u00a0\u00a0\u00a0\u00a0\u00a0\u00a0\u00a0\u00a0\u00a0\u00a0\u00a0\u00a0\u00a0\u00a0\u00a0\u00a0\u00a0\u00a0\u00a0\u00a0\u00a0\u00a0\u00a0\u00a0\u00a0\u00a0\u00a0\u00a0\u00a0\u00a0\u00a0\u00a0\u00a0\u00a0\u00a0\u00a0\u00a0\u00a0\u00a0\u00a0\u00a0\u00a0\u00a0\u00a0\u00a0\u00a0\u00a0\u00a0\u00a0\u00a0\u00a0\u00a0\u00a0\u00a0\u00a0\u00a0\u00a0\u00a0\u00a0\u00a0\u00a0\u00a0\u00a0\u00a0 Risto Mattila<\/p>\n<p>p\u00f6yt\u00e4kirjan tarkastaja\u00a0\u00a0\u00a0\u00a0\u00a0\u00a0\u00a0\u00a0\u00a0\u00a0\u00a0\u00a0\u00a0\u00a0\u00a0\u00a0\u00a0\u00a0\u00a0\u00a0\u00a0\u00a0\u00a0\u00a0\u00a0\u00a0\u00a0\u00a0\u00a0\u00a0\u00a0\u00a0\u00a0\u00a0\u00a0\u00a0\u00a0\u00a0\u00a0\u00a0\u00a0\u00a0\u00a0\u00a0\u00a0\u00a0\u00a0\u00a0\u00a0\u00a0\u00a0\u00a0\u00a0\u00a0\u00a0\u00a0\u00a0\u00a0\u00a0\u00a0\u00a0\u00a0\u00a0\u00a0\u00a0\u00a0\u00a0\u00a0\u00a0\u00a0\u00a0\u00a0\u00a0\u00a0\u00a0\u00a0\u00a0\u00a0\u00a0 p\u00f6yt\u00e4kirjan tarkastaja<\/p>\n","protected":false},"excerpt":{"rendered":"<p>S\u00c4\u00c4NT\u00d6M\u00c4\u00c4R\u00c4INEN SYYSKOKOUS Aika: \u00a0\u00a0\u00a0\u00a0\u00a0\u00a0\u00a0\u00a0\u00a0\u00a0\u00a0\u00a0\u00a0\u00a0\u00a0\u00a0 ke 25.11.2020 klo 18.00 Paikka: \u00a0\u00a0\u00a0\u00a0\u00a0\u00a0\u00a0\u00a0\u00a0\u00a0\u00a0\u00a0 Taivalkunnan koulu Paikalla: \u00a0\u00a0\u00a0\u00a0\u00a0\u00a0\u00a0\u00a0\u00a0\u00a0 Olli Sorva, Minna M\u00e4kinen, Elina Helenius, Sisko Sorva, Erkko M\u00e4enp\u00e4\u00e4, Outi M\u00e4enp\u00e4\u00e4, Risto Mattila, Anja Mattila, Kaisa Salonen, Lauri Salonen ja Teemu Lehtim\u00e4ki Kokouksen avaaminen Taivalkunnan kyl\u00e4yhdistyksen puheenjohtaja Olli Sorva avasi kokouksen klo 18.02. Kokouksen j\u00e4rjest\u00e4ytyminen Valittiin kokouksen puheenjohtajaksi Olli Sorva &hellip; <a href=\"https:\/\/www.nokiankylat.fi\/taivalkunta\/yhdistykset\/taivalkunnan-kylat-ry\/kokoukset-ja-kylaillat\/syyskokous\/poytakirja-25-11-2020\/\">Jatkuu<\/a><\/p>\n","protected":false},"author":4,"featured_media":0,"parent":3774,"menu_order":0,"comment_status":"closed","ping_status":"closed","template":"","meta":{"_acf_changed":false,"footnotes":""},"class_list":["post-3793","page","type-page","status-publish","hentry"],"acf":[],"_links":{"self":[{"href":"https:\/\/www.nokiankylat.fi\/taivalkunta\/wp-json\/wp\/v2\/pages\/3793","targetHints":{"allow":["GET"]}}],"collection":[{"href":"https:\/\/www.nokiankylat.fi\/taivalkunta\/wp-json\/wp\/v2\/pages"}],"about":[{"href":"https:\/\/www.nokiankylat.fi\/taivalkunta\/wp-json\/wp\/v2\/types\/page"}],"author":[{"embeddable":true,"href":"https:\/\/www.nokiankylat.fi\/taivalkunta\/wp-json\/wp\/v2\/users\/4"}],"replies":[{"embeddable":true,"href":"https:\/\/www.nokiankylat.fi\/taivalkunta\/wp-json\/wp\/v2\/comments?post=3793"}],"version-history":[{"count":4,"href":"https:\/\/www.nokiankylat.fi\/taivalkunta\/wp-json\/wp\/v2\/pages\/3793\/revisions"}],"predecessor-version":[{"id":3798,"href":"https:\/\/www.nokiankylat.fi\/taivalkunta\/wp-json\/wp\/v2\/pages\/3793\/revisions\/3798"}],"up":[{"embeddable":true,"href":"https:\/\/www.nokiankylat.fi\/taivalkunta\/wp-json\/wp\/v2\/pages\/3774"}],"wp:attachment":[{"href":"https:\/\/www.nokiankylat.fi\/taivalkunta\/wp-json\/wp\/v2\/media?parent=3793"}],"curies":[{"name":"wp","href":"https:\/\/api.w.org\/{rel}","templated":true}]}}