{"id":4700,"date":"2023-01-15T11:13:15","date_gmt":"2023-01-15T09:13:15","guid":{"rendered":"https:\/\/www.nokiankylat.fi\/taivalkunta\/?page_id=4700"},"modified":"2024-08-31T19:37:43","modified_gmt":"2024-08-31T16:37:43","slug":"lehtileikkeita-2023","status":"publish","type":"page","link":"https:\/\/www.nokiankylat.fi\/taivalkunta\/kuvat\/lehtileikkeita\/lehtileikkeita-2023\/","title":{"rendered":"Lehtileikkeit\u00e4 2023"},"content":{"rendered":"<p><a href=\"http:\/\/nokiankylat.fi\/taivalkunta\/kuvat\/lehtileikkeita\/lehtileikkeita-2023\/nu-16-1-2023-2\/\"><img loading=\"lazy\" decoding=\"async\" class=\"alignnone size-medium wp-image-4745\" src=\"https:\/\/www.nokiankylat.fi\/taivalkunta\/wp-content\/uploads\/sites\/11\/2024\/07\/NU-16-1-2023-scaled-e1720328522875-300x154.jpg\" alt=\"\" width=\"300\" height=\"154\" srcset=\"https:\/\/www.nokiankylat.fi\/taivalkunta\/wp-content\/uploads\/sites\/11\/2024\/07\/NU-16-1-2023-scaled-e1720328522875-300x154.jpg 300w, https:\/\/www.nokiankylat.fi\/taivalkunta\/wp-content\/uploads\/sites\/11\/2024\/07\/NU-16-1-2023-scaled-e1720328522875-768x394.jpg 768w, https:\/\/www.nokiankylat.fi\/taivalkunta\/wp-content\/uploads\/sites\/11\/2024\/07\/NU-16-1-2023-scaled-e1720328522875.jpg 896w\" sizes=\"auto, (max-width: 300px) 100vw, 300px\" \/><\/a><\/p>\n<p>NU 16-1-2023. Lukijan kuva Taivalkunnasta.<\/p>\n<p><a href=\"http:\/\/nokiankylat.fi\/taivalkunta\/nu-11-5-2024\/\"><img loading=\"lazy\" decoding=\"async\" class=\"alignnone size-medium wp-image-3508\" src=\"https:\/\/www.nokiankylat.fi\/taivalkunta\/wp-content\/uploads\/sites\/11\/2020\/04\/2020-04-06-1-e1586161185970-300x177.png\" alt=\"\" width=\"300\" height=\"177\" srcset=\"https:\/\/www.nokiankylat.fi\/taivalkunta\/wp-content\/uploads\/sites\/11\/2020\/04\/2020-04-06-1-e1586161185970-300x177.png 300w, https:\/\/www.nokiankylat.fi\/taivalkunta\/wp-content\/uploads\/sites\/11\/2020\/04\/2020-04-06-1-e1586161185970.png 475w\" sizes=\"auto, (max-width: 300px) 100vw, 300px\" \/><\/a><\/p>\n<p>NU 11-5-2023. Kolumni \u00e4idill\u00e4 oli vakaa k\u00e4si.<\/p>\n<p><a href=\"http:\/\/nokiankylat.fi\/taivalkunta\/kuvat\/lehtileikkeita\/lehtileikkeita-2023\/nu-7-9-2023\/\"><img loading=\"lazy\" decoding=\"async\" class=\"alignnone size-medium wp-image-4754\" src=\"https:\/\/www.nokiankylat.fi\/taivalkunta\/wp-content\/uploads\/sites\/11\/2024\/07\/NU-7-9-2023-1-scaled-e1720329768921-300x152.jpg\" alt=\"\" width=\"300\" height=\"152\" srcset=\"https:\/\/www.nokiankylat.fi\/taivalkunta\/wp-content\/uploads\/sites\/11\/2024\/07\/NU-7-9-2023-1-scaled-e1720329768921-300x152.jpg 300w, https:\/\/www.nokiankylat.fi\/taivalkunta\/wp-content\/uploads\/sites\/11\/2024\/07\/NU-7-9-2023-1-scaled-e1720329768921.jpg 733w\" sizes=\"auto, (max-width: 300px) 100vw, 300px\" \/><\/a><\/p>\n<p>NU 7-9-2023. Sivistysjohtaja Mika Sepp\u00e4nen muistuttaa.<\/p>\n<p><a href=\"http:\/\/nokiankylat.fi\/taivalkunta\/kuvat\/lehtileikkeita\/lehtileikkeita-2023\/nu-11-9-2023\/\"><img loading=\"lazy\" decoding=\"async\" class=\"alignnone size-medium wp-image-4766\" src=\"https:\/\/www.nokiankylat.fi\/taivalkunta\/wp-content\/uploads\/sites\/11\/2024\/08\/NU-11-9-2023-1-scaled-e1724566182959-300x300.jpg\" alt=\"\" width=\"300\" height=\"300\" srcset=\"https:\/\/www.nokiankylat.fi\/taivalkunta\/wp-content\/uploads\/sites\/11\/2024\/08\/NU-11-9-2023-1-scaled-e1724566182959-300x300.jpg 300w, https:\/\/www.nokiankylat.fi\/taivalkunta\/wp-content\/uploads\/sites\/11\/2024\/08\/NU-11-9-2023-1-scaled-e1724566182959-150x150.jpg 150w, https:\/\/www.nokiankylat.fi\/taivalkunta\/wp-content\/uploads\/sites\/11\/2024\/08\/NU-11-9-2023-1-scaled-e1724566182959.jpg 571w\" sizes=\"auto, (max-width: 300px) 100vw, 300px\" \/><\/a><\/p>\n<p>NU 11-9-2023. Vahalahden ja Taivalkunnan koulu taitaa loppua.<\/p>\n<p><a href=\"http:\/\/nokiankylat.fi\/taivalkunta\/kuvat\/lehtileikkeita\/lehtileikkeita-2023\/nu-14-9-2023\/\"><img loading=\"lazy\" decoding=\"async\" class=\"alignnone size-medium wp-image-4780\" src=\"https:\/\/www.nokiankylat.fi\/taivalkunta\/wp-content\/uploads\/sites\/11\/2024\/08\/NU14-9-2023-1-scaled-e1724567848204-300x162.jpg\" alt=\"\" width=\"300\" height=\"162\" srcset=\"https:\/\/www.nokiankylat.fi\/taivalkunta\/wp-content\/uploads\/sites\/11\/2024\/08\/NU14-9-2023-1-scaled-e1724567848204-300x162.jpg 300w, https:\/\/www.nokiankylat.fi\/taivalkunta\/wp-content\/uploads\/sites\/11\/2024\/08\/NU14-9-2023-1-scaled-e1724567848204-1024x555.jpg 1024w, https:\/\/www.nokiankylat.fi\/taivalkunta\/wp-content\/uploads\/sites\/11\/2024\/08\/NU14-9-2023-1-scaled-e1724567848204-768x416.jpg 768w, https:\/\/www.nokiankylat.fi\/taivalkunta\/wp-content\/uploads\/sites\/11\/2024\/08\/NU14-9-2023-1-scaled-e1724567848204-1536x832.jpg 1536w, https:\/\/www.nokiankylat.fi\/taivalkunta\/wp-content\/uploads\/sites\/11\/2024\/08\/NU14-9-2023-1-scaled-e1724567848204.jpg 1638w\" sizes=\"auto, (max-width: 300px) 100vw, 300px\" \/><\/a><\/p>\n<p>NU 14-9-2023. Sarkolalaisten mielipide koulun lakkauttamisesta.<\/p>\n<p><a href=\"http:\/\/nokiankylat.fi\/taivalkunta\/kuvat\/lehtileikkeita\/lehtileikkeita-2023\/nu-18-9-2023\/\"><img loading=\"lazy\" decoding=\"async\" class=\"alignnone size-medium wp-image-4788\" src=\"https:\/\/www.nokiankylat.fi\/taivalkunta\/wp-content\/uploads\/sites\/11\/2024\/08\/NU-18-9-2023-1-scaled-e1724568835854-300x206.jpg\" alt=\"\" width=\"300\" height=\"206\" srcset=\"https:\/\/www.nokiankylat.fi\/taivalkunta\/wp-content\/uploads\/sites\/11\/2024\/08\/NU-18-9-2023-1-scaled-e1724568835854-300x206.jpg 300w, https:\/\/www.nokiankylat.fi\/taivalkunta\/wp-content\/uploads\/sites\/11\/2024\/08\/NU-18-9-2023-1-scaled-e1724568835854-768x526.jpg 768w, https:\/\/www.nokiankylat.fi\/taivalkunta\/wp-content\/uploads\/sites\/11\/2024\/08\/NU-18-9-2023-1-scaled-e1724568835854.jpg 908w\" sizes=\"auto, (max-width: 300px) 100vw, 300px\" \/><\/a><\/p>\n<p>NU 18-9-2023. Kuulemistilaisuus Taivalkunnassa.<\/p>\n<p><a href=\"http:\/\/nokiankylat.fi\/taivalkunta\/kuvat\/lehtileikkeita\/lehtileikkeita-2023\/nu-21-9-2023\/\"><img loading=\"lazy\" decoding=\"async\" class=\"alignnone size-medium wp-image-4797\" src=\"https:\/\/www.nokiankylat.fi\/taivalkunta\/wp-content\/uploads\/sites\/11\/2024\/08\/NU-21-9-2023_1-1-scaled-e1725096574955-300x186.jpg\" alt=\"\" width=\"300\" height=\"186\" srcset=\"https:\/\/www.nokiankylat.fi\/taivalkunta\/wp-content\/uploads\/sites\/11\/2024\/08\/NU-21-9-2023_1-1-scaled-e1725096574955-300x186.jpg 300w, https:\/\/www.nokiankylat.fi\/taivalkunta\/wp-content\/uploads\/sites\/11\/2024\/08\/NU-21-9-2023_1-1-scaled-e1725096574955-1024x635.jpg 1024w, https:\/\/www.nokiankylat.fi\/taivalkunta\/wp-content\/uploads\/sites\/11\/2024\/08\/NU-21-9-2023_1-1-scaled-e1725096574955-768x476.jpg 768w, https:\/\/www.nokiankylat.fi\/taivalkunta\/wp-content\/uploads\/sites\/11\/2024\/08\/NU-21-9-2023_1-1-scaled-e1725096574955.jpg 1258w\" sizes=\"auto, (max-width: 300px) 100vw, 300px\" \/><\/a><\/p>\n<p>NU 21-9-2023. Tomi Puranen pohtii, ett\u00e4 tuleeko s\u00e4\u00e4st\u00f6j\u00e4.<\/p>\n<p><a href=\"http:\/\/nokiankylat.fi\/taivalkunta\/nu-25-9-2023\/\"><img loading=\"lazy\" decoding=\"async\" class=\"alignnone size-medium wp-image-4803\" src=\"https:\/\/www.nokiankylat.fi\/taivalkunta\/wp-content\/uploads\/sites\/11\/2024\/08\/NU-25-9-2023-1-scaled-e1725097497811-300x206.jpg\" alt=\"\" width=\"300\" height=\"206\" srcset=\"https:\/\/www.nokiankylat.fi\/taivalkunta\/wp-content\/uploads\/sites\/11\/2024\/08\/NU-25-9-2023-1-scaled-e1725097497811-300x206.jpg 300w, https:\/\/www.nokiankylat.fi\/taivalkunta\/wp-content\/uploads\/sites\/11\/2024\/08\/NU-25-9-2023-1-scaled-e1725097497811-768x526.jpg 768w, https:\/\/www.nokiankylat.fi\/taivalkunta\/wp-content\/uploads\/sites\/11\/2024\/08\/NU-25-9-2023-1-scaled-e1725097497811.jpg 908w\" sizes=\"auto, (max-width: 300px) 100vw, 300px\" \/><\/a><\/p>\n<p>NU 25-9-2023. Olli Sorva pohtii, mit\u00e4 yhteisty\u00f6 tarkoittaa.<\/p>\n<p><a href=\"http:\/\/nokiankylat.fi\/taivalkunta\/nu-28-9-2023\/\"><img loading=\"lazy\" decoding=\"async\" class=\"alignnone size-medium wp-image-4809\" src=\"https:\/\/www.nokiankylat.fi\/taivalkunta\/wp-content\/uploads\/sites\/11\/2024\/08\/NU-28-9-2023-SUVI-1-scaled-e1725098143984-300x189.jpg\" alt=\"\" width=\"300\" height=\"189\" srcset=\"https:\/\/www.nokiankylat.fi\/taivalkunta\/wp-content\/uploads\/sites\/11\/2024\/08\/NU-28-9-2023-SUVI-1-scaled-e1725098143984-300x189.jpg 300w, https:\/\/www.nokiankylat.fi\/taivalkunta\/wp-content\/uploads\/sites\/11\/2024\/08\/NU-28-9-2023-SUVI-1-scaled-e1725098143984-1024x647.jpg 1024w, https:\/\/www.nokiankylat.fi\/taivalkunta\/wp-content\/uploads\/sites\/11\/2024\/08\/NU-28-9-2023-SUVI-1-scaled-e1725098143984-768x485.jpg 768w, https:\/\/www.nokiankylat.fi\/taivalkunta\/wp-content\/uploads\/sites\/11\/2024\/08\/NU-28-9-2023-SUVI-1-scaled-e1725098143984.jpg 1134w\" sizes=\"auto, (max-width: 300px) 100vw, 300px\" \/><\/a><\/p>\n<p>NU 28-9-2023. Sarkolan Ilo pohtii kyl\u00e4kouluasiaa ja<\/p>\n<p>Suvi Sorva Taivalkunnan koulumahdollisuuksia.<\/p>\n<p><a href=\"http:\/\/nokiankylat.fi\/taivalkunta\/nu-2-10-2023\/\"><img loading=\"lazy\" decoding=\"async\" class=\"alignnone size-medium wp-image-4822\" src=\"https:\/\/www.nokiankylat.fi\/taivalkunta\/wp-content\/uploads\/sites\/11\/2024\/08\/NU-2-10-2023_4-1-scaled-e1725099391536-228x300.jpg\" alt=\"\" width=\"228\" height=\"300\" srcset=\"https:\/\/www.nokiankylat.fi\/taivalkunta\/wp-content\/uploads\/sites\/11\/2024\/08\/NU-2-10-2023_4-1-scaled-e1725099391536-228x300.jpg 228w, https:\/\/www.nokiankylat.fi\/taivalkunta\/wp-content\/uploads\/sites\/11\/2024\/08\/NU-2-10-2023_4-1-scaled-e1725099391536-780x1024.jpg 780w, https:\/\/www.nokiankylat.fi\/taivalkunta\/wp-content\/uploads\/sites\/11\/2024\/08\/NU-2-10-2023_4-1-scaled-e1725099391536-768x1008.jpg 768w, https:\/\/www.nokiankylat.fi\/taivalkunta\/wp-content\/uploads\/sites\/11\/2024\/08\/NU-2-10-2023_4-1-scaled-e1725099391536.jpg 1160w\" sizes=\"auto, (max-width: 228px) 100vw, 228px\" \/><\/a><\/p>\n<p>NU 2-10-2023. Mielenilmaus ja Tomi Purasen pohdinnat.<\/p>\n<p><a href=\"http:\/\/nokiankylat.fi\/taivalkunta\/nu-16-10-2023\/\"><img loading=\"lazy\" decoding=\"async\" class=\"alignnone size-medium wp-image-4826\" src=\"https:\/\/www.nokiankylat.fi\/taivalkunta\/wp-content\/uploads\/sites\/11\/2024\/08\/NU-16-10-2023-300x219.jpg\" alt=\"\" width=\"300\" height=\"219\" srcset=\"https:\/\/www.nokiankylat.fi\/taivalkunta\/wp-content\/uploads\/sites\/11\/2024\/08\/NU-16-10-2023-300x219.jpg 300w, https:\/\/www.nokiankylat.fi\/taivalkunta\/wp-content\/uploads\/sites\/11\/2024\/08\/NU-16-10-2023-1024x748.jpg 1024w, https:\/\/www.nokiankylat.fi\/taivalkunta\/wp-content\/uploads\/sites\/11\/2024\/08\/NU-16-10-2023-768x561.jpg 768w, https:\/\/www.nokiankylat.fi\/taivalkunta\/wp-content\/uploads\/sites\/11\/2024\/08\/NU-16-10-2023.jpg 1363w\" sizes=\"auto, (max-width: 300px) 100vw, 300px\" \/><\/a><\/p>\n<p>NU 16-10-2023. Taivalkunnan vanhempainyhdistys pettyi.<\/p>\n<p><a href=\"http:\/\/nokiankylat.fi\/taivalkunta\/nu-19-10-2023\/\"><img loading=\"lazy\" decoding=\"async\" class=\"alignnone size-medium wp-image-4837\" src=\"https:\/\/www.nokiankylat.fi\/taivalkunta\/wp-content\/uploads\/sites\/11\/2024\/08\/NU-19-10-2023-1-scaled-e1725116540288-300x117.jpg\" alt=\"\" width=\"300\" height=\"117\" srcset=\"https:\/\/www.nokiankylat.fi\/taivalkunta\/wp-content\/uploads\/sites\/11\/2024\/08\/NU-19-10-2023-1-scaled-e1725116540288-300x117.jpg 300w, https:\/\/www.nokiankylat.fi\/taivalkunta\/wp-content\/uploads\/sites\/11\/2024\/08\/NU-19-10-2023-1-scaled-e1725116540288-1024x401.jpg 1024w, https:\/\/www.nokiankylat.fi\/taivalkunta\/wp-content\/uploads\/sites\/11\/2024\/08\/NU-19-10-2023-1-scaled-e1725116540288-768x301.jpg 768w, https:\/\/www.nokiankylat.fi\/taivalkunta\/wp-content\/uploads\/sites\/11\/2024\/08\/NU-19-10-2023-1-scaled-e1725116540288-1536x601.jpg 1536w, https:\/\/www.nokiankylat.fi\/taivalkunta\/wp-content\/uploads\/sites\/11\/2024\/08\/NU-19-10-2023-1-scaled-e1725116540288-2048x801.jpg 2048w\" sizes=\"auto, (max-width: 300px) 100vw, 300px\" \/><\/a><\/p>\n<p>NU 19-10-2023. Taina Alasen kirjoitus.<\/p>\n<p><a href=\"http:\/\/nokiankylat.fi\/taivalkunta\/nu-23-10-2023\/\"><img loading=\"lazy\" decoding=\"async\" class=\"alignnone size-medium wp-image-4842\" src=\"https:\/\/www.nokiankylat.fi\/taivalkunta\/wp-content\/uploads\/sites\/11\/2024\/08\/NU-26-10-2023_1-scaled-e1725117214176-300x219.jpg\" alt=\"\" width=\"300\" height=\"219\" srcset=\"https:\/\/www.nokiankylat.fi\/taivalkunta\/wp-content\/uploads\/sites\/11\/2024\/08\/NU-26-10-2023_1-scaled-e1725117214176-300x219.jpg 300w, https:\/\/www.nokiankylat.fi\/taivalkunta\/wp-content\/uploads\/sites\/11\/2024\/08\/NU-26-10-2023_1-scaled-e1725117214176-768x560.jpg 768w, https:\/\/www.nokiankylat.fi\/taivalkunta\/wp-content\/uploads\/sites\/11\/2024\/08\/NU-26-10-2023_1-scaled-e1725117214176.jpg 989w\" sizes=\"auto, (max-width: 300px) 100vw, 300px\" \/><\/a><\/p>\n<p>NU 23-10-2023. Jari Yli-Heikkil\u00e4n kirjoitus.<\/p>\n<p><a href=\"http:\/\/nokiankylat.fi\/taivalkunta\/nu-26-10-2023\/\"><img loading=\"lazy\" decoding=\"async\" class=\"alignnone size-medium wp-image-4842\" src=\"https:\/\/www.nokiankylat.fi\/taivalkunta\/wp-content\/uploads\/sites\/11\/2024\/08\/NU-26-10-2023_1-scaled-e1725117214176-300x219.jpg\" alt=\"\" width=\"300\" height=\"219\" srcset=\"https:\/\/www.nokiankylat.fi\/taivalkunta\/wp-content\/uploads\/sites\/11\/2024\/08\/NU-26-10-2023_1-scaled-e1725117214176-300x219.jpg 300w, https:\/\/www.nokiankylat.fi\/taivalkunta\/wp-content\/uploads\/sites\/11\/2024\/08\/NU-26-10-2023_1-scaled-e1725117214176-768x560.jpg 768w, https:\/\/www.nokiankylat.fi\/taivalkunta\/wp-content\/uploads\/sites\/11\/2024\/08\/NU-26-10-2023_1-scaled-e1725117214176.jpg 989w\" sizes=\"auto, (max-width: 300px) 100vw, 300px\" \/><\/a><\/p>\n<p>NU 26-10-2023. Jere Tuononen ja Virpi Koivula kommentoivat.<\/p>\n<p><a href=\"http:\/\/nokiankylat.fi\/taivalkunta\/nu-2-11-2023\/\"><img loading=\"lazy\" decoding=\"async\" class=\"alignnone size-medium wp-image-4853\" src=\"https:\/\/www.nokiankylat.fi\/taivalkunta\/wp-content\/uploads\/sites\/11\/2024\/08\/NU-2-11-2023-1-scaled-e1725118090702-300x244.jpg\" alt=\"\" width=\"300\" height=\"244\" srcset=\"https:\/\/www.nokiankylat.fi\/taivalkunta\/wp-content\/uploads\/sites\/11\/2024\/08\/NU-2-11-2023-1-scaled-e1725118090702-300x244.jpg 300w, https:\/\/www.nokiankylat.fi\/taivalkunta\/wp-content\/uploads\/sites\/11\/2024\/08\/NU-2-11-2023-1-scaled-e1725118090702-768x623.jpg 768w, https:\/\/www.nokiankylat.fi\/taivalkunta\/wp-content\/uploads\/sites\/11\/2024\/08\/NU-2-11-2023-1-scaled-e1725118090702.jpg 951w\" sizes=\"auto, (max-width: 300px) 100vw, 300px\" \/><\/a><\/p>\n<p>NU 2-11-2023. Kaupunginhallitus esitt\u00e4\u00e4 koulujen lakkauttamista.<\/p>\n<p><a href=\"http:\/\/nokiankylat.fi\/taivalkunta\/nu-9-11-2023\/\"><img loading=\"lazy\" decoding=\"async\" class=\"alignnone size-medium wp-image-4859\" src=\"https:\/\/www.nokiankylat.fi\/taivalkunta\/wp-content\/uploads\/sites\/11\/2024\/08\/NU-9-11-2023-1-scaled-e1725118469441-300x166.jpg\" alt=\"\" width=\"300\" height=\"166\" srcset=\"https:\/\/www.nokiankylat.fi\/taivalkunta\/wp-content\/uploads\/sites\/11\/2024\/08\/NU-9-11-2023-1-scaled-e1725118469441-300x166.jpg 300w, https:\/\/www.nokiankylat.fi\/taivalkunta\/wp-content\/uploads\/sites\/11\/2024\/08\/NU-9-11-2023-1-scaled-e1725118469441-1024x567.jpg 1024w, https:\/\/www.nokiankylat.fi\/taivalkunta\/wp-content\/uploads\/sites\/11\/2024\/08\/NU-9-11-2023-1-scaled-e1725118469441-768x425.jpg 768w, https:\/\/www.nokiankylat.fi\/taivalkunta\/wp-content\/uploads\/sites\/11\/2024\/08\/NU-9-11-2023-1-scaled-e1725118469441.jpg 1309w\" sizes=\"auto, (max-width: 300px) 100vw, 300px\" \/><\/a><\/p>\n<p>NU 9-11-2023. Ote lukijoiden tekstiviesteist\u00e4.<\/p>\n<p><a href=\"http:\/\/nokiankylat.fi\/taivalkunta\/kuvat\/lehtileikkeita\/lehtileikkeita-2023\/nu-16-11-2023\/\"><img loading=\"lazy\" decoding=\"async\" class=\"alignnone size-medium wp-image-4874\" src=\"https:\/\/www.nokiankylat.fi\/taivalkunta\/wp-content\/uploads\/sites\/11\/2024\/08\/NU-16-11-2023-1-scaled-e1725120235708-300x181.jpg\" alt=\"\" width=\"300\" height=\"181\" srcset=\"https:\/\/www.nokiankylat.fi\/taivalkunta\/wp-content\/uploads\/sites\/11\/2024\/08\/NU-16-11-2023-1-scaled-e1725120235708-300x181.jpg 300w, https:\/\/www.nokiankylat.fi\/taivalkunta\/wp-content\/uploads\/sites\/11\/2024\/08\/NU-16-11-2023-1-scaled-e1725120235708-1024x618.jpg 1024w, https:\/\/www.nokiankylat.fi\/taivalkunta\/wp-content\/uploads\/sites\/11\/2024\/08\/NU-16-11-2023-1-scaled-e1725120235708-768x464.jpg 768w, https:\/\/www.nokiankylat.fi\/taivalkunta\/wp-content\/uploads\/sites\/11\/2024\/08\/NU-16-11-2023-1-scaled-e1725120235708-1536x928.jpg 1536w, https:\/\/www.nokiankylat.fi\/taivalkunta\/wp-content\/uploads\/sites\/11\/2024\/08\/NU-16-11-2023-1-scaled-e1725120235708.jpg 1540w\" sizes=\"auto, (max-width: 300px) 100vw, 300px\" \/><\/a><\/p>\n<p>NU 16-11-2023. Pettymyst\u00e4 valtuustop\u00e4\u00e4t\u00f6kseen.<\/p>\n<p><a href=\"http:\/\/nokiankylat.fi\/taivalkunta\/kuvat\/lehtileikkeita\/lehtileikkeita-2023\/nu-23-11-2023\/\"><img loading=\"lazy\" decoding=\"async\" class=\"alignnone size-medium wp-image-4880\" src=\"https:\/\/www.nokiankylat.fi\/taivalkunta\/wp-content\/uploads\/sites\/11\/2024\/08\/NU-23-11-2023_2-1-scaled-e1725120808439-300x181.jpg\" alt=\"\" width=\"300\" height=\"181\" srcset=\"https:\/\/www.nokiankylat.fi\/taivalkunta\/wp-content\/uploads\/sites\/11\/2024\/08\/NU-23-11-2023_2-1-scaled-e1725120808439-300x181.jpg 300w, https:\/\/www.nokiankylat.fi\/taivalkunta\/wp-content\/uploads\/sites\/11\/2024\/08\/NU-23-11-2023_2-1-scaled-e1725120808439-768x464.jpg 768w, https:\/\/www.nokiankylat.fi\/taivalkunta\/wp-content\/uploads\/sites\/11\/2024\/08\/NU-23-11-2023_2-1-scaled-e1725120808439.jpg 1002w\" sizes=\"auto, (max-width: 300px) 100vw, 300px\" \/><\/a><\/p>\n<p>NU 23-11-2023. Ilosta golfhistoriaa.<\/p>\n<p><a href=\"http:\/\/nokiankylat.fi\/taivalkunta\/kuvat\/lehtileikkeita\/lehtileikkeita-2023\/nu-27-11-2023\/\"><img loading=\"lazy\" decoding=\"async\" class=\"alignnone size-medium wp-image-3508\" src=\"https:\/\/www.nokiankylat.fi\/taivalkunta\/wp-content\/uploads\/sites\/11\/2020\/04\/2020-04-06-1-e1586161185970-300x177.png\" alt=\"\" width=\"300\" height=\"177\" srcset=\"https:\/\/www.nokiankylat.fi\/taivalkunta\/wp-content\/uploads\/sites\/11\/2020\/04\/2020-04-06-1-e1586161185970-300x177.png 300w, https:\/\/www.nokiankylat.fi\/taivalkunta\/wp-content\/uploads\/sites\/11\/2020\/04\/2020-04-06-1-e1586161185970.png 475w\" sizes=\"auto, (max-width: 300px) 100vw, 300px\" \/><\/a><\/p>\n<p>NU 27-11-2023. Kolumni is\u00e4nmaatamme palvelleet.<\/p>\n<p><a href=\"http:\/\/nokiankylat.fi\/taivalkunta\/kuvat\/lehtileikkeita\/lehtileikkeita-2023\/nu-21-12-2023\/\"><img loading=\"lazy\" decoding=\"async\" class=\"alignnone size-medium wp-image-4898\" src=\"https:\/\/www.nokiankylat.fi\/taivalkunta\/wp-content\/uploads\/sites\/11\/2024\/08\/NU-21-12-2023_4-1-scaled-e1725121870242-300x173.jpg\" alt=\"\" width=\"300\" height=\"173\" srcset=\"https:\/\/www.nokiankylat.fi\/taivalkunta\/wp-content\/uploads\/sites\/11\/2024\/08\/NU-21-12-2023_4-1-scaled-e1725121870242-300x173.jpg 300w, https:\/\/www.nokiankylat.fi\/taivalkunta\/wp-content\/uploads\/sites\/11\/2024\/08\/NU-21-12-2023_4-1-scaled-e1725121870242-1024x592.jpg 1024w, https:\/\/www.nokiankylat.fi\/taivalkunta\/wp-content\/uploads\/sites\/11\/2024\/08\/NU-21-12-2023_4-1-scaled-e1725121870242-768x444.jpg 768w, https:\/\/www.nokiankylat.fi\/taivalkunta\/wp-content\/uploads\/sites\/11\/2024\/08\/NU-21-12-2023_4-1-scaled-e1725121870242.jpg 1395w\" sizes=\"auto, (max-width: 300px) 100vw, 300px\" \/><\/a><\/p>\n<p>NU 21-12-2023. Iloista, mutta samalla murheellista.<\/p>\n<p><a href=\"http:\/\/nokiankylat.fi\/taivalkunta\/kuvat\/lehtileikkeita\/lehtileikkeita-2023\/nu-28-12-2023\/\"><img loading=\"lazy\" decoding=\"async\" class=\"alignnone size-medium wp-image-4903\" src=\"https:\/\/www.nokiankylat.fi\/taivalkunta\/wp-content\/uploads\/sites\/11\/2024\/08\/NU-28-12-2023-1-scaled-e1725122237908-300x160.jpg\" alt=\"\" width=\"300\" height=\"160\" srcset=\"https:\/\/www.nokiankylat.fi\/taivalkunta\/wp-content\/uploads\/sites\/11\/2024\/08\/NU-28-12-2023-1-scaled-e1725122237908-300x160.jpg 300w, https:\/\/www.nokiankylat.fi\/taivalkunta\/wp-content\/uploads\/sites\/11\/2024\/08\/NU-28-12-2023-1-scaled-e1725122237908.jpg 733w\" sizes=\"auto, (max-width: 300px) 100vw, 300px\" \/><\/a><\/p>\n<p>NU 28-12-2023. Salla Simpura-P\u00e4iv\u00f6 kirjoittaa.<\/p>\n","protected":false},"excerpt":{"rendered":"<p>NU 16-1-2023. Lukijan kuva Taivalkunnasta. NU 11-5-2023. Kolumni \u00e4idill\u00e4 oli vakaa k\u00e4si. NU 7-9-2023. Sivistysjohtaja Mika Sepp\u00e4nen muistuttaa. NU 11-9-2023. Vahalahden ja Taivalkunnan koulu taitaa loppua. NU 14-9-2023. Sarkolalaisten mielipide koulun lakkauttamisesta. NU 18-9-2023. Kuulemistilaisuus Taivalkunnassa. NU 21-9-2023. Tomi Puranen pohtii, ett\u00e4 tuleeko s\u00e4\u00e4st\u00f6j\u00e4. NU 25-9-2023. Olli Sorva pohtii, mit\u00e4 yhteisty\u00f6 tarkoittaa. NU 28-9-2023. Sarkolan &hellip; <a href=\"https:\/\/www.nokiankylat.fi\/taivalkunta\/kuvat\/lehtileikkeita\/lehtileikkeita-2023\/\">Jatkuu<\/a><\/p>\n","protected":false},"author":4,"featured_media":0,"parent":684,"menu_order":0,"comment_status":"closed","ping_status":"closed","template":"","meta":{"_acf_changed":false,"footnotes":""},"class_list":["post-4700","page","type-page","status-publish","hentry"],"acf":[],"_links":{"self":[{"href":"https:\/\/www.nokiankylat.fi\/taivalkunta\/wp-json\/wp\/v2\/pages\/4700","targetHints":{"allow":["GET"]}}],"collection":[{"href":"https:\/\/www.nokiankylat.fi\/taivalkunta\/wp-json\/wp\/v2\/pages"}],"about":[{"href":"https:\/\/www.nokiankylat.fi\/taivalkunta\/wp-json\/wp\/v2\/types\/page"}],"author":[{"embeddable":true,"href":"https:\/\/www.nokiankylat.fi\/taivalkunta\/wp-json\/wp\/v2\/users\/4"}],"replies":[{"embeddable":true,"href":"https:\/\/www.nokiankylat.fi\/taivalkunta\/wp-json\/wp\/v2\/comments?post=4700"}],"version-history":[{"count":50,"href":"https:\/\/www.nokiankylat.fi\/taivalkunta\/wp-json\/wp\/v2\/pages\/4700\/revisions"}],"predecessor-version":[{"id":4904,"href":"https:\/\/www.nokiankylat.fi\/taivalkunta\/wp-json\/wp\/v2\/pages\/4700\/revisions\/4904"}],"up":[{"embeddable":true,"href":"https:\/\/www.nokiankylat.fi\/taivalkunta\/wp-json\/wp\/v2\/pages\/684"}],"wp:attachment":[{"href":"https:\/\/www.nokiankylat.fi\/taivalkunta\/wp-json\/wp\/v2\/media?parent=4700"}],"curies":[{"name":"wp","href":"https:\/\/api.w.org\/{rel}","templated":true}]}}