{"id":5068,"date":"2025-04-08T15:04:24","date_gmt":"2025-04-08T12:04:24","guid":{"rendered":"https:\/\/www.nokiankylat.fi\/taivalkunta\/?page_id=5068"},"modified":"2026-02-08T15:08:45","modified_gmt":"2026-02-08T13:08:45","slug":"poytakirja-18-3-2025","status":"publish","type":"page","link":"https:\/\/www.nokiankylat.fi\/taivalkunta\/yhdistykset\/taivalkunnan-kylat-ry\/kokoukset-ja-kylaillat\/kevatkokous-18-3-2025\/poytakirja-18-3-2025\/","title":{"rendered":"P\u00f6yt\u00e4kirja 18-3-2025"},"content":{"rendered":"<p>Taivalkunnan kyl\u00e4t ry kev\u00e4tkokous\u00a0 \u00a0 \u00a0 \u00a0 \u00a0 \u00a0 \u00a0 \u00a0 \u00a0 \u00a0 \u00a0 \u00a0 \u00a0 \u00a0 \u00a0 \u00a0 \u00a0 \u00a0 \u00a0 \u00a0 \u00a0 \u00a0 \u00a0 \u00a0 \u00a0 \u00a0 \u00a0 \u00a0 \u00a0 P\u00d6YT\u00c4KIRJA<\/p>\n<p>Aika: 18.3.2025 klo 18.30<\/p>\n<p>Paikka: Taivalkunnan koulu<\/p>\n<p>L\u00e4sn\u00e4: Erkko M\u00e4enp\u00e4\u00e4, Anne-Marie Hautanen, Aarne Hautanen, Emilia Vuorinen, Petra P\u00f6l\u00f6nen, Henrietta af H\u00e4llstr\u00f6m, Anja Mattila, Outi M\u00e4enp\u00e4\u00e4, Esa Alanne, Sisko Sorva, Olli Sorva, Anja Mattila, Risto Mattila, Timo Olander ja Esko Salmij\u00e4rvi.<\/p>\n<p>1. Kokouksen avaaminen<br \/>\nTaivalkunnan kyl\u00e4t ry puheenjohtaja Erkko M\u00e4enp\u00e4\u00e4 toivotti kokousv\u00e4en tervetulleeksi<br \/>\nja avasi kokouksen klo 18.31.<\/p>\n<p>2. Kokouksen j\u00e4rjest\u00e4ytyminen<br \/>\nKokouksen puheenjohtajaksi valittiin Erkko M\u00e4enp\u00e4\u00e4 ja sihteeriksi Anne-Marie Hautanen.<br \/>\nP\u00f6yt\u00e4kirjantarkastajiksi valittiin Outi M\u00e4enp\u00e4\u00e4 ja Esa Alanne, jotka toimivat<br \/>\ntarpeen tullen my\u00f6s \u00e4\u00e4ntenlaskijoina.<\/p>\n<p>3. Laillisuuden ja p\u00e4\u00e4t\u00f6svaltaisuuden toteaminen<br \/>\nTodettiin kokous yhdistyksen s\u00e4\u00e4nt\u00f6jen mukaan koollekutsutuksi. Kokous todettiin<br \/>\nlailliseksi ja p\u00e4\u00e4t\u00f6svaltaiseksi.<\/p>\n<p>4. Esityslistan hyv\u00e4ksyminen<br \/>\nHyv\u00e4ksyttiin kokouksen esityslista ty\u00f6j\u00e4rjestykseksi.<\/p>\n<p>5. Esitet\u00e4\u00e4n tilinp\u00e4\u00e4t\u00f6s ja toiminnantarkastajien lausunto<br \/>\nEsitettiin tilinp\u00e4\u00e4t\u00f6s ja toiminnantarkastajien lausunto. Todettiin, ett\u00e4 yhdistyksen asioita on hoidettu hyvin. Vuosikertomus laaditaan ja jaetaan j\u00e4senille kyl\u00e4kirjeen muodossa. Vuosikertomukselle laaditaan aika, jonka puitteissa sit\u00e4 voi kommentoida, jonka j\u00e4lkeen kertomus katsotaan hyv\u00e4ksytyksi.<\/p>\n<p>6. P\u00e4\u00e4tet\u00e4\u00e4n tilinp\u00e4\u00e4t\u00f6ksen vahvistamisesta ja vastuuvapauden my\u00f6nt\u00e4misest\u00e4<br \/>\nhallitukselle ja muille tilivelvollisille.<br \/>\nVahvistettiin tilinp\u00e4\u00e4t\u00f6s ja p\u00e4\u00e4tettiin yksimielisesti my\u00f6nt\u00e4\u00e4 vastuuvapaus hallitukselle ja<br \/>\nmuille tilivelvollisille.<\/p>\n<p>7. Muut asiat<br \/>\nPuheenjohtaja kertoi vanhan koulun k\u00e4ytt\u00f6oikeudesta. Vanha koulu on kyl\u00e4yhdistyksen k\u00e4yt\u00f6ss\u00e4 kaikessa sellaisessa tarkoituksessa, joka ei ole kaupallista toimintaa. Tilaa on mahdollista tiedustella k\u00e4ytt\u00f6\u00f6ns\u00e4 kyl\u00e4yhdistyksen hallitukselta, ensisijaisesti kyl\u00e4l\u00e4isten toimintaa varten.<br \/>\nEsitettiin Taivalkunnan koulun nimen muuttamista. Esitettiin nimikilpailua koululle.<br \/>\nEsa Alanne kertoi alueellisen j\u00e4tehuollon j\u00e4rjest\u00e4misest\u00e4. T\u00e4ll\u00e4 hetkell\u00e4 kiinteist\u00f6n omistaja saa itse tilata yhdyskuntalietteen tyhjennyksen. J\u00e4telautakunnalle on tulossa esitys, jonka mukaan lietteen ker\u00e4ys on menossa Pirkanmaan j\u00e4tehuollon hoidettavaksi. Riskin\u00e4 t\u00e4ss\u00e4 on hinnan nousu, ja jatkossa kiinteist\u00f6n omistaja ei voisi en\u00e4\u00e4 itse valita haluamaansa palveluntuottajaa.<br \/>\nKyl\u00e4l\u00e4isten on hyv\u00e4 huomioida voimaantullut rakennuslain muutos. Kaupunki suunnittelee suunnittelutarvealueita, rakennusj\u00e4rjestys tulee muuttumaan muutoksen my\u00f6t\u00e4 mik\u00e4 tulee vaikuttamaan kyl\u00e4l\u00e4isten rakentamiseen. T\u00e4h\u00e4n on kyl\u00e4l\u00e4isten hyv\u00e4 tutustua.<br \/>\nKeskustelua on k\u00e4yty py\u00f6r\u00e4tiest\u00e4 ja siirtoviem\u00e4rist\u00e4. Selv\u00e4\u00e4 suunnitelmaa ja aikataulua ei tunnu olevan.<br \/>\nEsitettiin liikuntaryhm\u00e4\u00e4 i\u00e4kk\u00e4\u00e4mm\u00e4lle v\u00e4est\u00f6lle, Outi M\u00e4enp\u00e4\u00e4 voisi alkaa vet\u00e4m\u00e4\u00e4n, kartoituksen j\u00e4lkeen, t\u00e4llaista toimintakyky\u00e4 yll\u00e4pit\u00e4v\u00e4\u00e4 ryhm\u00e4\u00e4 syksyll\u00e4. Asiasta j\u00e4rjestet\u00e4\u00e4n kartoitusta, kysely jaetaan my\u00f6hemmin mahdollisesti postilla.<br \/>\nTodettiin, ett\u00e4 kaupungin kohdennettu lis\u00e4avustuksen haku on hyv\u00e4 huomioida kyl\u00e4yhdistyksen 2025 toimintaa suunniteltaessa.<br \/>\nLatujen vet\u00e4misest\u00e4 talvena 2026 oli keskustelua, kyl\u00e4ll\u00e4 on tahtotilaa, asiaan palataan. Kyl\u00e4yhdistyksell\u00e4 on mahdollisuus tukea toimintaa.<br \/>\nGolf-kent\u00e4ll\u00e4 mahdollista ensi kes\u00e4ksi tulossa padel-vuoro, t\u00e4st\u00e4 tulossa my\u00f6s lis\u00e4infoa.<br \/>\nKoulun k\u00e4yt\u00f6st\u00e4 olisi tarkoitus pit\u00e4\u00e4 kev\u00e4\u00e4n aikana kyl\u00e4ilta, jossa p\u00e4\u00e4see keskustelemaan koulun tulevista k\u00e4ytt\u00f6tavoista ja mahdollisuuksista. T\u00e4m\u00e4 mahdollisuuksien mukaan jo huhtikuussa.<br \/>\nKyl\u00e4yhdistyksen hallituksella on ollut keskustelua laavun rakentamisella, paikka laavulle on haussa ja asian suunnittelu on kesken.<\/p>\n<p>8. Kokouksen p\u00e4\u00e4tt\u00e4minen<br \/>\nErkko kiitti aktiivista kokousv\u00e4ke\u00e4 ja p\u00e4\u00e4tti kokouksen klo 19.33.<\/p>\n<p>Erkko M\u00e4enp\u00e4\u00e4\u00a0 \u00a0 \u00a0 \u00a0 \u00a0 \u00a0 \u00a0 \u00a0 \u00a0 \u00a0 \u00a0 \u00a0 \u00a0 \u00a0 \u00a0 \u00a0 \u00a0 \u00a0 \u00a0 \u00a0 \u00a0 \u00a0 \u00a0 \u00a0 \u00a0 \u00a0 \u00a0 \u00a0 \u00a0 \u00a0 \u00a0 \u00a0 \u00a0 \u00a0 \u00a0 \u00a0 \u00a0 \u00a0 \u00a0 Anne-Marie Hautanen<\/p>\n<p>puheenjohtaja\u00a0 \u00a0 \u00a0 \u00a0 \u00a0 \u00a0 \u00a0 \u00a0 \u00a0 \u00a0 \u00a0 \u00a0 \u00a0 \u00a0 \u00a0 \u00a0 \u00a0 \u00a0 \u00a0 \u00a0 \u00a0 \u00a0 \u00a0 \u00a0 \u00a0 \u00a0 \u00a0 \u00a0 \u00a0 \u00a0 \u00a0 \u00a0 \u00a0 \u00a0 \u00a0 \u00a0 \u00a0 \u00a0 \u00a0 \u00a0 sihteeri<\/p>\n","protected":false},"excerpt":{"rendered":"<p>Taivalkunnan kyl\u00e4t ry kev\u00e4tkokous\u00a0 \u00a0 \u00a0 \u00a0 \u00a0 \u00a0 \u00a0 \u00a0 \u00a0 \u00a0 \u00a0 \u00a0 \u00a0 \u00a0 \u00a0 \u00a0 \u00a0 \u00a0 \u00a0 \u00a0 \u00a0 \u00a0 \u00a0 \u00a0 \u00a0 \u00a0 \u00a0 \u00a0 \u00a0 P\u00d6YT\u00c4KIRJA Aika: 18.3.2025 klo 18.30 Paikka: Taivalkunnan koulu L\u00e4sn\u00e4: Erkko M\u00e4enp\u00e4\u00e4, Anne-Marie Hautanen, Aarne Hautanen, Emilia Vuorinen, Petra P\u00f6l\u00f6nen, Henrietta af H\u00e4llstr\u00f6m, Anja &hellip; <a href=\"https:\/\/www.nokiankylat.fi\/taivalkunta\/yhdistykset\/taivalkunnan-kylat-ry\/kokoukset-ja-kylaillat\/kevatkokous-18-3-2025\/poytakirja-18-3-2025\/\">Jatkuu<\/a><\/p>\n","protected":false},"author":4,"featured_media":0,"parent":4957,"menu_order":0,"comment_status":"closed","ping_status":"closed","template":"","meta":{"_acf_changed":false,"footnotes":""},"class_list":["post-5068","page","type-page","status-publish","hentry"],"acf":[],"_links":{"self":[{"href":"https:\/\/www.nokiankylat.fi\/taivalkunta\/wp-json\/wp\/v2\/pages\/5068","targetHints":{"allow":["GET"]}}],"collection":[{"href":"https:\/\/www.nokiankylat.fi\/taivalkunta\/wp-json\/wp\/v2\/pages"}],"about":[{"href":"https:\/\/www.nokiankylat.fi\/taivalkunta\/wp-json\/wp\/v2\/types\/page"}],"author":[{"embeddable":true,"href":"https:\/\/www.nokiankylat.fi\/taivalkunta\/wp-json\/wp\/v2\/users\/4"}],"replies":[{"embeddable":true,"href":"https:\/\/www.nokiankylat.fi\/taivalkunta\/wp-json\/wp\/v2\/comments?post=5068"}],"version-history":[{"count":1,"href":"https:\/\/www.nokiankylat.fi\/taivalkunta\/wp-json\/wp\/v2\/pages\/5068\/revisions"}],"predecessor-version":[{"id":5069,"href":"https:\/\/www.nokiankylat.fi\/taivalkunta\/wp-json\/wp\/v2\/pages\/5068\/revisions\/5069"}],"up":[{"embeddable":true,"href":"https:\/\/www.nokiankylat.fi\/taivalkunta\/wp-json\/wp\/v2\/pages\/4957"}],"wp:attachment":[{"href":"https:\/\/www.nokiankylat.fi\/taivalkunta\/wp-json\/wp\/v2\/media?parent=5068"}],"curies":[{"name":"wp","href":"https:\/\/api.w.org\/{rel}","templated":true}]}}